{"id":5030,"date":"2024-04-02T13:07:00","date_gmt":"2024-04-02T11:07:00","guid":{"rendered":"https:\/\/www.lokora.fr\/residence\/valenciennes\/"},"modified":"2024-04-02T13:07:00","modified_gmt":"2024-04-02T11:07:00","slug":"valenciennes","status":"publish","type":"residence","link":"https:\/\/www.lokora.fr\/en\/residence\/valenciennes\/","title":{"rendered":"R\u00e9sidence Valenciennes"},"content":{"rendered":"<header class=\"entry-header\" style=\"background-image:url('https:\/\/www.lokora.fr\/wp-content\/uploads\/2024\/04\/LOKORA-Valenciennes.jpg');\">\n<div class=\"entry-header-img\"><img decoding=\"async\" class=\"header-img\" src=\"https:\/\/www.lokora.fr\/wp-content\/uploads\/2024\/04\/LOKORA-Valenciennes-768x258.jpg\" width=\"100%\" alt=\"R\u00e9sidence \u00e9tudiante Valenciennes LOKORA\" \/><\/div>\n<p>        <!--\/wp-content\/uploads\/2024\/01\/3376-DSCF2433.jpg--><\/p>\n<div class=\"\" id=\"content\" tabindex=\"-1\">\n<div class=\"section1\">\n<div class=\"bloc1\">\n<div class=\"bloc2\">\n<h1><span>R\u00e9sidence \u00e9tudiante<\/span>Valenciennes <\/h1>\n<p class=\"accroche\">D\u00e9couvrez la r\u00e9sidence LOKORA \u00e0 Valenciennes, un havre de modernit\u00e9 et de confort con\u00e7u pour les \u00e9tudiants et jeunes professionnels.<\/p>\n<p>                <a href=\"#situation\"><\/p>\n<div class=\"localisation\"><img decoding=\"async\" src=\"\/wp-content\/uploads\/2024\/02\/map.png\" alt=\"localisation\"  width=\"32\" height=\"32\"\/>34 ter rue de la longue chasse, 59300 VALENCIENNES<br \/>\n                  <span>voir la localisation<\/span><\/div>\n<p><\/a><\/p>\n<form method=\"get\" action=\"https:\/\/www.lokora.fr\/reservation-lokora\/\">\n                <input type=\"hidden\" name=\"res\" value=\"3389\" \/><br \/>\n                <select name=\"apt\" id=\"res-apt\"><option>Choisissez votre type de logement<\/option><option value=\"Studio\">Studio<\/option><option value=\"T1\">T1<\/option><option value=\"T1 bis\">T1 bis<\/option><option value=\"T2\">T2<\/option><\/select><\/p>\n<div class=\"cat\">\n                  <a href=\"#etre-rappele\" class=\"btn btn1\">\u00catre rappel\u00e9(e)<\/a><br \/>\n                  <button class=\"btn btn2\" type=\"submit\">Je d\u00e9pose un dossier<\/button>\n                <\/div>\n<\/p><\/form>\n<\/p><\/div>\n<\/p><\/div>\n<\/p><\/div>\n<\/p><\/div>\n<\/header>\n<p>      <!-- .entry-header --><\/p>\n<div class=\"container\">\n<div class=\"anchors\"> <a href=\"#residence\">La r\u00e9sidence<\/a> <a href=\"#photos\">Photos &#038; Vid\u00e9os<\/a> <a href=\"#logements\">Les logements<\/a> <a href=\"#situation\">Situation g\u00e9ographique<\/a> <a href=\"#temoignages\">T\u00e9moignages<\/a> <a href=\"#actualites\">Actualit\u00e9s<\/a> <\/div>\n<\/p><\/div>\n<div id=\"residence-top\" class=\"wave\"><\/div>\n<div id=\"residence\">\n<div class=\"container\">\n<div class=\"row\">\n<div class=\"col-md-4\">\n<div class=\"residence-img\">\n                              <\/div>\n<\/p><\/div>\n<div class=\"col-md-8\">\n<div class=\"residence-text\">\n<h2><\/h2>\n<\/p><\/div>\n<\/p><\/div>\n<\/p><\/div>\n<\/p><\/div>\n<\/p><\/div>\n<div id=\"residence-bottom\" class=\"wave\"><\/div>\n<div class=\"container\">\n<div id=\"gestionnaire\">\n<div class=\"gestionnaire-img\">\n<div class=\"img-cercle\">\n              <img width=\"400\" height=\"400\" src=\"https:\/\/www.lokora.fr\/wp-content\/uploads\/2024\/04\/gestionnaire-valencienne.jpg\" class=\"attachment-full size-full\" alt=\"Gestionnaire Lokora r\u00e9sidence Valenciennes\" decoding=\"async\" loading=\"lazy\" srcset=\"https:\/\/www.lokora.fr\/wp-content\/uploads\/2024\/04\/gestionnaire-valencienne.jpg 400w, https:\/\/www.lokora.fr\/wp-content\/uploads\/2024\/04\/gestionnaire-valencienne-300x300.jpg 300w, https:\/\/www.lokora.fr\/wp-content\/uploads\/2024\/04\/gestionnaire-valencienne-150x150.jpg 150w\" sizes=\"auto, (max-width: 400px) 100vw, 400px\" \/>            <\/div>\n<\/p><\/div>\n<div class=\"gestionnaire-text\">\n<p><p>\u00ab\u00a0Vous recherchez un r\u00e9el confort de vie durant votre cursus universitaire, nous avons ce qu\u2019il vous faut ! Venez d\u00e9couvrir la r\u00e9sidence id\u00e9alement situ\u00e9e dans un cadre agr\u00e9able et convivial, l\u2019harmonie y r\u00e8gne ! Les logements meubl\u00e9s sont fonctionnels et fra\u00eechement r\u00e9nov\u00e9s ! Profitez \u00e9galement en toute simplicit\u00e9 des services propos\u00e9s.<br \/>\nL\u2019\u00e9quipe se tient pr\u00eate pour vous accueillir et vous accompagner pour r\u00e9ussir au mieux cette nouvelle aventure !\u00a0\u00bb\u00a0\u00bb<\/p>\n<\/p>\n<p class=\"gestionnaire-signature\"><span class=\"gestionnaire-nom\">Naly KRIER <\/span>, Gestionnaire de r\u00e9sidence<\/p>\n<div class=\"cat\"> <a href=\"tel:07 67 01 92 67\" class=\"btn btn1\">07 67 01 92 67<\/a> <a href=\"mailto:valenciennes@lokora.fr\" class=\"btn btn2\">Contacter par email<\/a> <\/div>\n<\/p><\/div>\n<\/p><\/div>\n<\/p><\/div>\n<p>      <!--\n\n<div class=\"flexslider photos-slider\">\n  \n\n<ul class=\"slides\">\n    \n\n<li>\n      <a href=\"http:\/\/www.youtube.com\/watch?v=0O2aH4XLbt\" class=\"openvideo play\"><img decoding=\"async\" src=\"\/wp-content\/uploads\/2024\/01\/residence-etudiante-acheres-IMG_6828-8.jpg\" \/><\/a>\n    <\/li>\n\n\n    \n\n<li>\n      <img decoding=\"async\" src=\"\/wp-content\/uploads\/2024\/01\/IMG_6453.jpg\" \/>\n    <\/li>\n\n\n    \n\n<li>\n      <img decoding=\"async\" src=\"\/wp-content\/uploads\/2024\/01\/IMG_6780.jpg\" \/>\n    <\/li>\n\n\n    \n\n<li>\n      <img decoding=\"async\" src=\"\/wp-content\/uploads\/2024\/01\/IMG_6810.jpg\" \/>\n    <\/li>\n\n\n    \n\n<li>\n      <img decoding=\"async\" src=\"\/wp-content\/uploads\/2024\/01\/IMG_6827.jpg\" \/>\n    <\/li>\n\n\n  <\/ul>\n\n\n<\/div>\n\n\n          <\/div>\n\n\n          <\/div>\n\n--><\/p>\n<div id=\"photos\">\n<div class=\"container\">\n<h2>Photos &#038; Vid\u00e9o<\/h2>\n<p>          <!--\n\n<h3 class=\"subtitle\">Lorem ipsum dolor sit amet, consectetur adipiscing elit.<\/h3>\n\n--><\/p>\n<div class=\"flexslider photos-slider\">\n<ul class=\"slides\">\n<li>\n                                <a href=\"https:\/\/www.lokora.fr\/wp-content\/uploads\/2024\/04\/LOKORA-Residence-Valenciennes-01.jpg\" class=\"openimage\"><img decoding=\"async\" src=\"https:\/\/www.lokora.fr\/wp-content\/uploads\/2024\/04\/LOKORA-Residence-Valenciennes-01-422x317.jpg\" alt=\"R\u00e9sidence \u00e9tudiante Valenciennes LOKORA\" \/><\/a>\n                              <\/li>\n<li>\n                                <a href=\"https:\/\/www.lokora.fr\/wp-content\/uploads\/2024\/04\/LOKORA-Residence-Valenciennes-06.jpg\" class=\"openimage\"><img decoding=\"async\" src=\"https:\/\/www.lokora.fr\/wp-content\/uploads\/2024\/04\/LOKORA-Residence-Valenciennes-06-422x317.jpg\" alt=\"R\u00e9sidence \u00e9tudiante Valenciennes LOKORA\" \/><\/a>\n                              <\/li>\n<li>\n                                <a href=\"https:\/\/www.lokora.fr\/wp-content\/uploads\/2024\/04\/LOKORA-Residence-Valenciennes-05.jpg\" class=\"openimage\"><img decoding=\"async\" src=\"https:\/\/www.lokora.fr\/wp-content\/uploads\/2024\/04\/LOKORA-Residence-Valenciennes-05-422x317.jpg\" alt=\"R\u00e9sidence \u00e9tudiante Valenciennes LOKORA\" \/><\/a>\n                              <\/li>\n<li>\n                                <a href=\"https:\/\/www.lokora.fr\/wp-content\/uploads\/2024\/04\/LOKORA-Residence-Valenciennes-04.jpg\" class=\"openimage\"><img decoding=\"async\" src=\"https:\/\/www.lokora.fr\/wp-content\/uploads\/2024\/04\/LOKORA-Residence-Valenciennes-04-422x317.jpg\" alt=\"R\u00e9sidence \u00e9tudiante Valenciennes LOKORA\" \/><\/a>\n                              <\/li>\n<li>\n                                <a href=\"https:\/\/www.lokora.fr\/wp-content\/uploads\/2024\/04\/LOKORA-Residence-Valenciennes-03.jpg\" class=\"openimage\"><img decoding=\"async\" src=\"https:\/\/www.lokora.fr\/wp-content\/uploads\/2024\/04\/LOKORA-Residence-Valenciennes-03-422x317.jpg\" alt=\"R\u00e9sidence \u00e9tudiante Valenciennes LOKORA\" \/><\/a>\n                              <\/li>\n<li>\n                                <a href=\"https:\/\/www.lokora.fr\/wp-content\/uploads\/2024\/04\/LOKORA-Residence-Valenciennes-02.jpg\" class=\"openimage\"><img decoding=\"async\" src=\"https:\/\/www.lokora.fr\/wp-content\/uploads\/2024\/04\/LOKORA-Residence-Valenciennes-02-422x317.jpg\" alt=\"R\u00e9sidence \u00e9tudiante Valenciennes LOKORA\" \/><\/a>\n                              <\/li>\n<li>\n                                <a href=\"https:\/\/www.lokora.fr\/wp-content\/uploads\/2024\/04\/WhatsApp-Image-2024-03-13-at-15.36.09.jpeg\" class=\"openimage\"><img decoding=\"async\" src=\"https:\/\/www.lokora.fr\/wp-content\/uploads\/2024\/04\/WhatsApp-Image-2024-03-13-at-15.36.09-422x317.jpeg\" alt=\"\" \/><\/a>\n                              <\/li>\n<li>\n                                <a href=\"https:\/\/www.lokora.fr\/wp-content\/uploads\/2024\/04\/WhatsApp-Image-2024-03-13-at-15.36.08.jpeg\" class=\"openimage\"><img decoding=\"async\" src=\"https:\/\/www.lokora.fr\/wp-content\/uploads\/2024\/04\/WhatsApp-Image-2024-03-13-at-15.36.08-422x317.jpeg\" alt=\"\" \/><\/a>\n                              <\/li>\n<li>\n                                <a href=\"https:\/\/www.lokora.fr\/wp-content\/uploads\/2024\/04\/WhatsApp-Image-2024-03-13-at-15.34.17.jpeg\" class=\"openimage\"><img decoding=\"async\" src=\"https:\/\/www.lokora.fr\/wp-content\/uploads\/2024\/04\/WhatsApp-Image-2024-03-13-at-15.34.17-422x317.jpeg\" alt=\"\" \/><\/a>\n                              <\/li>\n<\/ul><\/div>\n<h2>Visites virtuelles<\/h2>\n<div class=\"flexslider visites-slider\">\n<ul class=\"slides\">\n<li><a href=\"https:\/\/my.matterport.com\/show\/?m=7xoJRVpsp5Z&#038;utm_source=LOKORA&#038;utm_medium=social+valenciennes+studio+visite+virtuelle+&#038;utm_campaign=valenciennes+studio+visite+virtuelle+\" target=\"_blank\" rel=\"noopener\"><img decoding=\"async\" src=\"https:\/\/www.lokora.fr\/wp-content\/uploads\/2024\/04\/Capture-decran-2024-07-02-a-16.29.32-422x317.png\" \/><\/a><\/li>\n<li><a href=\"https:\/\/my.matterport.com\/show\/?m=AEJmZqKRLyW&#038;utm_source=Lokora&#038;utm_medium=social+visite+virtuelle+valenciennes+t1&#038;utm_campaign=visite+virtuelle+valenciennes+t1\" target=\"_blank\" rel=\"noopener\"><img decoding=\"async\" src=\"https:\/\/www.lokora.fr\/wp-content\/uploads\/2024\/04\/Lokora-Valenciennes-T1-Visite-virtuelle-422x317.png\" \/><\/a><\/li>\n<\/ul><\/div>\n<\/p><\/div>\n<\/p><\/div>\n<div id=\"logements-top\" class=\"wave\"><\/div>\n<div id=\"logements\" class=\"full-section\">\n<div class=\"container\">\n<div class=\"logements-content row\">\n<div class=\"logements-text  col-md-6\">\n<h2>Nos logements \u00e9tudiants<\/h2>\n<p><span style=\"font-weight: 400;\">Les appartements sont meubl\u00e9s avec un kitchenette \u00e9quip\u00e9e : un r\u00e9frig\u00e9rateur-cong\u00e9lateur, une hotte aspirante, deux plaques vitro, un micro-ondes.<\/span><\/p>\n<p><span style=\"font-weight: 400;\">Ils disposent d&rsquo;une pi\u00e8ce \u00e0 vivre avec bureau, literie de qualit\u00e9, rangements.<\/span><\/p>\n<p><span style=\"font-weight: 400;\">La salle d&rsquo;eau est privative avec douche, lavabo, WC (Cumulus \u00e9lectrique individuel pour chaque logement). L&rsquo;acc\u00e8s \u00e0 internet est illimit\u00e9.<\/span><\/p>\n<\/p><\/div>\n<div class=\"logements-points  col-md-6\">\n              <!--\n\n<ul>\n                              <\/ul>\n\n--><\/p>\n<ul>\n<li>Frais de dossier : \u00e0 partir de 360 \u20ac<\/li>\n<li>Meubl\u00e9 : oui<\/li>\n<li>Les tarifs sont charges comprises (hors \u00e9lectricit\u00e9)<\/li>\n<li>Les baux pour la rentr\u00e9e commenceront au plus tard le 1er ao\u00fbt<\/li>\n<li>D\u00e9p\u00f4t de garantie : A partir de 460 \u20ac<\/li>\n<\/ul><\/div>\n<\/p><\/div>\n<div class=\"logements-tab\" id=\"detail-logement\">\n<div class=\"table-responsive\">\n<table class=\"table\">\n<thead>\n<tr>\n<th>Type de logement<\/th>\n<th>Superficie<\/th>\n<th>Disponibilit\u00e9<\/th>\n<th>Loyer mensuel (TTC)<\/th>\n<th>Frais de dossier<\/th>\n<th>D\u00e9pot de garantie<\/th>\n<th><\/th>\n<\/tr>\n<\/thead>\n<tbody>\n<ul class=\"slides\">\n<tr>\n<td class=\"typelogement\" data-label=\"Type de logement\">Studio<\/td>\n<td data-label=\"Superficie\">21 m\u00b2<\/td>\n<td data-label=\"Disponibilit\u00e9\">Disponibilit\u00e9 non garantie<\/td>\n<td data-label=\"Loyer mensuel (TTC)\">460 \u20ac<\/td>\n<td data-label=\"Frais de dossier\">360 \u20ac<\/td>\n<td data-label=\"D\u00e9pot de garantie\">460 \u20ac<\/td>\n<td><a href=\"https:\/\/www.lokora.fr\/reservation-lokora\/?res=3389&#038;apt=Studio\">choisir ce logement<\/a><\/td>\n<\/tr>\n<tr>\n<td class=\"typelogement\" data-label=\"Type de logement\">T1<\/td>\n<td data-label=\"Superficie\">25 m\u00b2<\/td>\n<td data-label=\"Disponibilit\u00e9\">Disponibilit\u00e9 non garantie<\/td>\n<td data-label=\"Loyer mensuel (TTC)\">515 \u20ac<\/td>\n<td data-label=\"Frais de dossier\">360 \u20ac<\/td>\n<td data-label=\"D\u00e9pot de garantie\">515 \u20ac<\/td>\n<td><a href=\"https:\/\/www.lokora.fr\/reservation-lokora\/?res=3389&#038;apt=T1\">choisir ce logement<\/a><\/td>\n<\/tr>\n<tr>\n<td class=\"typelogement\" data-label=\"Type de logement\">T1 bis<\/td>\n<td data-label=\"Superficie\">32 m\u00b2<\/td>\n<td data-label=\"Disponibilit\u00e9\">Disponibilit\u00e9 non garantie<\/td>\n<td data-label=\"Loyer mensuel (TTC)\">599 \u20ac<\/td>\n<td data-label=\"Frais de dossier\">360 \u20ac<\/td>\n<td data-label=\"D\u00e9pot de garantie\">599 \u20ac<\/td>\n<td><a href=\"https:\/\/www.lokora.fr\/reservation-lokora\/?res=3389&#038;apt=T1 bis\">choisir ce logement<\/a><\/td>\n<\/tr>\n<tr>\n<td class=\"typelogement\" data-label=\"Type de logement\">T2<\/td>\n<td data-label=\"Superficie\">33 m\u00b2<\/td>\n<td data-label=\"Disponibilit\u00e9\">Disponibilit\u00e9 non garantie<\/td>\n<td data-label=\"Loyer mensuel (TTC)\">645 \u20ac<\/td>\n<td data-label=\"Frais de dossier\">360 \u20ac<\/td>\n<td data-label=\"D\u00e9pot de garantie\">645 \u20ac<\/td>\n<td><a href=\"https:\/\/www.lokora.fr\/reservation-lokora\/?res=3389&#038;apt=T2\">choisir ce logement<\/a><\/td>\n<\/tr>\n<\/tbody>\n<\/table><\/div>\n<\/p><\/div>\n<div class=\"deposer\"> Vous \u00eates int\u00e9ress\u00e9s par la r\u00e9sidence de <span style=\"text-transform:uppercase\">Valenciennes <\/span>, sans pr\u00e9f\u00e9rence de logement ?<\/p>\n<div><a href=\"https:\/\/www.lokora.fr\/reservation-lokora\/?res=3389\" class=\"btn btn1\">D\u00e9poser mon dossier<\/a><\/div>\n<\/p><\/div>\n<div id=\"etre-rappele\">\n<h3>Faites vous recontacter par le gestionnaire de la r\u00e9sidence <\/h3>\n<div class=\"wpcf7 no-js\" id=\"wpcf7-f3600-o1\" lang=\"fr-FR\" dir=\"ltr\">\n<div class=\"screen-reader-response\">\n<p role=\"status\" aria-live=\"polite\" aria-atomic=\"true\">\n<ul><\/ul>\n<\/div>\n<form action=\"\/wp-admin\/post.php#wpcf7-f3600-o1\" method=\"post\" class=\"wpcf7-form init cf7mls-no-scroll cf7mls-auto-return-first-step cf7mls-no-moving-animation\" aria-label=\"Formulaire de contact\" novalidate=\"novalidate\" data-status=\"init\">\n<div style=\"display: none;\">\n<input type=\"hidden\" name=\"_wpcf7\" value=\"3600\" \/><br \/>\n<input type=\"hidden\" name=\"_wpcf7_version\" value=\"5.9.3\" \/><br \/>\n<input type=\"hidden\" name=\"_wpcf7_locale\" value=\"fr_FR\" \/><br \/>\n<input type=\"hidden\" name=\"_wpcf7_unit_tag\" value=\"wpcf7-f3600-o1\" \/><br \/>\n<input type=\"hidden\" name=\"_wpcf7_container_post\" value=\"0\" \/><br \/>\n<input type=\"hidden\" name=\"_wpcf7_posted_data_hash\" value=\"\" \/><br \/>\n<input type=\"hidden\" name=\"_wpcf7_recaptcha_response\" value=\"\" \/>\n<\/div>\n<p><span class=\"wpcf7-form-control-wrap hidres\" data-name=\"hidres\"><input type=\"hidden\" name=\"hidres\" id=\"\" class=\"wpcf7-form-control wpcf7-hidden wpcf7dtx wpcf7dtx-hidden\" aria-invalid=\"false\" value=\"\" \/><\/span><br \/>\n<span class=\"wpcf7-form-control-wrap hidresid\" data-name=\"hidresid\"><input type=\"hidden\" name=\"hidresid\" id=\"\" class=\"wpcf7-form-control wpcf7-hidden wpcf7dtx wpcf7dtx-hidden\" aria-invalid=\"false\" value=\"\" \/><\/span><\/p>\n<div class=\"row\">\n<div class=\"col-sm-6\">\n<p><span class=\"wpcf7-form-control-wrap\" data-name=\"Nom\"><input size=\"40\" class=\"wpcf7-form-control wpcf7-text wpcf7-validates-as-required\" aria-required=\"true\" aria-invalid=\"false\" placeholder=\"Nom *\" value=\"\" type=\"text\" name=\"Nom\" \/><\/span>\n\t\t<\/p>\n<\/p><\/div>\n<div class=\"col-sm-6\">\n<p><span class=\"wpcf7-form-control-wrap\" data-name=\"Prnom\"><input size=\"40\" class=\"wpcf7-form-control wpcf7-text wpcf7-validates-as-required\" aria-required=\"true\" aria-invalid=\"false\" placeholder=\"Pr\u00e9nom *\" value=\"\" type=\"text\" name=\"Prnom\" \/><\/span>\n\t\t<\/p>\n<\/p><\/div>\n<\/div>\n<div class=\"row\">\n<div class=\"col-sm-6\">\n<p><span class=\"wpcf7-form-control-wrap\" data-name=\"Email\"><input size=\"40\" class=\"wpcf7-form-control wpcf7-email wpcf7-validates-as-required wpcf7-text wpcf7-validates-as-email\" aria-required=\"true\" aria-invalid=\"false\" placeholder=\"Email *\" value=\"\" type=\"email\" name=\"Email\" \/><\/span>\n\t\t<\/p>\n<\/p><\/div>\n<div class=\"col-sm-6\">\n<p><span class=\"wpcf7-form-control-wrap intl_tel\"><input class=\"wpcf7-form-control wpcf7-intl_tel wpcf7-validates-as-required wpcf7-intl-tel\" aria-required=\"true\" aria-invalid=\"false\" placeholder=\"Num\u00e9ro de mobile *\" data-initialcountry=\"Fr\" data-preferredcountries=\"France\" value=\"\" type=\"tel\" name=\"intl_tel-cf7it-national\" \/><input name=\"intl_tel\" type=\"hidden\" class=\"wpcf7-intl-tel-full\" \/><input type=\"hidden\" name=\"intl_tel-cf7it-country-name\" class=\"wpcf7-intl-tel-country-name\" \/><input type=\"hidden\" name=\"intl_tel-cf7it-country-code\" class=\"wpcf7-intl-tel-country-code\" \/><input type=\"hidden\" name=\"intl_tel-cf7it-country-iso2\" class=\"wpcf7-intl-tel-country-iso2\" \/><\/span>\n\t\t<\/p>\n<\/p><\/div>\n<\/div>\n<p><input class=\"wpcf7-form-control wpcf7-submit has-spinner\" type=\"submit\" value=\"Envoyer\" \/>\n<\/p>\n<div class=\"wpcf7-response-output\" aria-hidden=\"true\"><\/div>\n<\/form>\n<\/div><\/div>\n<\/p><\/div>\n<\/p><\/div>\n<div id=\"logements-bottom\" class=\"wave\"><\/div>\n<div id=\"services\">\n<div class=\"container\">\n<h3>Services et \u00e9quipements de la r\u00e9sidence inclus<\/h3>\n<div id=\"services-inclus\">\n<div class=\"service\">\n<div class=\"service-circle service-accueil\"><\/div>\n<p>              <span>Service d&#8217;accueil<\/span><\/div>\n<div class=\"service\">\n<div class=\"service-circle service-videosurveillance\"><\/div>\n<p>              <span>Vid\u00e9o surveillance 24h\/24<\/span><\/div>\n<div class=\"service\">\n<div class=\"service-circle service-ascenseur\"><\/div>\n<p>              <span>Ascenseur<\/span><\/div>\n<div class=\"service\">\n<div class=\"service-circle service-wifi\"><\/div>\n<p>              <span>WIFI rapide<\/span><\/div>\n<div class=\"service\">\n<div class=\"service-circle service-etude\"><\/div>\n<p>              <span>Salle d\u2019\u00e9tude<\/span><\/div>\n<div class=\"service\">\n<div class=\"service-circle service-sport\"><\/div>\n<p>              <span>Salle de sport<\/span><\/div>\n<div class=\"service\">\n<div class=\"service-circle service-detente\"><\/div>\n<p>              <span>Espace d\u00e9tente<\/span><\/div>\n<div class=\"service\">\n<div class=\"service-circle service-velo\"><\/div>\n<p>              <span>Emplacement v\u00e9los<\/span><\/div>\n<div class=\"service\">\n<div class=\"service-circle service-babyfoot\"><\/div>\n<p>              <span>Babyfoot, jeux<\/span><\/div>\n<\/p><\/div>\n<h3>Services en suppl\u00e9ment<\/h3>\n<div id=\"services-sup\">\n<div class=\"service\">\n<div class=\"service-circle service-laverie\"><\/div>\n<p>              <span>Laverie en libre service<\/span><\/div>\n<div class=\"service\">\n<div class=\"service-circle service-menage\"><\/div>\n<p>              <span>Service m\u00e9nage<\/span><\/div>\n<div class=\"service\">\n<div class=\"service-circle service-literie\"><\/div>\n<p>              <span>Kits literie ou toilette<\/span><\/div>\n<div class=\"service\">\n<div class=\"service-circle service-parking\"><\/div>\n<p>              <span>Parking<\/span><\/div>\n<div class=\"service\">\n<div class=\"service-circle service-impression\"><\/div>\n<p>              <span>Centre d&#8217;impression<\/span><\/div>\n<\/p><\/div>\n<\/p><\/div>\n<\/p><\/div>\n<div id=\"situation-top\" class=\"wave\"><\/div>\n<div id=\"situation\" class=\"full-section\">\n<div class=\"container\">\n<h2>Situer la r\u00e9sidence<\/h2>\n<div class=\"situation-text\">\n<p><span style=\"font-weight: 400;\">La r\u00e9sidence LOKORA Valenciennes est situ\u00e9e rue de la Longue Chasse \u00e0 Valenciennes, soit \u00e0 environ 15 min \u00e0 pied de l&rsquo;universit\u00e9 TERTIALE, de la gare et du centre-ville.<\/span><\/p>\n<p><span style=\"font-weight: 400;\">Dans un rayon maximum de 800 m\u00e8tres, vous trouverez E.LECLERC, LECLERC Drive, ChronoDrive, Lavage Auto, BioCoop, Henri Boucher, Boulangerie Louise, Chocolaterie, Opticien, Restaurants&#8230;<\/span><\/p>\n<\/p><\/div>\n<\/p><\/div>\n<\/p><\/div>\n<div id=\"map\" data-zoom=\"16\">\n<div class=\"marker\" data-lat=\"50.3727447\" data-lng=\"3.5326451\">\n<div class=\"gmappopup\">\n<div class=\"gmappopup_title\">R\u00e9sidence Valenciennes<\/div>\n<div>\n<p>34 ter rue de la longue chasse, 59300 VALENCIENNES<br \/><a href=\"https:\/\/www.google.com\/maps\/dir\/?api=1&#038;destination=50.3727447,3.5326451\" target=\"_blank\" rel=\"noopener\">itin\u00e9raire<\/a><\/div>\n<\/div>\n<\/div><\/div>\n<div id=\"temoignages\">\n<div class=\"container\">\n<h2>Ils parlent de nous<\/h2>\n<h3>T\u00e9moignages<\/h3>\n<div class=\"flexslider temoignages-slider\">\n<ul class=\"slides\">\n<li>\n<div class=\"temoignages-item color1\">\n<div class=\"temoignages-img img-cercle\">\n<div class=\"img-cercle2\"> <img width=\"1080\" height=\"1080\" src=\"https:\/\/www.lokora.fr\/wp-content\/uploads\/2024\/04\/TEMOIGNAGE-ETUDIANT-LOKORA-11.png\" class=\"attachment-full size-full wp-post-image\" alt=\"\" decoding=\"async\" loading=\"lazy\" srcset=\"https:\/\/www.lokora.fr\/wp-content\/uploads\/2024\/04\/TEMOIGNAGE-ETUDIANT-LOKORA-11.png 1080w, https:\/\/www.lokora.fr\/wp-content\/uploads\/2024\/04\/TEMOIGNAGE-ETUDIANT-LOKORA-11-300x300.png 300w, https:\/\/www.lokora.fr\/wp-content\/uploads\/2024\/04\/TEMOIGNAGE-ETUDIANT-LOKORA-11-1024x1024.png 1024w, https:\/\/www.lokora.fr\/wp-content\/uploads\/2024\/04\/TEMOIGNAGE-ETUDIANT-LOKORA-11-150x150.png 150w, https:\/\/www.lokora.fr\/wp-content\/uploads\/2024\/04\/TEMOIGNAGE-ETUDIANT-LOKORA-11-768x768.png 768w\" sizes=\"auto, (max-width: 1080px) 100vw, 1080px\" \/> <\/div>\n<\/p><\/div>\n<div class=\"temoignage-stars\"><span>\u2605<\/span><span>\u2605<\/span><span>\u2605<\/span><span>\u2605<\/span><span>\u2605<\/span><\/div>\n<div class=\"temoignage-text\">J&#8217;ai pass\u00e9 7 mois dans cette r\u00e9sidence et j&#8217;en retire une exp\u00e9rience tr\u00e8s agr\u00e9able. C&#8217;est calme, entretenu, le centre ville est accessible assez rapidement. Je m&#8217;y suis sentie tr\u00e8s bien.<\/div>\n<div class=\"temoignage-author\">Sophie Dordonnat<br \/><strong>Etudiant LOKORA VALENCIENNES<\/strong><\/div>\n<\/p><\/div>\n<\/li>\n<li>\n<div class=\"temoignages-item color2\">\n<div class=\"temoignages-img img-cercle\">\n<div class=\"img-cercle2\"> <img width=\"1080\" height=\"1080\" src=\"https:\/\/www.lokora.fr\/wp-content\/uploads\/2024\/04\/TEMOIGNAGE-ETUDIANT-LOKORA-12.png\" class=\"attachment-full size-full wp-post-image\" alt=\"\" decoding=\"async\" loading=\"lazy\" srcset=\"https:\/\/www.lokora.fr\/wp-content\/uploads\/2024\/04\/TEMOIGNAGE-ETUDIANT-LOKORA-12.png 1080w, https:\/\/www.lokora.fr\/wp-content\/uploads\/2024\/04\/TEMOIGNAGE-ETUDIANT-LOKORA-12-300x300.png 300w, https:\/\/www.lokora.fr\/wp-content\/uploads\/2024\/04\/TEMOIGNAGE-ETUDIANT-LOKORA-12-1024x1024.png 1024w, https:\/\/www.lokora.fr\/wp-content\/uploads\/2024\/04\/TEMOIGNAGE-ETUDIANT-LOKORA-12-150x150.png 150w, https:\/\/www.lokora.fr\/wp-content\/uploads\/2024\/04\/TEMOIGNAGE-ETUDIANT-LOKORA-12-768x768.png 768w\" sizes=\"auto, (max-width: 1080px) 100vw, 1080px\" \/> <\/div>\n<\/p><\/div>\n<div class=\"temoignage-stars\"><span>\u2605<\/span><span>\u2605<\/span><span>\u2605<\/span><span>\u2605<\/span><span>\u2605<\/span><\/div>\n<div class=\"temoignage-text\">J&#8217;entame ma troisi\u00e8me ann\u00e9e dans cette r\u00e9sidence, et je peux dire avec certitude que depuis l&#8217;arriv\u00e9e de la nouvelle g\u00e9rante il y a un an (2022), il y a de r\u00e9els changements positifs. Les logements sont propres et r\u00e9nov\u00e9s. Le personnel est chaleureux, enthousiaste, et se d\u00e9m\u00e8ne pour apporter un maximum de confort aux r\u00e9sidents. Cela donne vraiment envie d&#8217;y rester !<\/div>\n<div class=\"temoignage-author\">Elena Martinez<br \/><strong>Etudiant LOKORA VALENCIENNES<\/strong><\/div>\n<\/p><\/div>\n<\/li>\n<li>\n<div class=\"temoignages-item color0\">\n<div class=\"temoignages-img img-cercle\">\n<div class=\"img-cercle2\"> <img width=\"1080\" height=\"1080\" src=\"https:\/\/www.lokora.fr\/wp-content\/uploads\/2024\/04\/4.png\" class=\"attachment-full size-full wp-post-image\" alt=\"\" decoding=\"async\" loading=\"lazy\" srcset=\"https:\/\/www.lokora.fr\/wp-content\/uploads\/2024\/04\/4.png 1080w, https:\/\/www.lokora.fr\/wp-content\/uploads\/2024\/04\/4-300x300.png 300w, https:\/\/www.lokora.fr\/wp-content\/uploads\/2024\/04\/4-1024x1024.png 1024w, https:\/\/www.lokora.fr\/wp-content\/uploads\/2024\/04\/4-150x150.png 150w, https:\/\/www.lokora.fr\/wp-content\/uploads\/2024\/04\/4-768x768.png 768w\" sizes=\"auto, (max-width: 1080px) 100vw, 1080px\" \/> <\/div>\n<\/p><\/div>\n<div class=\"temoignage-stars\"><span>\u2605<\/span><span>\u2605<\/span><span>\u2605<\/span><span>\u2605<\/span><span>\u2605<\/span><\/div>\n<div class=\"temoignage-text\">Une superbe r\u00e9sidence! Lorsque je suis arriv\u00e9 \u00e0 Lokora, j&#8217;ai \u00e9t\u00e9 ravi de constater que l&#8217;appartement \u00e9tait propre, spacieux, accueillant et exactement comme je l&#8217;avais vu sur les photos en ligne. Gros bonus, la responsable de la r\u00e9sidence, Naly, est tr\u00e8s accueillante et serviable. Jusqu\u2019\u00e0 pr\u00e9sent, j\u2019ai une excellente exp\u00e9rience de mon s\u00e9jour.<\/div>\n<div class=\"temoignage-author\">Marie-Blaise Capo-Chichi<br \/><strong>Etudiant LOKORA VALENCIENNES<\/strong><\/div>\n<\/p><\/div>\n<\/li>\n<li>\n<div class=\"temoignages-item color1\">\n<div class=\"temoignages-img img-cercle\">\n<div class=\"img-cercle2\"> <img width=\"1080\" height=\"1080\" src=\"https:\/\/www.lokora.fr\/wp-content\/uploads\/2024\/04\/6.png\" class=\"attachment-full size-full wp-post-image\" alt=\"\" decoding=\"async\" loading=\"lazy\" srcset=\"https:\/\/www.lokora.fr\/wp-content\/uploads\/2024\/04\/6.png 1080w, https:\/\/www.lokora.fr\/wp-content\/uploads\/2024\/04\/6-300x300.png 300w, https:\/\/www.lokora.fr\/wp-content\/uploads\/2024\/04\/6-1024x1024.png 1024w, https:\/\/www.lokora.fr\/wp-content\/uploads\/2024\/04\/6-150x150.png 150w, https:\/\/www.lokora.fr\/wp-content\/uploads\/2024\/04\/6-768x768.png 768w\" sizes=\"auto, (max-width: 1080px) 100vw, 1080px\" \/> <\/div>\n<\/p><\/div>\n<div class=\"temoignage-stars\"><span>\u2605<\/span><span>\u2605<\/span><span>\u2605<\/span><span>\u2605<\/span><span>\u2605<\/span><\/div>\n<div class=\"temoignage-text\">Un cadre de vie exceptionnel rendu encore plus agr\u00e9able par une charg\u00e9e de r\u00e9sidence, Mme KRIER, aussi attentionn\u00e9e que comp\u00e9tente.<\/div>\n<div class=\"temoignage-author\">Ameni Missaoui<br \/><strong>Etudiante LOKORA VALENCIENNES<\/strong><\/div>\n<\/p><\/div>\n<\/li>\n<li>\n<div class=\"temoignages-item color2\">\n<div class=\"temoignages-img img-cercle\">\n<div class=\"img-cercle2\"> <img width=\"1080\" height=\"1080\" src=\"https:\/\/www.lokora.fr\/wp-content\/uploads\/2024\/04\/TEMOIGNAGE-ETUDIANT-LOKORA-2.png\" class=\"attachment-full size-full wp-post-image\" alt=\"\" decoding=\"async\" loading=\"lazy\" srcset=\"https:\/\/www.lokora.fr\/wp-content\/uploads\/2024\/04\/TEMOIGNAGE-ETUDIANT-LOKORA-2.png 1080w, https:\/\/www.lokora.fr\/wp-content\/uploads\/2024\/04\/TEMOIGNAGE-ETUDIANT-LOKORA-2-300x300.png 300w, https:\/\/www.lokora.fr\/wp-content\/uploads\/2024\/04\/TEMOIGNAGE-ETUDIANT-LOKORA-2-1024x1024.png 1024w, https:\/\/www.lokora.fr\/wp-content\/uploads\/2024\/04\/TEMOIGNAGE-ETUDIANT-LOKORA-2-150x150.png 150w, https:\/\/www.lokora.fr\/wp-content\/uploads\/2024\/04\/TEMOIGNAGE-ETUDIANT-LOKORA-2-768x768.png 768w\" sizes=\"auto, (max-width: 1080px) 100vw, 1080px\" \/> <\/div>\n<\/p><\/div>\n<div class=\"temoignage-stars\"><span>\u2605<\/span><span>\u2605<\/span><span>\u2605<\/span><span>\u2605<\/span><span>\u2605<\/span><\/div>\n<div class=\"temoignage-text\">Un espace confortable et calme. Pr\u00e8s du supermarch\u00e9 et \u00e0 15 minutes \u00e0 pied du campus Tertiales. Une r\u00e9ponse administrative rapide et amicale.<\/div>\n<div class=\"temoignage-author\">Stephanie Alvarado Morales<br \/><strong>Etudiant LOKORA VALENCIENNES<\/strong><\/div>\n<\/p><\/div>\n<\/li>\n<li>\n<div class=\"temoignages-item color0\">\n<div class=\"temoignages-img img-cercle\">\n<div class=\"img-cercle2\"> <img width=\"1080\" height=\"1080\" src=\"https:\/\/www.lokora.fr\/wp-content\/uploads\/2024\/04\/10.png\" class=\"attachment-full size-full wp-post-image\" alt=\"\" decoding=\"async\" loading=\"lazy\" srcset=\"https:\/\/www.lokora.fr\/wp-content\/uploads\/2024\/04\/10.png 1080w, https:\/\/www.lokora.fr\/wp-content\/uploads\/2024\/04\/10-300x300.png 300w, https:\/\/www.lokora.fr\/wp-content\/uploads\/2024\/04\/10-1024x1024.png 1024w, https:\/\/www.lokora.fr\/wp-content\/uploads\/2024\/04\/10-150x150.png 150w, https:\/\/www.lokora.fr\/wp-content\/uploads\/2024\/04\/10-768x768.png 768w\" sizes=\"auto, (max-width: 1080px) 100vw, 1080px\" \/> <\/div>\n<\/p><\/div>\n<div class=\"temoignage-stars\"><span>\u2605<\/span><span>\u2605<\/span><span>\u2605<\/span><span>\u2605<\/span><span>\u2605<\/span><\/div>\n<div class=\"temoignage-text\">Tr\u00e8s satisfait de mon logement, la personne charg\u00e9e de votre installation vous accompagne et veille \u00e0 ce que vous soyez \u00e0 la fois bien install\u00e9, int\u00e9gr\u00e9 et \u00e9panoui. Je vous recommande fortement.<\/div>\n<div class=\"temoignage-author\">Amine Bentaleb<br \/><strong>Etudiant LOKORA VALENCIENNES<\/strong><\/div>\n<\/p><\/div>\n<\/li>\n<li>\n<div class=\"temoignages-item color1\">\n<div class=\"temoignages-img img-cercle\">\n<div class=\"img-cercle2\"> <img width=\"1080\" height=\"1080\" src=\"https:\/\/www.lokora.fr\/wp-content\/uploads\/2024\/04\/TEMOIGNAGE-ETUDIANT-LOKORA-5.png\" class=\"attachment-full size-full wp-post-image\" alt=\"\" decoding=\"async\" loading=\"lazy\" srcset=\"https:\/\/www.lokora.fr\/wp-content\/uploads\/2024\/04\/TEMOIGNAGE-ETUDIANT-LOKORA-5.png 1080w, https:\/\/www.lokora.fr\/wp-content\/uploads\/2024\/04\/TEMOIGNAGE-ETUDIANT-LOKORA-5-300x300.png 300w, https:\/\/www.lokora.fr\/wp-content\/uploads\/2024\/04\/TEMOIGNAGE-ETUDIANT-LOKORA-5-1024x1024.png 1024w, https:\/\/www.lokora.fr\/wp-content\/uploads\/2024\/04\/TEMOIGNAGE-ETUDIANT-LOKORA-5-150x150.png 150w, https:\/\/www.lokora.fr\/wp-content\/uploads\/2024\/04\/TEMOIGNAGE-ETUDIANT-LOKORA-5-768x768.png 768w\" sizes=\"auto, (max-width: 1080px) 100vw, 1080px\" \/> <\/div>\n<\/p><\/div>\n<div class=\"temoignage-stars\"><span>\u2605<\/span><span>\u2605<\/span><span>\u2605<\/span><span>\u2605<\/span><span>\u2605<\/span><\/div>\n<div class=\"temoignage-text\">Tr\u00e8s bel appartement \u00e9tudiant ! C&#8217;est l&#8217;appartement le plus proche d&#8217;E Leclerc, vous pouvez donc acheter presque tous les produits de premi\u00e8re n\u00e9cessit\u00e9 tr\u00e8s facilement. Il y a aussi un garage pour garer les v\u00e9los\ud83d\udeb2 La pi\u00e8ce est spacieuse et dispose d&#8217;appareils complets pour que vous puissiez pr\u00e9parer vos propres repas. Naly est la femme de m\u00e9nage ici. Elle prend vraiment bien soin de l&#8217;endroit et est pr\u00eate \u00e0 aider. Elle parle aussi chinois et anglais, ce qui est vraiment cool.<\/div>\n<div class=\"temoignage-author\">X<br \/><strong>Etudiant LOKORA VALENCIENNES<\/strong><\/div>\n<\/p><\/div>\n<\/li>\n<li>\n<div class=\"temoignages-item color2\">\n<div class=\"temoignages-img img-cercle\">\n<div class=\"img-cercle2\"> <img width=\"1080\" height=\"1080\" src=\"https:\/\/www.lokora.fr\/wp-content\/uploads\/2024\/04\/8.png\" class=\"attachment-full size-full wp-post-image\" alt=\"\" decoding=\"async\" loading=\"lazy\" srcset=\"https:\/\/www.lokora.fr\/wp-content\/uploads\/2024\/04\/8.png 1080w, https:\/\/www.lokora.fr\/wp-content\/uploads\/2024\/04\/8-300x300.png 300w, https:\/\/www.lokora.fr\/wp-content\/uploads\/2024\/04\/8-1024x1024.png 1024w, https:\/\/www.lokora.fr\/wp-content\/uploads\/2024\/04\/8-150x150.png 150w, https:\/\/www.lokora.fr\/wp-content\/uploads\/2024\/04\/8-768x768.png 768w\" sizes=\"auto, (max-width: 1080px) 100vw, 1080px\" \/> <\/div>\n<\/p><\/div>\n<div class=\"temoignage-stars\"><span>\u2605<\/span><span>\u2605<\/span><span>\u2605<\/span><span>\u2605<\/span><span>\u2605<\/span><\/div>\n<div class=\"temoignage-text\">Superbe r\u00e9sidence, et le calme y r\u00e8gne. Top \u00e9quipe aussi sur place pour vous faciliter la vie. Cependant, il faut prendre le soin de respecter les r\u00e8gles de la r\u00e9sidence qui sont comme sa constitution.<\/div>\n<div class=\"temoignage-author\">Boris n&#8217;Pocha<br \/><strong>Etudiant LOKORA VALENCIENNES<\/strong><\/div>\n<\/p><\/div>\n<\/li>\n<\/ul><\/div>\n<\/p><\/div>\n<\/p><\/div>\n<div id=\"actualites-top\" class=\"wave\"><\/div>\n<div id=\"actualites\" class=\"full-section\">\n<div class=\"container\">\n<h2>Derni\u00e8res actualit\u00e9s<\/h2>\n<div class=\"actualites-items row\">\n<div class=\"actualites-item col-md-4\">\n<div> <a href=\"https:\/\/www.lokora.fr\/actualite\/demander-lapl-comment-faire-lokora-vous-guide-en-quelques-etapes\/\"><img width=\"1280\" height=\"853\" src=\"https:\/\/www.lokora.fr\/wp-content\/uploads\/2024\/02\/2f225d_cbdf19d013c84114a08c5e09d3cda774mv2.jpeg\" class=\"attachment-full size-full wp-post-image\" alt=\"\" decoding=\"async\" loading=\"lazy\" srcset=\"https:\/\/www.lokora.fr\/wp-content\/uploads\/2024\/02\/2f225d_cbdf19d013c84114a08c5e09d3cda774mv2.jpeg 1280w, https:\/\/www.lokora.fr\/wp-content\/uploads\/2024\/02\/2f225d_cbdf19d013c84114a08c5e09d3cda774mv2-300x200.jpeg 300w, https:\/\/www.lokora.fr\/wp-content\/uploads\/2024\/02\/2f225d_cbdf19d013c84114a08c5e09d3cda774mv2-768x512.jpeg 768w, https:\/\/www.lokora.fr\/wp-content\/uploads\/2024\/02\/2f225d_cbdf19d013c84114a08c5e09d3cda774mv2-1024x682.jpeg 1024w\" sizes=\"auto, (max-width: 1280px) 100vw, 1280px\" \/><\/a><br \/>\n                <a href=\"https:\/\/www.lokora.fr\/actualite\/demander-lapl-comment-faire-lokora-vous-guide-en-quelques-etapes\/\"><\/p>\n<h3>Demander l\u2019APL, comment faire ? Lokora vous guide en quelques \u00e9tapes<\/h3>\n<p><\/a><\/p>\n<p class=\"\">Excellente nouvelle pour les \u00e9tudiants ! Vous pouvez b\u00e9n\u00e9ficier de l\u2019Aide Personnelle au Logement (apr\u00e8s avoir examin\u00e9 les crit\u00e8res d&rsquo;\u00e9ligibilit\u00e9) d\u00e9livr\u00e9e par la Caisse d&rsquo;Allocation Familiales (CAF). Voici un tutoriel pour vous assister dans la proc\u00e9dure de demande. O\u00f9 faire sa demande d&rsquo;aide au logement en tant qu&rsquo;\u00e9tudiant ? Si vous voulez demander l&rsquo;APL, la premi\u00e8re \u00e9tape consiste \u00e0 identifier l&rsquo;organisme \u00e0 contacter pour d\u00e9poser votre demande d&rsquo;aide au logement.Si vous relevez du r\u00e9gime g\u00e9n\u00e9ral, rendez-vous sur le site web de la Caisse d&rsquo;Allocations Familiales\u00a0(CAF) pour effectuer votre demande en ligne. Assurez-vous d&rsquo;avoir \u00e0 une connexion Internet, ainsi qu&rsquo;un scanner [&hellip;]<\/p>\n<\/p><\/div>\n<\/p><\/div>\n<div class=\"actualites-item col-md-4\">\n<div> <a href=\"https:\/\/www.lokora.fr\/actualite\/als-etudiant-comment-savoir-si-vous-etes-eligible\/\"><img width=\"454\" height=\"341\" src=\"https:\/\/www.lokora.fr\/wp-content\/uploads\/2024\/03\/3c0884_cde5200c485d479aa60380b892adab77mv2-1.jpg\" class=\"attachment-full size-full wp-post-image\" alt=\"ALS \u00e9tudiant\" decoding=\"async\" loading=\"lazy\" srcset=\"https:\/\/www.lokora.fr\/wp-content\/uploads\/2024\/03\/3c0884_cde5200c485d479aa60380b892adab77mv2-1.jpg 454w, https:\/\/www.lokora.fr\/wp-content\/uploads\/2024\/03\/3c0884_cde5200c485d479aa60380b892adab77mv2-1-422x317.jpg 422w, https:\/\/www.lokora.fr\/wp-content\/uploads\/2024\/03\/3c0884_cde5200c485d479aa60380b892adab77mv2-1-300x225.jpg 300w\" sizes=\"auto, (max-width: 454px) 100vw, 454px\" \/><\/a><br \/>\n                <a href=\"https:\/\/www.lokora.fr\/actualite\/als-etudiant-comment-savoir-si-vous-etes-eligible\/\"><\/p>\n<h3>ALS \u00e9tudiant : Comment savoir si vous \u00eates \u00e9ligible ?<\/h3>\n<p><\/a><\/p>\n<p class=\"\">Lorsque vous sollicitez l&rsquo;Allocation de Logement Sociale (ALS), que ce soit aupr\u00e8s de la Caisse d&rsquo;Allocations Familiales (CAF) ou de la Mutualit\u00e9 Sociale Agricole (MSA), plusieurs crit\u00e8res sont pris en compte pour d\u00e9terminer votre \u00e9ligibilit\u00e9 et le montant attribu\u00e9. \u00a0 \u00a0 \u00a0 . Ces crit\u00e8res incluent : Votre lieu de domicile ;La nature de votre bail (que vous soyez locataire, sous-locataire, habitant un foyer ou une r\u00e9sidence \u00e9tudiante, etc.) ;Votre situation personnelle et la composition de votre m\u00e9nage (seul, en couple, avec des personnes \u00e0 charge&#8230;) ;Les revenus de vous-m\u00eame et, le cas \u00e9ch\u00e9ant, ceux des autres personnes du m\u00e9nage [&hellip;]<\/p>\n<\/p><\/div>\n<\/p><\/div>\n<div class=\"actualites-item col-md-4\">\n<div> <a href=\"https:\/\/www.lokora.fr\/actualite\/etudiants-les-aides-a-la-mobilite-et-au-demenagement\/\"><img width=\"2000\" height=\"1333\" src=\"https:\/\/www.lokora.fr\/wp-content\/uploads\/2024\/04\/aides-au-demenagement-scaled-e1712823244663.jpg\" class=\"attachment-full size-full wp-post-image\" alt=\"\" decoding=\"async\" loading=\"lazy\" \/><\/a><br \/>\n                <a href=\"https:\/\/www.lokora.fr\/actualite\/etudiants-les-aides-a-la-mobilite-et-au-demenagement\/\"><\/p>\n<h3>\u00c9tudiants : les aides \u00e0 la mobilit\u00e9 et au d\u00e9m\u00e9nagement<\/h3>\n<p><\/a><\/p>\n<p class=\"\">Si vous \u00eates un \u00e9tudiant planifiant de quitter votre logement actuel ou de vous installer dans un nouveau secteur pour vos \u00e9tudes, il est important de savoir que diverses subventions existent pour vous soutenir durant votre parcours acad\u00e9mique. Que ce soit par des aides au logement, des bourses d&rsquo;\u00e9tude, ou des soutiens pour le d\u00e9m\u00e9nagement, des ressources financi\u00e8res sont disponibles pour vous aider. Pour plus d&rsquo;information contactez les services LOKORA ! Nous serons ravis de vous aider Les conseils et strat\u00e9gies pour optimiser votre d\u00e9m\u00e9nagement et profiter des aides Lorsque vous pr\u00e9voyez de d\u00e9m\u00e9nager, une bonne organisation et pr\u00e9paration sont [&hellip;]<\/p>\n<\/p><\/div>\n<\/p><\/div>\n<\/p><\/div>\n<p>          <a href=\"https:\/\/www.lokora.fr\/actualites\/\" class=\"btn btn3\">Toutes les actualit\u00e9s<\/a> <\/div>\n<\/p><\/div>\n<div id=\"actualites-bottom\" class=\"wave\"><\/div>\n<p>      <!-- .entry-content --> <\/p>\n","protected":false},"featured_media":3509,"parent":0,"template":"","class_list":["post-5030","residence","type-residence","status-publish","has-post-thumbnail","hentry"],"acf":[],"yoast_head":"<!-- This site is optimized with the Yoast SEO plugin v25.2 - https:\/\/yoast.com\/wordpress\/plugins\/seo\/ -->\n<title>R\u00e9sidence Valenciennes - Lokora<\/title>\n<meta name=\"robots\" content=\"index, follow, max-snippet:-1, max-image-preview:large, max-video-preview:-1\" \/>\n<link rel=\"canonical\" href=\"https:\/\/www.lokora.fr\/en\/residence\/valenciennes\/\" \/>\n<meta property=\"og:locale\" content=\"en_US\" \/>\n<meta property=\"og:type\" content=\"article\" \/>\n<meta property=\"og:title\" content=\"R\u00e9sidence Valenciennes - Lokora\" \/>\n<meta property=\"og:description\" content=\"R\u00e9sidence \u00e9tudianteValenciennes D\u00e9couvrez la r\u00e9sidence LOKORA \u00e0 Valenciennes, un havre de modernit\u00e9 et de confort con\u00e7u pour les \u00e9tudiants et [...]\" \/>\n<meta property=\"og:url\" content=\"https:\/\/www.lokora.fr\/en\/residence\/valenciennes\/\" \/>\n<meta property=\"og:site_name\" content=\"Lokora\" \/>\n<meta property=\"article:publisher\" content=\"https:\/\/www.facebook.com\/people\/Lokora\/61552218247744\/\" \/>\n<meta property=\"og:image\" content=\"https:\/\/www.lokora.fr\/wp-content\/uploads\/2024\/04\/LOKORA-Valenciennes-768x258.jpg\" \/>\n<meta name=\"twitter:card\" content=\"summary_large_image\" \/>\n<meta name=\"twitter:label1\" content=\"Est. reading time\" \/>\n\t<meta name=\"twitter:data1\" content=\"6 minutes\" \/>\n<script type=\"application\/ld+json\" class=\"yoast-schema-graph\">{\"@context\":\"https:\/\/schema.org\",\"@graph\":[{\"@type\":\"WebPage\",\"@id\":\"https:\/\/www.lokora.fr\/en\/residence\/valenciennes\/\",\"url\":\"https:\/\/www.lokora.fr\/en\/residence\/valenciennes\/\",\"name\":\"R\u00e9sidence Valenciennes - Lokora\",\"isPartOf\":{\"@id\":\"https:\/\/www.lokora.fr\/en\/#website\"},\"primaryImageOfPage\":{\"@id\":\"https:\/\/www.lokora.fr\/en\/residence\/valenciennes\/#primaryimage\"},\"image\":{\"@id\":\"https:\/\/www.lokora.fr\/en\/residence\/valenciennes\/#primaryimage\"},\"thumbnailUrl\":\"https:\/\/www.lokora.fr\/wp-content\/uploads\/2024\/04\/LOKORA-Residence-Valenciennes-06.jpg\",\"datePublished\":\"2024-04-02T11:07:00+00:00\",\"breadcrumb\":{\"@id\":\"https:\/\/www.lokora.fr\/en\/residence\/valenciennes\/#breadcrumb\"},\"inLanguage\":\"en-US\",\"potentialAction\":[{\"@type\":\"ReadAction\",\"target\":[\"https:\/\/www.lokora.fr\/en\/residence\/valenciennes\/\"]}]},{\"@type\":\"ImageObject\",\"inLanguage\":\"en-US\",\"@id\":\"https:\/\/www.lokora.fr\/en\/residence\/valenciennes\/#primaryimage\",\"url\":\"https:\/\/www.lokora.fr\/wp-content\/uploads\/2024\/04\/LOKORA-Residence-Valenciennes-06.jpg\",\"contentUrl\":\"https:\/\/www.lokora.fr\/wp-content\/uploads\/2024\/04\/LOKORA-Residence-Valenciennes-06.jpg\",\"width\":1499,\"height\":1000,\"caption\":\"R\u00e9sidence \u00e9tudiante Valenciennes LOKORA\"},{\"@type\":\"BreadcrumbList\",\"@id\":\"https:\/\/www.lokora.fr\/en\/residence\/valenciennes\/#breadcrumb\",\"itemListElement\":[{\"@type\":\"ListItem\",\"position\":1,\"name\":\"Accueil\",\"item\":\"https:\/\/www.lokora.fr\/en\/\"},{\"@type\":\"ListItem\",\"position\":2,\"name\":\"R\u00e9sidences\",\"item\":\"https:\/\/www.lokora.fr\/en\/residences\/\"},{\"@type\":\"ListItem\",\"position\":3,\"name\":\"R\u00e9sidence Valenciennes\"}]},{\"@type\":\"WebSite\",\"@id\":\"https:\/\/www.lokora.fr\/en\/#website\",\"url\":\"https:\/\/www.lokora.fr\/en\/\",\"name\":\"Lokora\",\"description\":\"Lokora, R\u00e9sidences \u00e9tudiantes en France\",\"publisher\":{\"@id\":\"https:\/\/www.lokora.fr\/en\/#organization\"},\"alternateName\":\"R\u00e9sidences \u00e9tudiantes en France\",\"potentialAction\":[{\"@type\":\"SearchAction\",\"target\":{\"@type\":\"EntryPoint\",\"urlTemplate\":\"https:\/\/www.lokora.fr\/en\/?s={search_term_string}\"},\"query-input\":{\"@type\":\"PropertyValueSpecification\",\"valueRequired\":true,\"valueName\":\"search_term_string\"}}],\"inLanguage\":\"en-US\"},{\"@type\":\"Organization\",\"@id\":\"https:\/\/www.lokora.fr\/en\/#organization\",\"name\":\"LOKORA , R\u00e9sidences \u00e9tudiantes en France\",\"alternateName\":\"LOKORA\",\"url\":\"https:\/\/www.lokora.fr\/en\/\",\"logo\":{\"@type\":\"ImageObject\",\"inLanguage\":\"en-US\",\"@id\":\"https:\/\/www.lokora.fr\/en\/#\/schema\/logo\/image\/\",\"url\":\"https:\/\/www.lokora.fr\/wp-content\/uploads\/2023\/12\/Logo-LOKORA-1.png\",\"contentUrl\":\"https:\/\/www.lokora.fr\/wp-content\/uploads\/2023\/12\/Logo-LOKORA-1.png\",\"width\":274,\"height\":108,\"caption\":\"LOKORA , R\u00e9sidences \u00e9tudiantes en France\"},\"image\":{\"@id\":\"https:\/\/www.lokora.fr\/en\/#\/schema\/logo\/image\/\"},\"sameAs\":[\"https:\/\/www.facebook.com\/people\/Lokora\/61552218247744\/\",\"https:\/\/www.instagram.com\/residences_lokora\/\",\"https:\/\/www.linkedin.com\/company\/lokora-r\u00e9sidences-\u00e9tudiantes?originalSubdomain=fr\"]}]}<\/script>\n<!-- \/ Yoast SEO plugin. -->","yoast_head_json":{"title":"R\u00e9sidence Valenciennes - Lokora","robots":{"index":"index","follow":"follow","max-snippet":"max-snippet:-1","max-image-preview":"max-image-preview:large","max-video-preview":"max-video-preview:-1"},"canonical":"https:\/\/www.lokora.fr\/en\/residence\/valenciennes\/","og_locale":"en_US","og_type":"article","og_title":"R\u00e9sidence Valenciennes - Lokora","og_description":"R\u00e9sidence \u00e9tudianteValenciennes D\u00e9couvrez la r\u00e9sidence LOKORA \u00e0 Valenciennes, un havre de modernit\u00e9 et de confort con\u00e7u pour les \u00e9tudiants et [...]","og_url":"https:\/\/www.lokora.fr\/en\/residence\/valenciennes\/","og_site_name":"Lokora","article_publisher":"https:\/\/www.facebook.com\/people\/Lokora\/61552218247744\/","og_image":[{"url":"https:\/\/www.lokora.fr\/wp-content\/uploads\/2024\/04\/LOKORA-Valenciennes-768x258.jpg","type":"","width":"","height":""}],"twitter_card":"summary_large_image","twitter_misc":{"Est. reading time":"6 minutes"},"schema":{"@context":"https:\/\/schema.org","@graph":[{"@type":"WebPage","@id":"https:\/\/www.lokora.fr\/en\/residence\/valenciennes\/","url":"https:\/\/www.lokora.fr\/en\/residence\/valenciennes\/","name":"R\u00e9sidence Valenciennes - Lokora","isPartOf":{"@id":"https:\/\/www.lokora.fr\/en\/#website"},"primaryImageOfPage":{"@id":"https:\/\/www.lokora.fr\/en\/residence\/valenciennes\/#primaryimage"},"image":{"@id":"https:\/\/www.lokora.fr\/en\/residence\/valenciennes\/#primaryimage"},"thumbnailUrl":"https:\/\/www.lokora.fr\/wp-content\/uploads\/2024\/04\/LOKORA-Residence-Valenciennes-06.jpg","datePublished":"2024-04-02T11:07:00+00:00","breadcrumb":{"@id":"https:\/\/www.lokora.fr\/en\/residence\/valenciennes\/#breadcrumb"},"inLanguage":"en-US","potentialAction":[{"@type":"ReadAction","target":["https:\/\/www.lokora.fr\/en\/residence\/valenciennes\/"]}]},{"@type":"ImageObject","inLanguage":"en-US","@id":"https:\/\/www.lokora.fr\/en\/residence\/valenciennes\/#primaryimage","url":"https:\/\/www.lokora.fr\/wp-content\/uploads\/2024\/04\/LOKORA-Residence-Valenciennes-06.jpg","contentUrl":"https:\/\/www.lokora.fr\/wp-content\/uploads\/2024\/04\/LOKORA-Residence-Valenciennes-06.jpg","width":1499,"height":1000,"caption":"R\u00e9sidence \u00e9tudiante Valenciennes LOKORA"},{"@type":"BreadcrumbList","@id":"https:\/\/www.lokora.fr\/en\/residence\/valenciennes\/#breadcrumb","itemListElement":[{"@type":"ListItem","position":1,"name":"Accueil","item":"https:\/\/www.lokora.fr\/en\/"},{"@type":"ListItem","position":2,"name":"R\u00e9sidences","item":"https:\/\/www.lokora.fr\/en\/residences\/"},{"@type":"ListItem","position":3,"name":"R\u00e9sidence Valenciennes"}]},{"@type":"WebSite","@id":"https:\/\/www.lokora.fr\/en\/#website","url":"https:\/\/www.lokora.fr\/en\/","name":"Lokora","description":"Lokora, R\u00e9sidences \u00e9tudiantes en France","publisher":{"@id":"https:\/\/www.lokora.fr\/en\/#organization"},"alternateName":"R\u00e9sidences \u00e9tudiantes en France","potentialAction":[{"@type":"SearchAction","target":{"@type":"EntryPoint","urlTemplate":"https:\/\/www.lokora.fr\/en\/?s={search_term_string}"},"query-input":{"@type":"PropertyValueSpecification","valueRequired":true,"valueName":"search_term_string"}}],"inLanguage":"en-US"},{"@type":"Organization","@id":"https:\/\/www.lokora.fr\/en\/#organization","name":"LOKORA , R\u00e9sidences \u00e9tudiantes en France","alternateName":"LOKORA","url":"https:\/\/www.lokora.fr\/en\/","logo":{"@type":"ImageObject","inLanguage":"en-US","@id":"https:\/\/www.lokora.fr\/en\/#\/schema\/logo\/image\/","url":"https:\/\/www.lokora.fr\/wp-content\/uploads\/2023\/12\/Logo-LOKORA-1.png","contentUrl":"https:\/\/www.lokora.fr\/wp-content\/uploads\/2023\/12\/Logo-LOKORA-1.png","width":274,"height":108,"caption":"LOKORA , R\u00e9sidences \u00e9tudiantes en France"},"image":{"@id":"https:\/\/www.lokora.fr\/en\/#\/schema\/logo\/image\/"},"sameAs":["https:\/\/www.facebook.com\/people\/Lokora\/61552218247744\/","https:\/\/www.instagram.com\/residences_lokora\/","https:\/\/www.linkedin.com\/company\/lokora-r\u00e9sidences-\u00e9tudiantes?originalSubdomain=fr"]}]}},"_links":{"self":[{"href":"https:\/\/www.lokora.fr\/en\/wp-json\/wp\/v2\/residence\/5030","targetHints":{"allow":["GET"]}}],"collection":[{"href":"https:\/\/www.lokora.fr\/en\/wp-json\/wp\/v2\/residence"}],"about":[{"href":"https:\/\/www.lokora.fr\/en\/wp-json\/wp\/v2\/types\/residence"}],"version-history":[{"count":0,"href":"https:\/\/www.lokora.fr\/en\/wp-json\/wp\/v2\/residence\/5030\/revisions"}],"wp:featuredmedia":[{"embeddable":true,"href":"https:\/\/www.lokora.fr\/en\/wp-json\/wp\/v2\/media\/3509"}],"wp:attachment":[{"href":"https:\/\/www.lokora.fr\/en\/wp-json\/wp\/v2\/media?parent=5030"}],"curies":[{"name":"wp","href":"https:\/\/api.w.org\/{rel}","templated":true}]}}