{"id":5024,"date":"2024-07-17T16:14:05","date_gmt":"2024-07-17T14:14:05","guid":{"rendered":"https:\/\/www.lokora.fr\/residence\/residence-perpignan\/"},"modified":"2024-07-17T16:14:05","modified_gmt":"2024-07-17T14:14:05","slug":"residence-perpignan","status":"publish","type":"residence","link":"https:\/\/www.lokora.fr\/en\/residence\/residence-perpignan\/","title":{"rendered":"R\u00e9sidence Perpignan"},"content":{"rendered":"<br \/>\n<header class=\"entry-header\" style=\"background-image:url('https:\/\/www.lokora.fr\/wp-content\/uploads\/2024\/04\/Conseils-essentiels-pour-une-rentree-reussie-tout-savoir-pour-2024-.jpg');\">\n<div class=\"entry-header-img\"><img decoding=\"async\" class=\"header-img\" src=\"https:\/\/www.lokora.fr\/wp-content\/uploads\/2024\/04\/Conseils-essentiels-pour-une-rentree-reussie-tout-savoir-pour-2024--768x432.jpg\" width=\"100%\" alt=\"\u00c9tudiants pr\u00e9parant leur rentr\u00e9e universitaire pour une ann\u00e9e r\u00e9ussie en 2024.\" \/><\/div>\n<p>        <!--\/wp-content\/uploads\/2024\/01\/3376-DSCF2433.jpg--><\/p>\n<div class=\"\" id=\"content\" tabindex=\"-1\">\n<div class=\"section1\">\n<div class=\"bloc1\">\n<div class=\"bloc2\">\n<h1><span>R\u00e9sidence \u00e9tudiante<\/span>Perpignan<\/h1>\n<p class=\"accroche\">Une r\u00e9sidence qui te facilite la vie avec des services au top ! Parking, local \u00e0 v\u00e9los ou 2 roues : pratique selon ton moyen de locomotion. Ici, tu trouveras de v\u00e9ritables espaces communs que ce soit pour \u00e9tudier, te d\u00e9tendre ou partager des moments de convivialit\u00e9 avec le reste de la communaut\u00e9 \u00e9tudiante sur place.<\/p>\n<p>                <a href=\"#situation\"><\/p>\n<div class=\"localisation\"><img decoding=\"async\" src=\"\/wp-content\/uploads\/2024\/02\/map.png\" alt=\"localisation\"  width=\"32\" height=\"32\"\/>10 bis rue de Villelongue dels Monts, 66100 Perpignan<br \/>\n                  <span>voir la localisation<\/span><\/div>\n<p><\/a><\/p>\n<form method=\"get\" action=\"https:\/\/www.lokora.fr\/reservation-lokora\/\">\n                <input type=\"hidden\" name=\"res\" value=\"4611\" \/><br \/>\n                <select name=\"apt\" id=\"res-apt\"><option>Choisissez votre type de logement<\/option><option value=\"Studio 18 m\u00b2\">Studio 18 m\u00b2<\/option><option value=\"Studio 19 m\u00b2\">Studio 19 m\u00b2<\/option><option value=\"Studio 20 m\u00b2\">Studio 20 m\u00b2<\/option><\/select><\/p>\n<div class=\"cat\">\n                  <a href=\"#etre-rappele\" class=\"btn btn1\">\u00catre rappel\u00e9(e)<\/a><br \/>\n                  <button class=\"btn btn2\" type=\"submit\">Je d\u00e9pose un dossier<\/button>\n                <\/div>\n<\/p><\/form>\n<\/p><\/div>\n<\/p><\/div>\n<\/p><\/div>\n<\/p><\/div>\n<\/header>\n<p>      <!-- .entry-header --><\/p>\n<div class=\"container\">\n<div class=\"anchors\"> <a href=\"#residence\">La r\u00e9sidence<\/a> <a href=\"#photos\">Photos &#038; Vid\u00e9os<\/a> <a href=\"#logements\">Les logements<\/a> <a href=\"#situation\">Situation g\u00e9ographique<\/a> <a href=\"#temoignages\">T\u00e9moignages<\/a> <a href=\"#actualites\">Actualit\u00e9s<\/a> <\/div>\n<\/p><\/div>\n<div id=\"residence-top\" class=\"wave\"><\/div>\n<div id=\"residence\">\n<div class=\"container\">\n<div class=\"row\">\n<div class=\"col-md-4\">\n<div class=\"residence-img\">\n                              <\/div>\n<\/p><\/div>\n<div class=\"col-md-8\">\n<div class=\"residence-text\">\n<h2><\/h2>\n<\/p><\/div>\n<\/p><\/div>\n<\/p><\/div>\n<\/p><\/div>\n<\/p><\/div>\n<div id=\"residence-bottom\" class=\"wave\"><\/div>\n<div class=\"container\">\n<div id=\"gestionnaire\">\n<div class=\"gestionnaire-img\">\n<div class=\"img-cercle\">\n              <img width=\"1080\" height=\"1080\" src=\"https:\/\/www.lokora.fr\/wp-content\/uploads\/2024\/04\/4.png\" class=\"attachment-full size-full\" alt=\"Gestionnaire r\u00e9sidence \u00e9tudiante LOKORA Perpignan\" decoding=\"async\" loading=\"lazy\" srcset=\"https:\/\/www.lokora.fr\/wp-content\/uploads\/2024\/04\/4.png 1080w, https:\/\/www.lokora.fr\/wp-content\/uploads\/2024\/04\/4-300x300.png 300w, https:\/\/www.lokora.fr\/wp-content\/uploads\/2024\/04\/4-1024x1024.png 1024w, https:\/\/www.lokora.fr\/wp-content\/uploads\/2024\/04\/4-150x150.png 150w, https:\/\/www.lokora.fr\/wp-content\/uploads\/2024\/04\/4-768x768.png 768w\" sizes=\"auto, (max-width: 1080px) 100vw, 1080px\" \/>            <\/div>\n<\/p><\/div>\n<div class=\"gestionnaire-text\">\n<p><p>\u00ab\u00a0Venez d\u00e9couvrir notre belle r\u00e9sidence \u00e0 Perpignan.<br \/>\nN&rsquo;h\u00e9sitez pas \u00e0 me contacter par mail ou par t\u00e9l\u00e9phone pour organiser une visite. Je suis impatiente de vous accueillir et de vous pr\u00e9senter avec enthousiasme les diff\u00e9rents logements disponibles. Chez nous, vous trouverez bien plus qu&rsquo;un simple lieu de r\u00e9sidence : vous trouverez un foyer o\u00f9 votre bien-\u00eatre et votre confort sont notre priorit\u00e9 absolue.\u00a0\u00bb<\/p>\n<\/p>\n<p class=\"gestionnaire-signature\"><span class=\"gestionnaire-nom\"><\/span>, Gestionnaire de r\u00e9sidence<\/p>\n<div class=\"cat\"> <a href=\"tel:06 70 85 46 01\" class=\"btn btn1\">06 70 85 46 01<\/a> <a href=\"mailto:perpignan@lokora.fr\" class=\"btn btn2\">Contacter par email<\/a> <\/div>\n<\/p><\/div>\n<\/p><\/div>\n<\/p><\/div>\n<p>      <!--\n\n<div class=\"flexslider photos-slider\">\n  \n\n<ul class=\"slides\">\n    \n\n<li>\n      <a href=\"http:\/\/www.youtube.com\/watch?v=0O2aH4XLbt\" class=\"openvideo play\"><img decoding=\"async\" src=\"\/wp-content\/uploads\/2024\/01\/residence-etudiante-acheres-IMG_6828-8.jpg\" \/><\/a>\n    <\/li>\n\n\n    \n\n<li>\n      <img decoding=\"async\" src=\"\/wp-content\/uploads\/2024\/01\/IMG_6453.jpg\" \/>\n    <\/li>\n\n\n    \n\n<li>\n      <img decoding=\"async\" src=\"\/wp-content\/uploads\/2024\/01\/IMG_6780.jpg\" \/>\n    <\/li>\n\n\n    \n\n<li>\n      <img decoding=\"async\" src=\"\/wp-content\/uploads\/2024\/01\/IMG_6810.jpg\" \/>\n    <\/li>\n\n\n    \n\n<li>\n      <img decoding=\"async\" src=\"\/wp-content\/uploads\/2024\/01\/IMG_6827.jpg\" \/>\n    <\/li>\n\n\n  <\/ul>\n\n\n<\/div>\n\n\n          <\/div>\n\n\n          <\/div>\n\n--><\/p>\n<div id=\"photos\">\n<div class=\"container\">\n<h2>Photos &#038; Vid\u00e9o<\/h2>\n<p>          <!--\n\n<h3 class=\"subtitle\">Lorem ipsum dolor sit amet, consectetur adipiscing elit.<\/h3>\n\n--><\/p>\n<div class=\"flexslider photos-slider\">\n<ul class=\"slides\">\n<li>\n                                <a href=\"https:\/\/www.lokora.fr\/wp-content\/uploads\/2024\/07\/LOKORA-Residence-etudiante-batiment.webp\" class=\"openimage\"><img decoding=\"async\" src=\"https:\/\/www.lokora.fr\/wp-content\/uploads\/2024\/07\/LOKORA-Residence-etudiante-batiment-422x317.webp\" alt=\"LOKORA - Re\u0301sidence e\u0301tudiante - ba\u0302timent\" \/><\/a>\n                              <\/li>\n<li>\n                                <a href=\"https:\/\/www.lokora.fr\/wp-content\/uploads\/2024\/07\/LOKORA-Residence-etudiante-terrasse.webp\" class=\"openimage\"><img decoding=\"async\" src=\"https:\/\/www.lokora.fr\/wp-content\/uploads\/2024\/07\/LOKORA-Residence-etudiante-terrasse-422x317.webp\" alt=\"LOKORA - Re\u0301sidence e\u0301tudiante - terrasse\" \/><\/a>\n                              <\/li>\n<li>\n                                <a href=\"https:\/\/www.lokora.fr\/wp-content\/uploads\/2024\/07\/LOKORA-Residence-etudiante-boites-aux-lettres.webp\" class=\"openimage\"><img decoding=\"async\" src=\"https:\/\/www.lokora.fr\/wp-content\/uploads\/2024\/07\/LOKORA-Residence-etudiante-boites-aux-lettres-422x317.webp\" alt=\"LOKORA - Re\u0301sidence e\u0301tudiante - boi\u0302tes aux lettres\" \/><\/a>\n                              <\/li>\n<li>\n                                <a href=\"https:\/\/www.lokora.fr\/wp-content\/uploads\/2024\/07\/LOKORA-Residence-etudiante-salle-de-vie.webp\" class=\"openimage\"><img decoding=\"async\" src=\"https:\/\/www.lokora.fr\/wp-content\/uploads\/2024\/07\/LOKORA-Residence-etudiante-salle-de-vie-422x317.webp\" alt=\"LOKORA - Re\u0301sidence e\u0301tudiante - salle de vie\" \/><\/a>\n                              <\/li>\n<li>\n                                <a href=\"https:\/\/www.lokora.fr\/wp-content\/uploads\/2024\/07\/LOKORA-Residence-etudiante-laverie.webp\" class=\"openimage\"><img decoding=\"async\" src=\"https:\/\/www.lokora.fr\/wp-content\/uploads\/2024\/07\/LOKORA-Residence-etudiante-laverie-422x317.webp\" alt=\"LOKORA - Re\u0301sidence e\u0301tudiante - laverie\" \/><\/a>\n                              <\/li>\n<li>\n                                <a href=\"https:\/\/www.lokora.fr\/wp-content\/uploads\/2024\/07\/LOKORA-Residence-etudiante-salle.webp\" class=\"openimage\"><img decoding=\"async\" src=\"https:\/\/www.lokora.fr\/wp-content\/uploads\/2024\/07\/LOKORA-Residence-etudiante-salle-422x317.webp\" alt=\"LOKORA - Re\u0301sidence e\u0301tudiante - salle\" \/><\/a>\n                              <\/li>\n<li>\n                                <a href=\"https:\/\/www.lokora.fr\/wp-content\/uploads\/2024\/07\/LOKORA-Residence-etudiante-salle-de-sport.webp\" class=\"openimage\"><img decoding=\"async\" src=\"https:\/\/www.lokora.fr\/wp-content\/uploads\/2024\/07\/LOKORA-Residence-etudiante-salle-de-sport-422x317.webp\" alt=\"LOKORA - Re\u0301sidence e\u0301tudiante - salle de sport\" \/><\/a>\n                              <\/li>\n<li>\n                                <a href=\"https:\/\/www.lokora.fr\/wp-content\/uploads\/2024\/07\/LOKORA-Residence-etudiante-cuisine-commune.webp\" class=\"openimage\"><img decoding=\"async\" src=\"https:\/\/www.lokora.fr\/wp-content\/uploads\/2024\/07\/LOKORA-Residence-etudiante-cuisine-commune-422x317.webp\" alt=\"LOKORA - Re\u0301sidence e\u0301tudiante - cuisine commune\" \/><\/a>\n                              <\/li>\n<li>\n                                <a href=\"https:\/\/www.lokora.fr\/wp-content\/uploads\/2024\/07\/LOKORA-Residence-etudiante-chambre-1.webp\" class=\"openimage\"><img decoding=\"async\" src=\"https:\/\/www.lokora.fr\/wp-content\/uploads\/2024\/07\/LOKORA-Residence-etudiante-chambre-1-422x317.webp\" alt=\"LOKORA - Re\u0301sidence e\u0301tudiante - chambre 1\" \/><\/a>\n                              <\/li>\n<li>\n                                <a href=\"https:\/\/www.lokora.fr\/wp-content\/uploads\/2024\/07\/LOKORA-Residence-etudiante-salon.webp\" class=\"openimage\"><img decoding=\"async\" src=\"https:\/\/www.lokora.fr\/wp-content\/uploads\/2024\/07\/LOKORA-Residence-etudiante-salon-422x317.webp\" alt=\"LOKORA - Re\u0301sidence e\u0301tudiante - salon\" \/><\/a>\n                              <\/li>\n<li>\n                                <a href=\"https:\/\/www.lokora.fr\/wp-content\/uploads\/2024\/07\/LOKORA-Residence-etudiante-espace-commun.webp\" class=\"openimage\"><img decoding=\"async\" src=\"https:\/\/www.lokora.fr\/wp-content\/uploads\/2024\/07\/LOKORA-Residence-etudiante-espace-commun-422x317.webp\" alt=\"LOKORA - Re\u0301sidence e\u0301tudiante - espace commun\" \/><\/a>\n                              <\/li>\n<li>\n                                <a href=\"https:\/\/www.lokora.fr\/wp-content\/uploads\/2024\/07\/LOKORA-Residence-etudiante-chambre-2.webp\" class=\"openimage\"><img decoding=\"async\" src=\"https:\/\/www.lokora.fr\/wp-content\/uploads\/2024\/07\/LOKORA-Residence-etudiante-chambre-2-422x317.webp\" alt=\"LOKORA - Re\u0301sidence e\u0301tudiante - chambre 2\" \/><\/a>\n                              <\/li>\n<li>\n                                <a href=\"https:\/\/www.lokora.fr\/wp-content\/uploads\/2024\/07\/LOKORA-Residence-etudiante-chambre-3.webp\" class=\"openimage\"><img decoding=\"async\" src=\"https:\/\/www.lokora.fr\/wp-content\/uploads\/2024\/07\/LOKORA-Residence-etudiante-chambre-3-422x317.webp\" alt=\"LOKORA - Re\u0301sidence e\u0301tudiante - chambre 3\" \/><\/a>\n                              <\/li>\n<li>\n                                <a href=\"https:\/\/www.lokora.fr\/wp-content\/uploads\/2024\/07\/LOKORA-Residence-etudiante-etudiant.webp\" class=\"openimage\"><img decoding=\"async\" src=\"https:\/\/www.lokora.fr\/wp-content\/uploads\/2024\/07\/LOKORA-Residence-etudiante-etudiant-422x317.webp\" alt=\"LOKORA - Re\u0301sidence e\u0301tudiante - e\u0301tudiant\" \/><\/a>\n                              <\/li>\n<\/ul><\/div>\n<\/p><\/div>\n<\/p><\/div>\n<div id=\"logements-top\" class=\"wave\"><\/div>\n<div id=\"logements\" class=\"full-section\">\n<div class=\"container\">\n<div class=\"logements-content row\">\n<div class=\"logements-text  col-md-6\">\n<h2>Nos logements \u00e9tudiants<\/h2>\n<p><strong>Des appartements soign\u00e9s et fonctionnels<\/strong><\/p>\n<p>\u200bLes logements enti\u00e8rement am\u00e9nag\u00e9s offrent un v\u00e9ritable standing h\u00f4telier. Un mobilier ergonomique appropri\u00e9 au confort et besoins des \u00e9tudiants.<br \/>\nTout a \u00e9t\u00e9 pens\u00e9 pour le bien-\u00eatre des \u00e9tudiants au quotidien : salle d\u2019eau et WC privatifs, cuisine \u00e9quip\u00e9e avec r\u00e9frig\u00e9rateur, mobilier de qualit\u00e9 avec grand bureau, rangements astucieux et literie grand confort.<br \/>\nDe plus, certains appartements sont prolong\u00e9s par des balcons offrant une tr\u00e8s belle luminosit\u00e9.<\/p>\n<\/p><\/div>\n<div class=\"logements-points  col-md-6\">\n              <!--\n\n<ul>\n                              <\/ul>\n\n--><\/p>\n<ul>\n<li>Frais de dossier : 225 \u20ac<\/li>\n<li>Meubl\u00e9 : oui<\/li>\n<li>Les tarifs sont charges comprises (hors \u00e9lectricit\u00e9)<\/li>\n<li>Pr\u00e9voir 55 \u20ac de charges locatives pour l&rsquo;\u00e9lectricit\u00e9 et le chauffage<\/li>\n<li>D\u00e9p\u00f4t de garantie : \u00e0 partir de 440 \u20ac<\/li>\n<\/ul><\/div>\n<\/p><\/div>\n<div class=\"logements-tab\" id=\"detail-logement\">\n<div class=\"table-responsive\">\n<table class=\"table\">\n<thead>\n<tr>\n<th>Type de logement<\/th>\n<th>Superficie<\/th>\n<th>Disponibilit\u00e9<\/th>\n<th>Loyer mensuel (TTC)<\/th>\n<th>Frais de dossier<\/th>\n<th>D\u00e9pot de garantie<\/th>\n<th><\/th>\n<\/tr>\n<\/thead>\n<tbody>\n<ul class=\"slides\">\n<tr>\n<td class=\"typelogement\" data-label=\"Type de logement\">Studio 18 m\u00b2<\/td>\n<td data-label=\"Superficie\">18 m\u00b2<\/td>\n<td data-label=\"Disponibilit\u00e9\">Disponibilit\u00e9 non garantie<\/td>\n<td data-label=\"Loyer mensuel (TTC)\">495 \u20ac<\/td>\n<td data-label=\"Frais de dossier\">225 \u20ac<\/td>\n<td data-label=\"D\u00e9pot de garantie\">440 \u20ac<\/td>\n<td><a href=\"https:\/\/www.lokora.fr\/reservation-lokora\/?res=4611&#038;apt=Studio 18 m\u00b2\">choisir ce logement<\/a><\/td>\n<\/tr>\n<tr>\n<td class=\"typelogement\" data-label=\"Type de logement\">Studio 19 m\u00b2<\/td>\n<td data-label=\"Superficie\">19 m\u00b2<\/td>\n<td data-label=\"Disponibilit\u00e9\">Disponibilit\u00e9 non garantie<\/td>\n<td data-label=\"Loyer mensuel (TTC)\">500 \u20ac<\/td>\n<td data-label=\"Frais de dossier\">225 \u20ac<\/td>\n<td data-label=\"D\u00e9pot de garantie\">445 \u20ac<\/td>\n<td><a href=\"https:\/\/www.lokora.fr\/reservation-lokora\/?res=4611&#038;apt=Studio 19 m\u00b2\">choisir ce logement<\/a><\/td>\n<\/tr>\n<tr>\n<td class=\"typelogement\" data-label=\"Type de logement\">Studio 20 m\u00b2<\/td>\n<td data-label=\"Superficie\">20 m\u00b2<\/td>\n<td data-label=\"Disponibilit\u00e9\">Disponibilit\u00e9 non garantie<\/td>\n<td data-label=\"Loyer mensuel (TTC)\">505 \u20ac<\/td>\n<td data-label=\"Frais de dossier\">225 \u20ac<\/td>\n<td data-label=\"D\u00e9pot de garantie\">450 \u20ac<\/td>\n<td><a href=\"https:\/\/www.lokora.fr\/reservation-lokora\/?res=4611&#038;apt=Studio 20 m\u00b2\">choisir ce logement<\/a><\/td>\n<\/tr>\n<\/tbody>\n<\/table><\/div>\n<\/p><\/div>\n<div class=\"deposer\"> Vous \u00eates int\u00e9ress\u00e9s par la r\u00e9sidence de <span style=\"text-transform:uppercase\">Perpignan<\/span>, sans pr\u00e9f\u00e9rence de logement ?<\/p>\n<div><a href=\"https:\/\/www.lokora.fr\/reservation-lokora\/?res=4611\" class=\"btn btn1\">D\u00e9poser mon dossier<\/a><\/div>\n<\/p><\/div>\n<div id=\"etre-rappele\">\n<h3>Faites vous recontacter par le gestionnaire de la r\u00e9sidence <\/h3>\n<div class=\"wpcf7 no-js\" id=\"wpcf7-f3600-o1\" lang=\"fr-FR\" dir=\"ltr\">\n<div class=\"screen-reader-response\">\n<p role=\"status\" aria-live=\"polite\" aria-atomic=\"true\">\n<ul><\/ul>\n<\/div>\n<form action=\"\/wp-admin\/post.php#wpcf7-f3600-o1\" method=\"post\" class=\"wpcf7-form init cf7mls-no-scroll cf7mls-auto-return-first-step cf7mls-no-moving-animation\" aria-label=\"Formulaire de contact\" novalidate=\"novalidate\" data-status=\"init\">\n<div style=\"display: none;\">\n<input type=\"hidden\" name=\"_wpcf7\" value=\"3600\" \/><br \/>\n<input type=\"hidden\" name=\"_wpcf7_version\" value=\"5.9.3\" \/><br \/>\n<input type=\"hidden\" name=\"_wpcf7_locale\" value=\"fr_FR\" \/><br \/>\n<input type=\"hidden\" name=\"_wpcf7_unit_tag\" value=\"wpcf7-f3600-o1\" \/><br \/>\n<input type=\"hidden\" name=\"_wpcf7_container_post\" value=\"0\" \/><br \/>\n<input type=\"hidden\" name=\"_wpcf7_posted_data_hash\" value=\"\" \/><br \/>\n<input type=\"hidden\" name=\"_wpcf7_recaptcha_response\" value=\"\" \/>\n<\/div>\n<p><span class=\"wpcf7-form-control-wrap hidres\" data-name=\"hidres\"><input type=\"hidden\" name=\"hidres\" id=\"\" class=\"wpcf7-form-control wpcf7-hidden wpcf7dtx wpcf7dtx-hidden\" aria-invalid=\"false\" value=\"\" \/><\/span><br \/>\n<span class=\"wpcf7-form-control-wrap hidresid\" data-name=\"hidresid\"><input type=\"hidden\" name=\"hidresid\" id=\"\" class=\"wpcf7-form-control wpcf7-hidden wpcf7dtx wpcf7dtx-hidden\" aria-invalid=\"false\" value=\"\" \/><\/span><\/p>\n<div class=\"row\">\n<div class=\"col-sm-6\">\n<p><span class=\"wpcf7-form-control-wrap\" data-name=\"Nom\"><input size=\"40\" class=\"wpcf7-form-control wpcf7-text wpcf7-validates-as-required\" aria-required=\"true\" aria-invalid=\"false\" placeholder=\"Nom *\" value=\"\" type=\"text\" name=\"Nom\" \/><\/span>\n\t\t<\/p>\n<\/p><\/div>\n<div class=\"col-sm-6\">\n<p><span class=\"wpcf7-form-control-wrap\" data-name=\"Prnom\"><input size=\"40\" class=\"wpcf7-form-control wpcf7-text wpcf7-validates-as-required\" aria-required=\"true\" aria-invalid=\"false\" placeholder=\"Pr\u00e9nom *\" value=\"\" type=\"text\" name=\"Prnom\" \/><\/span>\n\t\t<\/p>\n<\/p><\/div>\n<\/div>\n<div class=\"row\">\n<div class=\"col-sm-6\">\n<p><span class=\"wpcf7-form-control-wrap\" data-name=\"Email\"><input size=\"40\" class=\"wpcf7-form-control wpcf7-email wpcf7-validates-as-required wpcf7-text wpcf7-validates-as-email\" aria-required=\"true\" aria-invalid=\"false\" placeholder=\"Email *\" value=\"\" type=\"email\" name=\"Email\" \/><\/span>\n\t\t<\/p>\n<\/p><\/div>\n<div class=\"col-sm-6\">\n<p><span class=\"wpcf7-form-control-wrap intl_tel\"><input class=\"wpcf7-form-control wpcf7-intl_tel wpcf7-validates-as-required wpcf7-intl-tel\" aria-required=\"true\" aria-invalid=\"false\" placeholder=\"Num\u00e9ro de mobile *\" data-initialcountry=\"Fr\" data-preferredcountries=\"France\" value=\"\" type=\"tel\" name=\"intl_tel-cf7it-national\" \/><input name=\"intl_tel\" type=\"hidden\" class=\"wpcf7-intl-tel-full\" \/><input type=\"hidden\" name=\"intl_tel-cf7it-country-name\" class=\"wpcf7-intl-tel-country-name\" \/><input type=\"hidden\" name=\"intl_tel-cf7it-country-code\" class=\"wpcf7-intl-tel-country-code\" \/><input type=\"hidden\" name=\"intl_tel-cf7it-country-iso2\" class=\"wpcf7-intl-tel-country-iso2\" \/><\/span>\n\t\t<\/p>\n<\/p><\/div>\n<\/div>\n<p><input class=\"wpcf7-form-control wpcf7-submit has-spinner\" type=\"submit\" value=\"Envoyer\" \/>\n<\/p>\n<div class=\"wpcf7-response-output\" aria-hidden=\"true\"><\/div>\n<\/form>\n<\/div><\/div>\n<\/p><\/div>\n<\/p><\/div>\n<div id=\"logements-bottom\" class=\"wave\"><\/div>\n<div id=\"services\">\n<div class=\"container\">\n<h3>Services et \u00e9quipements de la r\u00e9sidence inclus<\/h3>\n<div id=\"services-inclus\">\n<div class=\"service\">\n<div class=\"service-circle service-accueil\"><\/div>\n<p>              <span>Service d&#8217;accueil<\/span><\/div>\n<div class=\"service\">\n<div class=\"service-circle service-videosurveillance\"><\/div>\n<p>              <span>Vid\u00e9o surveillance 24h\/24<\/span><\/div>\n<div class=\"service\">\n<div class=\"service-circle service-ascenseur\"><\/div>\n<p>              <span>Ascenseur<\/span><\/div>\n<div class=\"service\">\n<div class=\"service-circle service-wifi\"><\/div>\n<p>              <span>WIFI rapide<\/span><\/div>\n<div class=\"service\">\n<div class=\"service-circle service-etude\"><\/div>\n<p>              <span>Salle d\u2019\u00e9tude<\/span><\/div>\n<div class=\"service\">\n<div class=\"service-circle service-sport\"><\/div>\n<p>              <span>Salle de sport<\/span><\/div>\n<div class=\"service\">\n<div class=\"service-circle service-detente\"><\/div>\n<p>              <span>Espace d\u00e9tente<\/span><\/div>\n<div class=\"service\">\n<div class=\"service-circle service-velo\"><\/div>\n<p>              <span>Emplacement v\u00e9los<\/span><\/div>\n<div class=\"service\">\n<div class=\"service-circle service-salle\"><\/div>\n<p>              <span>Salle polyvalente<\/span><\/div>\n<div class=\"service\">\n<div class=\"service-circle service-tv\"><\/div>\n<p>              <span>Salon TV<\/span><\/div>\n<div class=\"service\">\n<div class=\"service-circle service-terrasse\"><\/div>\n<p>              <span>Terrasse<\/span><\/div>\n<\/p><\/div>\n<h3>Services en suppl\u00e9ment<\/h3>\n<div id=\"services-sup\">\n<div class=\"service\">\n<div class=\"service-circle service-laverie\"><\/div>\n<p>              <span>Laverie en libre service<\/span><\/div>\n<div class=\"service\">\n<div class=\"service-circle service-menage\"><\/div>\n<p>              <span>Service m\u00e9nage<\/span><\/div>\n<div class=\"service\">\n<div class=\"service-circle service-impression\"><\/div>\n<p>              <span>Centre d&#8217;impression<\/span><\/div>\n<\/p><\/div>\n<\/p><\/div>\n<\/p><\/div>\n<div id=\"situation-top\" class=\"wave\"><\/div>\n<div id=\"situation\" class=\"full-section\">\n<div class=\"container\">\n<h2>Situer la r\u00e9sidence<\/h2>\n<div class=\"situation-text\">\n<p>La r\u00e9sidence Lokora Perpignan est tr\u00e8s bien localis\u00e9e, \u00e0 proximit\u00e9 des \u00e9coles, des transports, des cin\u00e9mas et installations sportives ainsi que des restaurants.<\/p>\n<p><strong>Universit\u00e9s et \u00e9coles<\/strong> \u00e0 proximit\u00e9s :<\/p>\n<ul>\n<li>INSPE \u00e0 700 m<\/li>\n<li>CUEF \u00e0 900 m<\/li>\n<li>IUT Perpignan \u00e0 1,3 km<\/li>\n<li>Facult\u00e9 de Lettres et Sciences humaines \u00e0 1,5 km<\/li>\n<li>Facult\u00e9 de Sport Tourisme H\u00f4tellerie internationale \u00e0 1,5 km<\/li>\n<li>Neosup \u00e0 2,2 km<\/li>\n<\/ul>\n<p><strong>Transports<\/strong> \u00e0 proximit\u00e9 :<\/p>\n<ul>\n<li>Bus Lignes 2-24 Arr\u00eat Moulin \u00e0 Vent \u00e0 110 m<\/li>\n<li>Bus Lignes A-2-13-24 \u2013 Arr\u00eat Parc des Sports \u00e0 400 m<\/li>\n<li>Gare de Perpignan \u00e0 3,5 km<\/li>\n<li>A\u00e9roport Sud France Perpignan \u00e0 8,8 km<\/li>\n<\/ul>\n<p><strong>Cin\u00e9mas et installations sportives<\/strong> \u00e0 proximit\u00e9s :<\/p>\n<ul>\n<li>Espace aquatique du Moulin \u00e0 Vent \u00e0 350 m<\/li>\n<li>Parc des sports \u00e0 600 m<\/li>\n<li>Cin\u00e9ma M\u00e9ga Castillet \u00e0 2,2 km<\/li>\n<li>Cin\u00e9ma Castillet \u00e0 3,6 km<\/li>\n<\/ul>\n<p><strong>Restaurants<\/strong> \u00e0 proximit\u00e9s :<\/p>\n<ul>\n<li>La Rambla \u00e0 650 m<\/li>\n<li>Gallapoli \u00e0 650 m<\/li>\n<li>Le Vivaldi \u00e0 700 m<\/li>\n<li>McDonald\u2019s \u00e0 1,1 km<\/li>\n<li>L\u2019ardoise \u00e0 1,5 km<\/li>\n<li>Sushi La Fauceille \u00e0 1,8 km<\/li>\n<\/ul>\n<p>&nbsp;<\/p>\n<\/p><\/div>\n<\/p><\/div>\n<\/p><\/div>\n<div id=\"map\" data-zoom=\"16\">\n<div class=\"marker\" data-lat=\"42.6799385\" data-lng=\"2.9081165\">\n<div class=\"gmappopup\">\n<div class=\"gmappopup_title\">R\u00e9sidence Perpignan<\/div>\n<div>\n<p>10 bis rue de Villelongue dels Monts, 66100 Perpignan<br \/><a href=\"https:\/\/www.google.com\/maps\/dir\/?api=1&#038;destination=42.6799385,2.9081165\" target=\"_blank\" rel=\"noopener\">itin\u00e9raire<\/a><\/div>\n<\/div>\n<\/div><\/div>\n<div id=\"actualites-top\" class=\"wave\"><\/div>\n<div id=\"actualites\" class=\"full-section\">\n<div class=\"container\">\n<h2>Derni\u00e8res actualit\u00e9s<\/h2>\n<div class=\"actualites-items row\">\n<div class=\"actualites-item col-md-4\">\n<div> <a href=\"https:\/\/www.lokora.fr\/actualite\/als-etudiant-comment-savoir-si-vous-etes-eligible\/\"><img width=\"454\" height=\"341\" src=\"https:\/\/www.lokora.fr\/wp-content\/uploads\/2024\/03\/3c0884_cde5200c485d479aa60380b892adab77mv2-1.jpg\" class=\"attachment-full size-full wp-post-image\" alt=\"ALS \u00e9tudiant\" decoding=\"async\" loading=\"lazy\" srcset=\"https:\/\/www.lokora.fr\/wp-content\/uploads\/2024\/03\/3c0884_cde5200c485d479aa60380b892adab77mv2-1.jpg 454w, https:\/\/www.lokora.fr\/wp-content\/uploads\/2024\/03\/3c0884_cde5200c485d479aa60380b892adab77mv2-1-422x317.jpg 422w, https:\/\/www.lokora.fr\/wp-content\/uploads\/2024\/03\/3c0884_cde5200c485d479aa60380b892adab77mv2-1-300x225.jpg 300w\" sizes=\"auto, (max-width: 454px) 100vw, 454px\" \/><\/a><br \/>\n                <a href=\"https:\/\/www.lokora.fr\/actualite\/als-etudiant-comment-savoir-si-vous-etes-eligible\/\"><\/p>\n<h3>ALS \u00e9tudiant : Comment savoir si vous \u00eates \u00e9ligible ?<\/h3>\n<p><\/a><\/p>\n<p class=\"\">Lorsque vous sollicitez l&rsquo;Allocation de Logement Sociale (ALS), que ce soit aupr\u00e8s de la Caisse d&rsquo;Allocations Familiales (CAF) ou de la Mutualit\u00e9 Sociale Agricole (MSA), plusieurs crit\u00e8res sont pris en compte pour d\u00e9terminer votre \u00e9ligibilit\u00e9 et le montant attribu\u00e9. \u00a0 \u00a0 \u00a0 . Ces crit\u00e8res incluent : Votre lieu de domicile ;La nature de votre bail (que vous soyez locataire, sous-locataire, habitant un foyer ou une r\u00e9sidence \u00e9tudiante, etc.) ;Votre situation personnelle et la composition de votre m\u00e9nage (seul, en couple, avec des personnes \u00e0 charge&#8230;) ;Les revenus de vous-m\u00eame et, le cas \u00e9ch\u00e9ant, ceux des autres personnes du m\u00e9nage [&hellip;]<\/p>\n<\/p><\/div>\n<\/p><\/div>\n<div class=\"actualites-item col-md-4\">\n<div> <a href=\"https:\/\/www.lokora.fr\/actualite\/chers-parents-soyez-rassures-je-vis-dans-une-residence-etudiante-securisee\/\"><img width=\"1920\" height=\"1080\" src=\"https:\/\/www.lokora.fr\/wp-content\/uploads\/2024\/04\/Chers-parents-soyez-rassures-je-vis-dans-une-residence-etudiante-securisee.jpg\" class=\"attachment-full size-full wp-post-image\" alt=\"\" decoding=\"async\" loading=\"lazy\" srcset=\"https:\/\/www.lokora.fr\/wp-content\/uploads\/2024\/04\/Chers-parents-soyez-rassures-je-vis-dans-une-residence-etudiante-securisee.jpg 1920w, https:\/\/www.lokora.fr\/wp-content\/uploads\/2024\/04\/Chers-parents-soyez-rassures-je-vis-dans-une-residence-etudiante-securisee-300x169.jpg 300w, https:\/\/www.lokora.fr\/wp-content\/uploads\/2024\/04\/Chers-parents-soyez-rassures-je-vis-dans-une-residence-etudiante-securisee-1024x576.jpg 1024w, https:\/\/www.lokora.fr\/wp-content\/uploads\/2024\/04\/Chers-parents-soyez-rassures-je-vis-dans-une-residence-etudiante-securisee-768x432.jpg 768w, https:\/\/www.lokora.fr\/wp-content\/uploads\/2024\/04\/Chers-parents-soyez-rassures-je-vis-dans-une-residence-etudiante-securisee-1536x864.jpg 1536w\" sizes=\"auto, (max-width: 1920px) 100vw, 1920px\" \/><\/a><br \/>\n                <a href=\"https:\/\/www.lokora.fr\/actualite\/chers-parents-soyez-rassures-je-vis-dans-une-residence-etudiante-securisee\/\"><\/p>\n<h3>Chers parents, soyez rassur\u00e9s je vis dans une r\u00e9sidence \u00e9tudiante s\u00e9curis\u00e9e<\/h3>\n<p><\/a><\/p>\n<p class=\"\">Lorsque vient le moment pour votre enfant de quitter le nid familial pour poursuivre ses \u00e9tudes, la question de l&rsquo;h\u00e9bergement se pose imm\u00e9diatement. Parmi les multiples options disponibles, les r\u00e9sidences \u00e9tudiantes s\u00e9curis\u00e9es repr\u00e9sentent une solution de plus en plus pris\u00e9e par les \u00e9tudiants et leurs familles. Choisir une r\u00e9sidence \u00e9tudiante s\u00e9curis\u00e9e sur Lokora.fr est un choix rassurant pour les parents et b\u00e9n\u00e9fique pour les \u00e9tudiants. &nbsp; Un environnement s\u00e9curis\u00e9 pour une tranquillit\u00e9 d&rsquo;esprit &nbsp; Les r\u00e9sidences \u00e9tudiantes propos\u00e9es par Lokora.fr sont con\u00e7ues pour offrir un cadre de vie s\u00e9curis\u00e9 aux \u00e9tudiants. Gr\u00e2ce \u00e0 des dispositifs de s\u00e9curit\u00e9 modernes, tels que [&hellip;]<\/p>\n<\/p><\/div>\n<\/p><\/div>\n<div class=\"actualites-item col-md-4\">\n<div> <a href=\"https:\/\/www.lokora.fr\/actualite\/conseils-essentiels-pour-une-rentree-reussie-tout-savoir-pour-2024\/\"><img width=\"1920\" height=\"1080\" src=\"https:\/\/www.lokora.fr\/wp-content\/uploads\/2024\/04\/Conseils-essentiels-pour-une-rentree-reussie-tout-savoir-pour-2024-.jpg\" class=\"attachment-full size-full wp-post-image\" alt=\"\u00c9tudiants pr\u00e9parant leur rentr\u00e9e universitaire pour une ann\u00e9e r\u00e9ussie en 2024.\" decoding=\"async\" loading=\"lazy\" srcset=\"https:\/\/www.lokora.fr\/wp-content\/uploads\/2024\/04\/Conseils-essentiels-pour-une-rentree-reussie-tout-savoir-pour-2024-.jpg 1920w, https:\/\/www.lokora.fr\/wp-content\/uploads\/2024\/04\/Conseils-essentiels-pour-une-rentree-reussie-tout-savoir-pour-2024--300x169.jpg 300w, https:\/\/www.lokora.fr\/wp-content\/uploads\/2024\/04\/Conseils-essentiels-pour-une-rentree-reussie-tout-savoir-pour-2024--1024x576.jpg 1024w, https:\/\/www.lokora.fr\/wp-content\/uploads\/2024\/04\/Conseils-essentiels-pour-une-rentree-reussie-tout-savoir-pour-2024--768x432.jpg 768w, https:\/\/www.lokora.fr\/wp-content\/uploads\/2024\/04\/Conseils-essentiels-pour-une-rentree-reussie-tout-savoir-pour-2024--1536x864.jpg 1536w\" sizes=\"auto, (max-width: 1920px) 100vw, 1920px\" \/><\/a><br \/>\n                <a href=\"https:\/\/www.lokora.fr\/actualite\/conseils-essentiels-pour-une-rentree-reussie-tout-savoir-pour-2024\/\"><\/p>\n<h3>Conseils essentiels pour une rentr\u00e9e r\u00e9ussie: tout savoir pour 2024 !<\/h3>\n<p><\/a><\/p>\n<p class=\"\">La rentr\u00e9e universitaire marque un moment cl\u00e9 pour tous les \u00e9tudiants. Une rentr\u00e9e r\u00e9ussi pour 2024 c&rsquo;est par ici ! Que vous d\u00e9butiez votre premi\u00e8re ann\u00e9e ou que vous soyez d\u00e9j\u00e0 bien avanc\u00e9 dans votre cursus, une bonne pr\u00e9paration est essentielle pour garantir une exp\u00e9rience acad\u00e9mique r\u00e9ussie et sereine. Chez LOKORA, nous vous accompagnons \u00e0 chaque \u00e9tape avec des conseils pratiques et des ressources utiles pour aborder cette p\u00e9riode avec confiance et organisation. &nbsp; Planifier : La cl\u00e9 du succ\u00e8s &nbsp; D\u00e9terminer les dates cl\u00e9s Il est crucial de commencer par marquer toutes les dates importantes telles que le d\u00e9but [&hellip;]<\/p>\n<\/p><\/div>\n<\/p><\/div>\n<div class=\"actualites-item col-md-4\">\n<div> <a href=\"https:\/\/www.lokora.fr\/actualite\/contrats-dalternance-ce-qui-est-propose-aux-etudiants-francais-et-etrangers\/\"><img width=\"1920\" height=\"1080\" src=\"https:\/\/www.lokora.fr\/wp-content\/uploads\/2024\/03\/Les-contrats-dalternance-proposes-aux-etudiants-francais-et-etrangers.jpg\" class=\"attachment-full size-full wp-post-image\" alt=\"\" decoding=\"async\" loading=\"lazy\" srcset=\"https:\/\/www.lokora.fr\/wp-content\/uploads\/2024\/03\/Les-contrats-dalternance-proposes-aux-etudiants-francais-et-etrangers.jpg 1920w, https:\/\/www.lokora.fr\/wp-content\/uploads\/2024\/03\/Les-contrats-dalternance-proposes-aux-etudiants-francais-et-etrangers-300x169.jpg 300w, https:\/\/www.lokora.fr\/wp-content\/uploads\/2024\/03\/Les-contrats-dalternance-proposes-aux-etudiants-francais-et-etrangers-1024x576.jpg 1024w, https:\/\/www.lokora.fr\/wp-content\/uploads\/2024\/03\/Les-contrats-dalternance-proposes-aux-etudiants-francais-et-etrangers-768x432.jpg 768w, https:\/\/www.lokora.fr\/wp-content\/uploads\/2024\/03\/Les-contrats-dalternance-proposes-aux-etudiants-francais-et-etrangers-1536x864.jpg 1536w\" sizes=\"auto, (max-width: 1920px) 100vw, 1920px\" \/><\/a><br \/>\n                <a href=\"https:\/\/www.lokora.fr\/actualite\/contrats-dalternance-ce-qui-est-propose-aux-etudiants-francais-et-etrangers\/\"><\/p>\n<h3>Contrats d\u2019alternance, ce qui est propos\u00e9 aux \u00e9tudiants fran\u00e7ais et \u00e9trangers<\/h3>\n<p><\/a><\/p>\n<p class=\"\">L&rsquo;alternance est devenue une voie privil\u00e9gi\u00e9e pour les \u00e9tudiants, fran\u00e7ais et \u00e9trangers, d\u00e9sireux de combiner formation th\u00e9orique et exp\u00e9rience professionnelle. Chez LOKORA, nous nous engageons \u00e0 fournir des informations compl\u00e8tes et \u00e0 jour sur les divers contrats d\u2019alternance disponibles, facilitant ainsi l&rsquo;int\u00e9gration des \u00e9tudiants dans le monde du travail. Cet article fait le point sur les options offertes, leurs avantages, ainsi que les modalit\u00e9s d\u2019acc\u00e8s pour les \u00e9tudiants internationaux. Les contrats d\u2019alternance, c&rsquo;est quoi ? Le contrat d\u2019alternance permet \u00e0 l\u2019\u00e9tudiant de suivre une formation en alternant entre p\u00e9riode en entreprise et p\u00e9riode en \u00e9tablissement d\u2019enseignement. Il existe principalement deux [&hellip;]<\/p>\n<\/p><\/div>\n<\/p><\/div>\n<div class=\"actualites-item col-md-4\">\n<div> <a href=\"https:\/\/www.lokora.fr\/actualite\/demander-lapl-comment-faire-lokora-vous-guide-en-quelques-etapes\/\"><img width=\"1280\" height=\"853\" src=\"https:\/\/www.lokora.fr\/wp-content\/uploads\/2024\/02\/2f225d_cbdf19d013c84114a08c5e09d3cda774mv2.jpeg\" class=\"attachment-full size-full wp-post-image\" alt=\"\" decoding=\"async\" loading=\"lazy\" srcset=\"https:\/\/www.lokora.fr\/wp-content\/uploads\/2024\/02\/2f225d_cbdf19d013c84114a08c5e09d3cda774mv2.jpeg 1280w, https:\/\/www.lokora.fr\/wp-content\/uploads\/2024\/02\/2f225d_cbdf19d013c84114a08c5e09d3cda774mv2-300x200.jpeg 300w, https:\/\/www.lokora.fr\/wp-content\/uploads\/2024\/02\/2f225d_cbdf19d013c84114a08c5e09d3cda774mv2-768x512.jpeg 768w, https:\/\/www.lokora.fr\/wp-content\/uploads\/2024\/02\/2f225d_cbdf19d013c84114a08c5e09d3cda774mv2-1024x682.jpeg 1024w\" sizes=\"auto, (max-width: 1280px) 100vw, 1280px\" \/><\/a><br \/>\n                <a href=\"https:\/\/www.lokora.fr\/actualite\/demander-lapl-comment-faire-lokora-vous-guide-en-quelques-etapes\/\"><\/p>\n<h3>Demander l\u2019APL, comment faire ? Lokora vous guide en quelques \u00e9tapes<\/h3>\n<p><\/a><\/p>\n<p class=\"\">Excellente nouvelle pour les \u00e9tudiants ! Vous pouvez b\u00e9n\u00e9ficier de l\u2019Aide Personnelle au Logement (apr\u00e8s avoir examin\u00e9 les crit\u00e8res d&rsquo;\u00e9ligibilit\u00e9) d\u00e9livr\u00e9e par la Caisse d&rsquo;Allocation Familiales (CAF). Voici un tutoriel pour vous assister dans la proc\u00e9dure de demande. O\u00f9 faire sa demande d&rsquo;aide au logement en tant qu&rsquo;\u00e9tudiant ? Si vous voulez demander l&rsquo;APL, la premi\u00e8re \u00e9tape consiste \u00e0 identifier l&rsquo;organisme \u00e0 contacter pour d\u00e9poser votre demande d&rsquo;aide au logement.Si vous relevez du r\u00e9gime g\u00e9n\u00e9ral, rendez-vous sur le site web de la Caisse d&rsquo;Allocations Familiales\u00a0(CAF) pour effectuer votre demande en ligne. Assurez-vous d&rsquo;avoir \u00e0 une connexion Internet, ainsi qu&rsquo;un scanner [&hellip;]<\/p>\n<\/p><\/div>\n<\/p><\/div>\n<div class=\"actualites-item col-md-4\">\n<div> <a href=\"https:\/\/www.lokora.fr\/actualite\/etudiants-examens-conseils-pour-garder-la-zen-attitude\/\"><img width=\"1920\" height=\"1080\" src=\"https:\/\/www.lokora.fr\/wp-content\/uploads\/2024\/04\/Etudiants-restez-zen-Nos-conseils-pour-les-examens.jpg\" class=\"attachment-full size-full wp-post-image\" alt=\"\" decoding=\"async\" loading=\"lazy\" srcset=\"https:\/\/www.lokora.fr\/wp-content\/uploads\/2024\/04\/Etudiants-restez-zen-Nos-conseils-pour-les-examens.jpg 1920w, https:\/\/www.lokora.fr\/wp-content\/uploads\/2024\/04\/Etudiants-restez-zen-Nos-conseils-pour-les-examens-300x169.jpg 300w, https:\/\/www.lokora.fr\/wp-content\/uploads\/2024\/04\/Etudiants-restez-zen-Nos-conseils-pour-les-examens-1024x576.jpg 1024w, https:\/\/www.lokora.fr\/wp-content\/uploads\/2024\/04\/Etudiants-restez-zen-Nos-conseils-pour-les-examens-768x432.jpg 768w, https:\/\/www.lokora.fr\/wp-content\/uploads\/2024\/04\/Etudiants-restez-zen-Nos-conseils-pour-les-examens-1536x864.jpg 1536w\" sizes=\"auto, (max-width: 1920px) 100vw, 1920px\" \/><\/a><br \/>\n                <a href=\"https:\/\/www.lokora.fr\/actualite\/etudiants-examens-conseils-pour-garder-la-zen-attitude\/\"><\/p>\n<h3>Etudiants, restez zen ! Nos conseils pour les examens<\/h3>\n<p><\/a><\/p>\n<p class=\"\">Besoin de conseils pour vos examens ? C&rsquo;est par ici ! Cette p\u00e9riode cruciale est souvent synonyme de stress et d&rsquo;anxi\u00e9t\u00e9 pour de nombreux \u00e9tudiants. Chez LOKORA, nous comprenons parfaitement ce que vous traversez et nous sommes l\u00e0 pour vous aider \u00e0 adopter la zen attitude durant cette p\u00e9riode. Voici nos meilleurs conseils pour rester calme et concentr\u00e9 ! &nbsp; Conseil n\u00b01 &#8211; Organisez votre temps de r\u00e9vision &nbsp; Voici le tout premier conseil pour vos examens ! La cl\u00e9 pour r\u00e9duire le stress avant les examens est une bonne organisation. Cr\u00e9ez un planning de r\u00e9visions qui couvre toutes les [&hellip;]<\/p>\n<\/p><\/div>\n<\/p><\/div>\n<div class=\"actualites-item col-md-4\">\n<div> <a href=\"https:\/\/www.lokora.fr\/actualite\/etudiants-preparez-votre-entretien-d-embauche-confiance-garantie\/\"><img width=\"1920\" height=\"1080\" src=\"https:\/\/www.lokora.fr\/wp-content\/uploads\/2024\/04\/Etudiants-preparez-votre-entretien-dembauche-confiance-garantie-1-1.jpg\" class=\"attachment-full size-full wp-post-image\" alt=\"Une jeune \u00e9tudiante se pr\u00e9parant pour un entretien d&#039;embauche, r\u00e9visant ses notes et pratiquant devant un miroir.\" decoding=\"async\" loading=\"lazy\" srcset=\"https:\/\/www.lokora.fr\/wp-content\/uploads\/2024\/04\/Etudiants-preparez-votre-entretien-dembauche-confiance-garantie-1-1.jpg 1920w, https:\/\/www.lokora.fr\/wp-content\/uploads\/2024\/04\/Etudiants-preparez-votre-entretien-dembauche-confiance-garantie-1-1-300x169.jpg 300w, https:\/\/www.lokora.fr\/wp-content\/uploads\/2024\/04\/Etudiants-preparez-votre-entretien-dembauche-confiance-garantie-1-1-1024x576.jpg 1024w, https:\/\/www.lokora.fr\/wp-content\/uploads\/2024\/04\/Etudiants-preparez-votre-entretien-dembauche-confiance-garantie-1-1-768x432.jpg 768w, https:\/\/www.lokora.fr\/wp-content\/uploads\/2024\/04\/Etudiants-preparez-votre-entretien-dembauche-confiance-garantie-1-1-1536x864.jpg 1536w\" sizes=\"auto, (max-width: 1920px) 100vw, 1920px\" \/><\/a><br \/>\n                <a href=\"https:\/\/www.lokora.fr\/actualite\/etudiants-preparez-votre-entretien-d-embauche-confiance-garantie\/\"><\/p>\n<h3>\u00c9tudiants : pr\u00e9parez votre entretien d\u2019embauche, confiance garantie !<\/h3>\n<p><\/a><\/p>\n<p class=\"\">Chers \u00e9tudiants, l&rsquo;heure a sonn\u00e9 de faire le grand saut dans le monde professionnel ! LOKORA est l\u00e0 pour vous accompagner dans cette \u00e9tape cruciale de votre carri\u00e8re : l&rsquo;entretien d&#8217;embauche. Avec notre guide, dites adieu au stress et bonjour \u00e0 la confiance. Pr\u00e9parez-vous \u00e0 impressionner votre futur employeur d\u00e8s le premier contact. &nbsp; Pr\u00e9paration en amont : La cl\u00e9 du succ\u00e8s &nbsp; Recherchez sur l&rsquo;entreprise : Avant l&rsquo;entretien, prenez le temps de vous informer sur l&rsquo;entreprise. Consultez leur site web et les r\u00e9seaux sociaux pour comprendre leur mission, leurs valeurs et les derni\u00e8res actualit\u00e9s. Cela montrera votre int\u00e9r\u00eat et [&hellip;]<\/p>\n<\/p><\/div>\n<\/p><\/div>\n<\/p><\/div>\n<p>          <a href=\"https:\/\/www.lokora.fr\/actualites\/\" class=\"btn btn3\">Toutes les actualit\u00e9s<\/a> <\/div>\n<\/p><\/div>\n<div id=\"actualites-bottom\" class=\"wave\"><\/div>\n<p>      <!-- .entry-content --> <\/p>\n","protected":false},"featured_media":6927,"parent":0,"template":"","class_list":["post-5024","residence","type-residence","status-publish","has-post-thumbnail","hentry"],"acf":[],"yoast_head":"<!-- This site is optimized with the Yoast SEO plugin v25.2 - https:\/\/yoast.com\/wordpress\/plugins\/seo\/ -->\n<title>R\u00e9sidence \u00e9tudiante Perpignan - Lokora<\/title>\n<meta name=\"description\" content=\"Explorez notre r\u00e9sidence \u00e9tudiante \u00e0 Perpignan, id\u00e9alement situ\u00e9s pour tout style de vie. D\u00e9couvrez votre futur chez-vous d\u00e8s maintenant !\" \/>\n<meta name=\"robots\" content=\"index, follow, max-snippet:-1, max-image-preview:large, max-video-preview:-1\" \/>\n<link rel=\"canonical\" href=\"https:\/\/www.lokora.fr\/en\/residence\/residence-perpignan\/\" \/>\n<meta property=\"og:locale\" content=\"en_US\" \/>\n<meta property=\"og:type\" content=\"article\" \/>\n<meta property=\"og:title\" content=\"R\u00e9sidence \u00e9tudiante Perpignan - Lokora\" \/>\n<meta property=\"og:description\" content=\"Explorez notre r\u00e9sidence \u00e9tudiante \u00e0 Perpignan, id\u00e9alement situ\u00e9s pour tout style de vie. D\u00e9couvrez votre futur chez-vous d\u00e8s maintenant !\" \/>\n<meta property=\"og:url\" content=\"https:\/\/www.lokora.fr\/en\/residence\/residence-perpignan\/\" \/>\n<meta property=\"og:site_name\" content=\"Lokora\" \/>\n<meta property=\"article:publisher\" content=\"https:\/\/www.facebook.com\/people\/Lokora\/61552218247744\/\" \/>\n<meta property=\"og:image\" content=\"https:\/\/www.lokora.fr\/wp-content\/uploads\/2024\/07\/LOKORA-Residence-etudiante-chambre-1.webp\" \/>\n\t<meta property=\"og:image:width\" content=\"1500\" \/>\n\t<meta property=\"og:image:height\" content=\"957\" \/>\n\t<meta property=\"og:image:type\" content=\"image\/webp\" \/>\n<meta name=\"twitter:card\" content=\"summary_large_image\" \/>\n<meta name=\"twitter:label1\" content=\"Est. reading time\" \/>\n\t<meta name=\"twitter:data1\" content=\"7 minutes\" \/>\n<script type=\"application\/ld+json\" class=\"yoast-schema-graph\">{\"@context\":\"https:\/\/schema.org\",\"@graph\":[{\"@type\":\"WebPage\",\"@id\":\"https:\/\/www.lokora.fr\/en\/residence\/residence-perpignan\/\",\"url\":\"https:\/\/www.lokora.fr\/en\/residence\/residence-perpignan\/\",\"name\":\"R\u00e9sidence \u00e9tudiante Perpignan - Lokora\",\"isPartOf\":{\"@id\":\"https:\/\/www.lokora.fr\/en\/#website\"},\"primaryImageOfPage\":{\"@id\":\"https:\/\/www.lokora.fr\/en\/residence\/residence-perpignan\/#primaryimage\"},\"image\":{\"@id\":\"https:\/\/www.lokora.fr\/en\/residence\/residence-perpignan\/#primaryimage\"},\"thumbnailUrl\":\"https:\/\/www.lokora.fr\/wp-content\/uploads\/2024\/07\/generated-image-1bc39e5d-scaled.jpg\",\"datePublished\":\"2024-07-17T14:14:05+00:00\",\"description\":\"Explorez notre r\u00e9sidence \u00e9tudiante \u00e0 Perpignan, id\u00e9alement situ\u00e9s pour tout style de vie. D\u00e9couvrez votre futur chez-vous d\u00e8s maintenant !\",\"breadcrumb\":{\"@id\":\"https:\/\/www.lokora.fr\/en\/residence\/residence-perpignan\/#breadcrumb\"},\"inLanguage\":\"en-US\",\"potentialAction\":[{\"@type\":\"ReadAction\",\"target\":[\"https:\/\/www.lokora.fr\/en\/residence\/residence-perpignan\/\"]}]},{\"@type\":\"ImageObject\",\"inLanguage\":\"en-US\",\"@id\":\"https:\/\/www.lokora.fr\/en\/residence\/residence-perpignan\/#primaryimage\",\"url\":\"https:\/\/www.lokora.fr\/wp-content\/uploads\/2024\/07\/generated-image-1bc39e5d-scaled.jpg\",\"contentUrl\":\"https:\/\/www.lokora.fr\/wp-content\/uploads\/2024\/07\/generated-image-1bc39e5d-scaled.jpg\",\"width\":2560,\"height\":2560},{\"@type\":\"BreadcrumbList\",\"@id\":\"https:\/\/www.lokora.fr\/en\/residence\/residence-perpignan\/#breadcrumb\",\"itemListElement\":[{\"@type\":\"ListItem\",\"position\":1,\"name\":\"Accueil\",\"item\":\"https:\/\/www.lokora.fr\/en\/\"},{\"@type\":\"ListItem\",\"position\":2,\"name\":\"R\u00e9sidences\",\"item\":\"https:\/\/www.lokora.fr\/en\/residences\/\"},{\"@type\":\"ListItem\",\"position\":3,\"name\":\"R\u00e9sidence Perpignan\"}]},{\"@type\":\"WebSite\",\"@id\":\"https:\/\/www.lokora.fr\/en\/#website\",\"url\":\"https:\/\/www.lokora.fr\/en\/\",\"name\":\"Lokora\",\"description\":\"Lokora, R\u00e9sidences \u00e9tudiantes en France\",\"publisher\":{\"@id\":\"https:\/\/www.lokora.fr\/en\/#organization\"},\"alternateName\":\"R\u00e9sidences \u00e9tudiantes en France\",\"potentialAction\":[{\"@type\":\"SearchAction\",\"target\":{\"@type\":\"EntryPoint\",\"urlTemplate\":\"https:\/\/www.lokora.fr\/en\/?s={search_term_string}\"},\"query-input\":{\"@type\":\"PropertyValueSpecification\",\"valueRequired\":true,\"valueName\":\"search_term_string\"}}],\"inLanguage\":\"en-US\"},{\"@type\":\"Organization\",\"@id\":\"https:\/\/www.lokora.fr\/en\/#organization\",\"name\":\"LOKORA , R\u00e9sidences \u00e9tudiantes en France\",\"alternateName\":\"LOKORA\",\"url\":\"https:\/\/www.lokora.fr\/en\/\",\"logo\":{\"@type\":\"ImageObject\",\"inLanguage\":\"en-US\",\"@id\":\"https:\/\/www.lokora.fr\/en\/#\/schema\/logo\/image\/\",\"url\":\"https:\/\/www.lokora.fr\/wp-content\/uploads\/2023\/12\/Logo-LOKORA-1.png\",\"contentUrl\":\"https:\/\/www.lokora.fr\/wp-content\/uploads\/2023\/12\/Logo-LOKORA-1.png\",\"width\":274,\"height\":108,\"caption\":\"LOKORA , R\u00e9sidences \u00e9tudiantes en France\"},\"image\":{\"@id\":\"https:\/\/www.lokora.fr\/en\/#\/schema\/logo\/image\/\"},\"sameAs\":[\"https:\/\/www.facebook.com\/people\/Lokora\/61552218247744\/\",\"https:\/\/www.instagram.com\/residences_lokora\/\",\"https:\/\/www.linkedin.com\/company\/lokora-r\u00e9sidences-\u00e9tudiantes?originalSubdomain=fr\"]}]}<\/script>\n<!-- \/ Yoast SEO plugin. -->","yoast_head_json":{"title":"R\u00e9sidence \u00e9tudiante Perpignan - Lokora","description":"Explorez notre r\u00e9sidence \u00e9tudiante \u00e0 Perpignan, id\u00e9alement situ\u00e9s pour tout style de vie. D\u00e9couvrez votre futur chez-vous d\u00e8s maintenant !","robots":{"index":"index","follow":"follow","max-snippet":"max-snippet:-1","max-image-preview":"max-image-preview:large","max-video-preview":"max-video-preview:-1"},"canonical":"https:\/\/www.lokora.fr\/en\/residence\/residence-perpignan\/","og_locale":"en_US","og_type":"article","og_title":"R\u00e9sidence \u00e9tudiante Perpignan - Lokora","og_description":"Explorez notre r\u00e9sidence \u00e9tudiante \u00e0 Perpignan, id\u00e9alement situ\u00e9s pour tout style de vie. D\u00e9couvrez votre futur chez-vous d\u00e8s maintenant !","og_url":"https:\/\/www.lokora.fr\/en\/residence\/residence-perpignan\/","og_site_name":"Lokora","article_publisher":"https:\/\/www.facebook.com\/people\/Lokora\/61552218247744\/","og_image":[{"width":1500,"height":957,"url":"https:\/\/www.lokora.fr\/wp-content\/uploads\/2024\/07\/LOKORA-Residence-etudiante-chambre-1.webp","type":"image\/webp"}],"twitter_card":"summary_large_image","twitter_misc":{"Est. reading time":"7 minutes"},"schema":{"@context":"https:\/\/schema.org","@graph":[{"@type":"WebPage","@id":"https:\/\/www.lokora.fr\/en\/residence\/residence-perpignan\/","url":"https:\/\/www.lokora.fr\/en\/residence\/residence-perpignan\/","name":"R\u00e9sidence \u00e9tudiante Perpignan - Lokora","isPartOf":{"@id":"https:\/\/www.lokora.fr\/en\/#website"},"primaryImageOfPage":{"@id":"https:\/\/www.lokora.fr\/en\/residence\/residence-perpignan\/#primaryimage"},"image":{"@id":"https:\/\/www.lokora.fr\/en\/residence\/residence-perpignan\/#primaryimage"},"thumbnailUrl":"https:\/\/www.lokora.fr\/wp-content\/uploads\/2024\/07\/generated-image-1bc39e5d-scaled.jpg","datePublished":"2024-07-17T14:14:05+00:00","description":"Explorez notre r\u00e9sidence \u00e9tudiante \u00e0 Perpignan, id\u00e9alement situ\u00e9s pour tout style de vie. D\u00e9couvrez votre futur chez-vous d\u00e8s maintenant !","breadcrumb":{"@id":"https:\/\/www.lokora.fr\/en\/residence\/residence-perpignan\/#breadcrumb"},"inLanguage":"en-US","potentialAction":[{"@type":"ReadAction","target":["https:\/\/www.lokora.fr\/en\/residence\/residence-perpignan\/"]}]},{"@type":"ImageObject","inLanguage":"en-US","@id":"https:\/\/www.lokora.fr\/en\/residence\/residence-perpignan\/#primaryimage","url":"https:\/\/www.lokora.fr\/wp-content\/uploads\/2024\/07\/generated-image-1bc39e5d-scaled.jpg","contentUrl":"https:\/\/www.lokora.fr\/wp-content\/uploads\/2024\/07\/generated-image-1bc39e5d-scaled.jpg","width":2560,"height":2560},{"@type":"BreadcrumbList","@id":"https:\/\/www.lokora.fr\/en\/residence\/residence-perpignan\/#breadcrumb","itemListElement":[{"@type":"ListItem","position":1,"name":"Accueil","item":"https:\/\/www.lokora.fr\/en\/"},{"@type":"ListItem","position":2,"name":"R\u00e9sidences","item":"https:\/\/www.lokora.fr\/en\/residences\/"},{"@type":"ListItem","position":3,"name":"R\u00e9sidence Perpignan"}]},{"@type":"WebSite","@id":"https:\/\/www.lokora.fr\/en\/#website","url":"https:\/\/www.lokora.fr\/en\/","name":"Lokora","description":"Lokora, R\u00e9sidences \u00e9tudiantes en France","publisher":{"@id":"https:\/\/www.lokora.fr\/en\/#organization"},"alternateName":"R\u00e9sidences \u00e9tudiantes en France","potentialAction":[{"@type":"SearchAction","target":{"@type":"EntryPoint","urlTemplate":"https:\/\/www.lokora.fr\/en\/?s={search_term_string}"},"query-input":{"@type":"PropertyValueSpecification","valueRequired":true,"valueName":"search_term_string"}}],"inLanguage":"en-US"},{"@type":"Organization","@id":"https:\/\/www.lokora.fr\/en\/#organization","name":"LOKORA , R\u00e9sidences \u00e9tudiantes en France","alternateName":"LOKORA","url":"https:\/\/www.lokora.fr\/en\/","logo":{"@type":"ImageObject","inLanguage":"en-US","@id":"https:\/\/www.lokora.fr\/en\/#\/schema\/logo\/image\/","url":"https:\/\/www.lokora.fr\/wp-content\/uploads\/2023\/12\/Logo-LOKORA-1.png","contentUrl":"https:\/\/www.lokora.fr\/wp-content\/uploads\/2023\/12\/Logo-LOKORA-1.png","width":274,"height":108,"caption":"LOKORA , R\u00e9sidences \u00e9tudiantes en France"},"image":{"@id":"https:\/\/www.lokora.fr\/en\/#\/schema\/logo\/image\/"},"sameAs":["https:\/\/www.facebook.com\/people\/Lokora\/61552218247744\/","https:\/\/www.instagram.com\/residences_lokora\/","https:\/\/www.linkedin.com\/company\/lokora-r\u00e9sidences-\u00e9tudiantes?originalSubdomain=fr"]}]}},"_links":{"self":[{"href":"https:\/\/www.lokora.fr\/en\/wp-json\/wp\/v2\/residence\/5024","targetHints":{"allow":["GET"]}}],"collection":[{"href":"https:\/\/www.lokora.fr\/en\/wp-json\/wp\/v2\/residence"}],"about":[{"href":"https:\/\/www.lokora.fr\/en\/wp-json\/wp\/v2\/types\/residence"}],"version-history":[{"count":0,"href":"https:\/\/www.lokora.fr\/en\/wp-json\/wp\/v2\/residence\/5024\/revisions"}],"wp:featuredmedia":[{"embeddable":true,"href":"https:\/\/www.lokora.fr\/en\/wp-json\/wp\/v2\/media\/6927"}],"wp:attachment":[{"href":"https:\/\/www.lokora.fr\/en\/wp-json\/wp\/v2\/media?parent=5024"}],"curies":[{"name":"wp","href":"https:\/\/api.w.org\/{rel}","templated":true}]}}