{"id":5022,"date":"2024-03-21T09:41:09","date_gmt":"2024-03-21T08:41:09","guid":{"rendered":"https:\/\/www.lokora.fr\/residence\/nantes\/"},"modified":"2024-03-21T09:41:09","modified_gmt":"2024-03-21T08:41:09","slug":"nantes","status":"publish","type":"residence","link":"https:\/\/www.lokora.fr\/en\/residence\/nantes\/","title":{"rendered":"R\u00e9sidence Nantes"},"content":{"rendered":"<header class=\"entry-header\" style=\"background-image:url('https:\/\/www.lokora.fr\/wp-content\/uploads\/2024\/03\/LOKORA-Nantes.jpg');\">\n<div class=\"entry-header-img\"><img decoding=\"async\" class=\"header-img\" src=\"https:\/\/www.lokora.fr\/wp-content\/uploads\/2024\/03\/LOKORA-Nantes-768x258.jpg\" width=\"100%\" alt=\"Lokora r\u00e9sidence \u00e9tudiante Nantes\" \/><\/div>\n<p>        <!--\/wp-content\/uploads\/2024\/01\/3376-DSCF2433.jpg--><\/p>\n<div class=\"\" id=\"content\" tabindex=\"-1\">\n<div class=\"section1\">\n<div class=\"bloc1\">\n<div class=\"bloc2\">\n<h1><span>R\u00e9sidence \u00e9tudiante<\/span>Nantes<\/h1>\n<p class=\"accroche\">Au c\u0153ur de Nantes, la r\u00e9sidence Lokora red\u00e9finit l&#8217;art de vivre \u00e9tudiant en alliant modernit\u00e9, s\u00e9curit\u00e9 et praticit\u00e9. Chaque d\u00e9tail a \u00e9t\u00e9 pens\u00e9 pour votre bien-\u00eatre et votre r\u00e9ussite.\n<\/p>\n<p>                <a href=\"#situation\"><\/p>\n<div class=\"localisation\"><img decoding=\"async\" src=\"\/wp-content\/uploads\/2024\/02\/map.png\" alt=\"localisation\"  width=\"32\" height=\"32\"\/>6 Chemin de la Chatterie,  44800 SAINT-HERBLAIN<br \/>\n                  <span>voir la localisation<\/span><\/div>\n<p><\/a><\/p>\n<form method=\"get\" action=\"https:\/\/www.lokora.fr\/reservation-lokora\/\">\n                <input type=\"hidden\" name=\"res\" value=\"3289\" \/><br \/>\n                <select name=\"apt\" id=\"res-apt\"><option>Choisissez votre type de logement<\/option><option value=\"T1 \">T1 <\/option><option value=\"T2\">T2<\/option><option value=\"T2 bis \">T2 bis <\/option><option value=\"T2 Duo (2 chambres - lit 140 &#038; salle-de-bain privatives &#038; Espace commun)\">T2 Duo (2 chambres &#8211; lit 140 &#038; salle-de-bain privatives &#038; Espace commun)<\/option><option value=\"T2 partag\u00e9 2 chambres - lit 120 &#038; Espaces communs)\">T2 partag\u00e9 2 chambres &#8211; lit 120 &#038; Espaces communs)<\/option><\/select><\/p>\n<div class=\"cat\">\n                  <a href=\"#etre-rappele\" class=\"btn btn1\">\u00catre rappel\u00e9(e)<\/a><br \/>\n                  <button class=\"btn btn2\" type=\"submit\">Je d\u00e9pose un dossier<\/button>\n                <\/div>\n<\/p><\/form>\n<\/p><\/div>\n<\/p><\/div>\n<\/p><\/div>\n<\/p><\/div>\n<\/header>\n<p>      <!-- .entry-header --><\/p>\n<div class=\"container\">\n<div class=\"anchors\"> <a href=\"#residence\">La r\u00e9sidence<\/a> <a href=\"#photos\">Photos &#038; Vid\u00e9os<\/a> <a href=\"#logements\">Les logements<\/a> <a href=\"#situation\">Situation g\u00e9ographique<\/a> <a href=\"#temoignages\">T\u00e9moignages<\/a> <a href=\"#actualites\">Actualit\u00e9s<\/a> <\/div>\n<\/p><\/div>\n<div id=\"residence-top\" class=\"wave\"><\/div>\n<div id=\"residence\">\n<div class=\"container\">\n<div class=\"row\">\n<div class=\"col-md-4\">\n<div class=\"residence-img\">\n                              <\/div>\n<\/p><\/div>\n<div class=\"col-md-8\">\n<div class=\"residence-text\">\n<h2><\/h2>\n<\/p><\/div>\n<\/p><\/div>\n<\/p><\/div>\n<\/p><\/div>\n<\/p><\/div>\n<div id=\"residence-bottom\" class=\"wave\"><\/div>\n<div class=\"container\">\n<div id=\"gestionnaire\">\n<div class=\"gestionnaire-img\">\n<div class=\"img-cercle\">\n              <img width=\"780\" height=\"780\" src=\"https:\/\/www.lokora.fr\/wp-content\/uploads\/2024\/03\/Samuel-gestionnaire-Nantes.jpg\" class=\"attachment-full size-full\" alt=\"Samuel-gestionnaire-Nantes\" decoding=\"async\" loading=\"lazy\" srcset=\"https:\/\/www.lokora.fr\/wp-content\/uploads\/2024\/03\/Samuel-gestionnaire-Nantes.jpg 780w, https:\/\/www.lokora.fr\/wp-content\/uploads\/2024\/03\/Samuel-gestionnaire-Nantes-300x300.jpg 300w, https:\/\/www.lokora.fr\/wp-content\/uploads\/2024\/03\/Samuel-gestionnaire-Nantes-150x150.jpg 150w, https:\/\/www.lokora.fr\/wp-content\/uploads\/2024\/03\/Samuel-gestionnaire-Nantes-768x768.jpg 768w\" sizes=\"auto, (max-width: 780px) 100vw, 780px\" \/>            <\/div>\n<\/p><\/div>\n<div class=\"gestionnaire-text\">\n<p><p>\u00ab\u00a0Id\u00e9alement situ\u00e9e pr\u00e8s des grandes \u00e9coles de Nantes, la r\u00e9sidence LOKORA accueille les \u00e9tudiants et aussi les actifs dans un cadre propice \u00e0 la r\u00e9ussite, en plein c\u0153ur d\u2019un parc d\u2019activit\u00e9s dans des logements r\u00e9cents et au go\u00fbt du jour.<br \/>\nLes transports sont aux pieds de la r\u00e9sidence et les commerces \u00e0 quelques minutes de marche. Du studio au T2bis, en passant par le duo sp\u00e9cial colocation, vous \u00eates certains de trouver le logement id\u00e9al.<br \/>\nJe suis disponible et \u00e0 l\u2019\u00e9coute des besoins de nos r\u00e9sidents. Je serais ravi de vous accueillir chez LOKORA. A bient\u00f4t \u00ab\u00a0<\/p>\n<\/p>\n<p class=\"gestionnaire-signature\"><span class=\"gestionnaire-nom\">Samuel<\/span>, Gestionnaire de r\u00e9sidence<\/p>\n<div class=\"cat\"> <a href=\"tel:06 89 24 72 37\" class=\"btn btn1\">06 89 24 72 37<\/a> <a href=\"mailto:nantes@lokora.fr\" class=\"btn btn2\">Contacter par email<\/a> <\/div>\n<\/p><\/div>\n<\/p><\/div>\n<\/p><\/div>\n<p>      <!--\n\n<div class=\"flexslider photos-slider\">\n  \n\n<ul class=\"slides\">\n    \n\n<li>\n      <a href=\"http:\/\/www.youtube.com\/watch?v=0O2aH4XLbt\" class=\"openvideo play\"><img decoding=\"async\" src=\"\/wp-content\/uploads\/2024\/01\/residence-etudiante-acheres-IMG_6828-8.jpg\" \/><\/a>\n    <\/li>\n\n\n    \n\n<li>\n      <img decoding=\"async\" src=\"\/wp-content\/uploads\/2024\/01\/IMG_6453.jpg\" \/>\n    <\/li>\n\n\n    \n\n<li>\n      <img decoding=\"async\" src=\"\/wp-content\/uploads\/2024\/01\/IMG_6780.jpg\" \/>\n    <\/li>\n\n\n    \n\n<li>\n      <img decoding=\"async\" src=\"\/wp-content\/uploads\/2024\/01\/IMG_6810.jpg\" \/>\n    <\/li>\n\n\n    \n\n<li>\n      <img decoding=\"async\" src=\"\/wp-content\/uploads\/2024\/01\/IMG_6827.jpg\" \/>\n    <\/li>\n\n\n  <\/ul>\n\n\n<\/div>\n\n\n          <\/div>\n\n\n          <\/div>\n\n--><\/p>\n<div id=\"photos\">\n<div class=\"container\">\n<h2>Photos &#038; Vid\u00e9o<\/h2>\n<p>          <!--\n\n<h3 class=\"subtitle\">Lorem ipsum dolor sit amet, consectetur adipiscing elit.<\/h3>\n\n--><\/p>\n<div class=\"flexslider photos-slider\">\n<ul class=\"slides\">\n<li>\n                                <a href=\"https:\/\/www.lokora.fr\/wp-content\/uploads\/2024\/03\/residence-etudiante-nantes-01.jpg\" class=\"openimage\"><img decoding=\"async\" src=\"https:\/\/www.lokora.fr\/wp-content\/uploads\/2024\/03\/residence-etudiante-nantes-01-422x317.jpg\" alt=\"Lokora r\u00e9sidence \u00e9tudiante Nantes T1\" \/><\/a>\n                              <\/li>\n<li>\n                                <a href=\"https:\/\/www.lokora.fr\/wp-content\/uploads\/2024\/03\/residence-etudiante-nantes-03.jpg\" class=\"openimage\"><img decoding=\"async\" src=\"https:\/\/www.lokora.fr\/wp-content\/uploads\/2024\/03\/residence-etudiante-nantes-03-422x317.jpg\" alt=\"Lokora r\u00e9sidence \u00e9tudiante Nantes Immeuble\" \/><\/a>\n                              <\/li>\n<li>\n                                <a href=\"https:\/\/www.lokora.fr\/wp-content\/uploads\/2024\/03\/residence-etudiante-nantes-02.jpg\" class=\"openimage\"><img decoding=\"async\" src=\"https:\/\/www.lokora.fr\/wp-content\/uploads\/2024\/03\/residence-etudiante-nantes-02-422x317.jpg\" alt=\"Lokora r\u00e9sidence \u00e9tudiante Nantes studio\" \/><\/a>\n                              <\/li>\n<li>\n                                <a href=\"https:\/\/www.lokora.fr\/wp-content\/uploads\/2024\/03\/residence-etudiante-nantes-05.jpg\" class=\"openimage\"><img decoding=\"async\" src=\"https:\/\/www.lokora.fr\/wp-content\/uploads\/2024\/03\/residence-etudiante-nantes-05-422x317.jpg\" alt=\"Lokora r\u00e9sidence \u00e9tudiante Nantes espace exterieur\" \/><\/a>\n                              <\/li>\n<li>\n                                <a href=\"https:\/\/www.lokora.fr\/wp-content\/uploads\/2024\/03\/residence-etudiante-nantes-04.jpg\" class=\"openimage\"><img decoding=\"async\" src=\"https:\/\/www.lokora.fr\/wp-content\/uploads\/2024\/03\/residence-etudiante-nantes-04-422x317.jpg\" alt=\"Lokora r\u00e9sidence \u00e9tudiante Nantes T2\" \/><\/a>\n                              <\/li>\n<li>\n                                <a href=\"https:\/\/www.lokora.fr\/wp-content\/uploads\/2024\/03\/residence-etudiante-nantes-06.jpg\" class=\"openimage\"><img decoding=\"async\" src=\"https:\/\/www.lokora.fr\/wp-content\/uploads\/2024\/03\/residence-etudiante-nantes-06-422x317.jpg\" alt=\"Lokora r\u00e9sidence \u00e9tudiante Nantes cuisine\" \/><\/a>\n                              <\/li>\n<li>\n                                <a href=\"https:\/\/www.lokora.fr\/wp-content\/uploads\/2024\/03\/Nantes-Salle-commune-2-scaled.jpg\" class=\"openimage\"><img decoding=\"async\" src=\"https:\/\/www.lokora.fr\/wp-content\/uploads\/2024\/03\/Nantes-Salle-commune-2-422x317.jpg\" alt=\"Lokora r\u00e9sidence \u00e9tudiante Nantes espaces communs\" \/><\/a>\n                              <\/li>\n<li>\n                                <a href=\"https:\/\/www.lokora.fr\/wp-content\/uploads\/2024\/03\/Nantes-Chambre-cuisine-2-scaled.jpg\" class=\"openimage\"><img decoding=\"async\" src=\"https:\/\/www.lokora.fr\/wp-content\/uploads\/2024\/03\/Nantes-Chambre-cuisine-2-422x317.jpg\" alt=\"Lokora r\u00e9sidence \u00e9tudiante Nantes T2 cuisine\" \/><\/a>\n                              <\/li>\n<li>\n                                <a href=\"https:\/\/www.lokora.fr\/wp-content\/uploads\/2024\/03\/Nantes-Salle-commune-scaled.jpg\" class=\"openimage\"><img decoding=\"async\" src=\"https:\/\/www.lokora.fr\/wp-content\/uploads\/2024\/03\/Nantes-Salle-commune-422x317.jpg\" alt=\"Lokora r\u00e9sidence \u00e9tudiante Nantes salle commune\" \/><\/a>\n                              <\/li>\n<li>\n                                <a href=\"https:\/\/www.lokora.fr\/wp-content\/uploads\/2024\/03\/Nantes-Salle-detude--scaled.jpg\" class=\"openimage\"><img decoding=\"async\" src=\"https:\/\/www.lokora.fr\/wp-content\/uploads\/2024\/03\/Nantes-Salle-detude--422x317.jpg\" alt=\"Lokora r\u00e9sidence \u00e9tudiante Nantes salle polyvalente\" \/><\/a>\n                              <\/li>\n<li>\n                                <a href=\"https:\/\/www.lokora.fr\/wp-content\/uploads\/2024\/03\/Nantes-Chambre-scaled.jpg\" class=\"openimage\"><img decoding=\"async\" src=\"https:\/\/www.lokora.fr\/wp-content\/uploads\/2024\/03\/Nantes-Chambre-422x317.jpg\" alt=\"Lokora r\u00e9sidence \u00e9tudiante Nantes chambre\" \/><\/a>\n                              <\/li>\n<li>\n                                <a href=\"https:\/\/www.lokora.fr\/wp-content\/uploads\/2024\/03\/Nantes-Salle-de-sport--scaled.jpg\" class=\"openimage\"><img decoding=\"async\" src=\"https:\/\/www.lokora.fr\/wp-content\/uploads\/2024\/03\/Nantes-Salle-de-sport--422x317.jpg\" alt=\"Lokora r\u00e9sidence \u00e9tudiante Nantes salle de sport\" \/><\/a>\n                              <\/li>\n<li>\n                                <a href=\"https:\/\/www.lokora.fr\/wp-content\/uploads\/2024\/03\/Nantes-Chambre-3-scaled.jpg\" class=\"openimage\"><img decoding=\"async\" src=\"https:\/\/www.lokora.fr\/wp-content\/uploads\/2024\/03\/Nantes-Chambre-3-422x317.jpg\" alt=\"Lokora r\u00e9sidence \u00e9tudiante Nantes logement\" \/><\/a>\n                              <\/li>\n<li>\n                                <a href=\"https:\/\/www.lokora.fr\/wp-content\/uploads\/2024\/03\/Nantes-Chambre-cuisine--scaled.jpg\" class=\"openimage\"><img decoding=\"async\" src=\"https:\/\/www.lokora.fr\/wp-content\/uploads\/2024\/03\/Nantes-Chambre-cuisine--422x317.jpg\" alt=\"Lokora r\u00e9sidence \u00e9tudiante Nantes T2 duo\" \/><\/a>\n                              <\/li>\n<li>\n                                <a href=\"https:\/\/www.lokora.fr\/wp-content\/uploads\/2024\/03\/Nantes-Chambre-salle-de-bain-scaled.jpg\" class=\"openimage\"><img decoding=\"async\" src=\"https:\/\/www.lokora.fr\/wp-content\/uploads\/2024\/03\/Nantes-Chambre-salle-de-bain-422x317.jpg\" alt=\"Lokora r\u00e9sidence \u00e9tudiante Nantes salle de bain\" \/><\/a>\n                              <\/li>\n<li>\n                                <a href=\"https:\/\/www.lokora.fr\/wp-content\/uploads\/2024\/03\/Nantes-Batiment-exterieur-.jpg\" class=\"openimage\"><img decoding=\"async\" src=\"https:\/\/www.lokora.fr\/wp-content\/uploads\/2024\/03\/Nantes-Batiment-exterieur--422x317.jpg\" alt=\"Lokora r\u00e9sidence \u00e9tudiante Nantes b\u00e2timent\" \/><\/a>\n                              <\/li>\n<li>\n                                <a href=\"https:\/\/www.lokora.fr\/wp-content\/uploads\/2024\/03\/WhatsApp-Image-2024-03-28-at-11.39.55.jpeg\" class=\"openimage\"><img decoding=\"async\" src=\"https:\/\/www.lokora.fr\/wp-content\/uploads\/2024\/03\/WhatsApp-Image-2024-03-28-at-11.39.55-422x317.jpeg\" alt=\"LOKORA r\u00e9sidence \u00e9tudiante Nantes sport 1\" \/><\/a>\n                              <\/li>\n<li>\n                                <a href=\"https:\/\/www.lokora.fr\/wp-content\/uploads\/2024\/03\/WhatsApp-Image-2024-03-28-at-11.40.02.jpeg\" class=\"openimage\"><img decoding=\"async\" src=\"https:\/\/www.lokora.fr\/wp-content\/uploads\/2024\/03\/WhatsApp-Image-2024-03-28-at-11.40.02-422x317.jpeg\" alt=\"LOKORA r\u00e9sidence \u00e9tudiante Nantes sport 2\" \/><\/a>\n                              <\/li>\n<li>\n                                <a href=\"https:\/\/www.lokora.fr\/wp-content\/uploads\/2024\/03\/WhatsApp-Image-2024-03-28-at-11.40.06.jpeg\" class=\"openimage\"><img decoding=\"async\" src=\"https:\/\/www.lokora.fr\/wp-content\/uploads\/2024\/03\/WhatsApp-Image-2024-03-28-at-11.40.06-422x317.jpeg\" alt=\"LOKORA r\u00e9sidence \u00e9tudiante Nantes sport 3\" \/><\/a>\n                              <\/li>\n<\/ul><\/div>\n<h2>Visites virtuelles<\/h2>\n<div class=\"flexslider visites-slider\">\n<ul class=\"slides\">\n<li><a href=\"https:\/\/my.matterport.com\/show\/?m=AXDYQFLvQBK&#038;utm_source=LOKORA&#038;utm_medium=social+t1+nantes+visite+virtuelle&#038;utm_campaign=t1+nantes+visite+virtuelle\" target=\"_blank\" rel=\"noopener\"><img decoding=\"async\" src=\"https:\/\/www.lokora.fr\/wp-content\/uploads\/2024\/03\/Capture-decran-2024-07-29-a-15.20.43-422x317.png\" \/><\/a><\/li>\n<\/ul><\/div>\n<\/p><\/div>\n<\/p><\/div>\n<div id=\"logements-top\" class=\"wave\"><\/div>\n<div id=\"logements\" class=\"full-section\">\n<div class=\"container\">\n<div class=\"logements-content row\">\n<div class=\"logements-text  col-md-6\">\n<h2>Nos logements \u00e9tudiants<\/h2>\n<p><b>Le choix r\u00e9fl\u00e9chi des \u00e9quipements fait de ces int\u00e9rieurs un Art de vivre r\u00e9solument agr\u00e9able et moderne.<\/b><\/p>\n<p><span style=\"font-weight: 400;\">Les logements enti\u00e8rement am\u00e9nag\u00e9s offrent un v\u00e9ritable standing h\u00f4telier. Un mobilier ergonomique appropri\u00e9 au confort et besoins des \u00e9tudiants. Avec des lits en matelas en 140 cm \u00e0 m\u00e9moire de forme, la cuisine \u00e9quip\u00e9e (plaques, hotte, ustensiles, frigo, four), le wifi, un veilleur de nuit ; tout est dispos\u00e9 pour vos \u00e9tudes en toute qui\u00e9tude.<\/span><\/p>\n<\/p><\/div>\n<div class=\"logements-points  col-md-6\">\n              <!--\n\n<ul>\n                              <\/ul>\n\n--><\/p>\n<ul>\n<li>Frais de dossier : A partir de 360 \u20ac<\/li>\n<li>Meubl\u00e9 : oui<\/li>\n<li>Les tarifs sont charges comprises (hors \u00e9lectricit\u00e9).<\/li>\n<li>Pr\u00e9voir une provision de 40 \u20ac pour l&rsquo;eau et le chauffage.<\/li>\n<li>Les baux pour la rentr\u00e9e commenceront au plus tard le 1er ao\u00fbt.<\/li>\n<li>D\u00e9p\u00f4t de garantie : \u00e0 partir de 681 \u20ac<\/li>\n<\/ul><\/div>\n<\/p><\/div>\n<div class=\"logements-tab\" id=\"detail-logement\">\n<div class=\"table-responsive\">\n<table class=\"table\">\n<thead>\n<tr>\n<th>Type de logement<\/th>\n<th>Superficie<\/th>\n<th>Disponibilit\u00e9<\/th>\n<th>Loyer mensuel (TTC)<\/th>\n<th>Frais de dossier<\/th>\n<th>D\u00e9pot de garantie<\/th>\n<th><\/th>\n<\/tr>\n<\/thead>\n<tbody>\n<ul class=\"slides\">\n<tr>\n<td class=\"typelogement\" data-label=\"Type de logement\">T1 <\/td>\n<td data-label=\"Superficie\">22 m\u00b2<\/td>\n<td data-label=\"Disponibilit\u00e9\">Disponibilit\u00e9 non garantie<\/td>\n<td data-label=\"Loyer mensuel (TTC)\">641 \u20ac<\/td>\n<td data-label=\"Frais de dossier\">360 \u20ac<\/td>\n<td data-label=\"D\u00e9pot de garantie\">681 \u20ac<\/td>\n<td><a href=\"https:\/\/www.lokora.fr\/reservation-lokora\/?res=3289&#038;apt=T1 \">choisir ce logement<\/a><\/td>\n<\/tr>\n<tr>\n<td class=\"typelogement\" data-label=\"Type de logement\">T2<\/td>\n<td data-label=\"Superficie\">34 m\u00b2<\/td>\n<td data-label=\"Disponibilit\u00e9\">Disponibilit\u00e9 non garantie<\/td>\n<td data-label=\"Loyer mensuel (TTC)\">740 \u20ac<\/td>\n<td data-label=\"Frais de dossier\">390 \u20ac<\/td>\n<td data-label=\"D\u00e9pot de garantie\">740 \u20ac<\/td>\n<td><a href=\"https:\/\/www.lokora.fr\/reservation-lokora\/?res=3289&#038;apt=T2\">choisir ce logement<\/a><\/td>\n<\/tr>\n<tr>\n<td class=\"typelogement\" data-label=\"Type de logement\">T2 bis <\/td>\n<td data-label=\"Superficie\">43 m\u00b2<\/td>\n<td data-label=\"Disponibilit\u00e9\">Disponibilit\u00e9 non garantie<\/td>\n<td data-label=\"Loyer mensuel (TTC)\">771 \u20ac<\/td>\n<td data-label=\"Frais de dossier\">490 \u20ac<\/td>\n<td data-label=\"D\u00e9pot de garantie\">771 \u20ac<\/td>\n<td><a href=\"https:\/\/www.lokora.fr\/reservation-lokora\/?res=3289&#038;apt=T2 bis \">choisir ce logement<\/a><\/td>\n<\/tr>\n<tr>\n<td class=\"typelogement\" data-label=\"Type de logement\">T2 Duo (2 chambres &#8211; lit 140 &#038; salle-de-bain privatives &#038; Espace commun)<\/td>\n<td data-label=\"Superficie\">49 m\u00b2<\/td>\n<td data-label=\"Disponibilit\u00e9\">Disponibilit\u00e9 non garantie<\/td>\n<td data-label=\"Loyer mensuel (TTC)\">1056 \u20ac<\/td>\n<td data-label=\"Frais de dossier\">538 \u20ac<\/td>\n<td data-label=\"D\u00e9pot de garantie\">1056 \u20ac<\/td>\n<td><a href=\"https:\/\/www.lokora.fr\/reservation-lokora\/?res=3289&#038;apt=T2 Duo (2 chambres - lit 140 &#038; salle-de-bain privatives &#038; Espace commun)\">choisir ce logement<\/a><\/td>\n<\/tr>\n<tr>\n<td class=\"typelogement\" data-label=\"Type de logement\">T2 partag\u00e9 2 chambres &#8211; lit 120 &#038; Espaces communs)<\/td>\n<td data-label=\"Superficie\">23 m\u00b2<\/td>\n<td data-label=\"Disponibilit\u00e9\">Disponibilit\u00e9 non garantie<\/td>\n<td data-label=\"Loyer mensuel (TTC)\">528 \u20ac<\/td>\n<td data-label=\"Frais de dossier\">269 \u20ac<\/td>\n<td data-label=\"D\u00e9pot de garantie\">528 \u20ac<\/td>\n<td>choisir ce logement<\/a><\/td>\n<\/tr>\n<\/tbody>\n<\/table><\/div>\n<\/p><\/div>\n<div class=\"deposer\"> Vous \u00eates int\u00e9ress\u00e9s par la r\u00e9sidence de <span style=\"text-transform:uppercase\">Nantes<\/span>, sans pr\u00e9f\u00e9rence de logement ?<\/p>\n<div><a href=\"https:\/\/www.lokora.fr\/reservation-lokora\/?res=3289\" class=\"btn btn1\">D\u00e9poser mon dossier<\/a><\/div>\n<\/p><\/div>\n<div id=\"etre-rappele\">\n<h3>Faites vous recontacter par le gestionnaire de la r\u00e9sidence <\/h3>\n<div class=\"wpcf7 no-js\" id=\"wpcf7-f3600-o1\" lang=\"fr-FR\" dir=\"ltr\">\n<div class=\"screen-reader-response\">\n<p role=\"status\" aria-live=\"polite\" aria-atomic=\"true\">\n<ul><\/ul>\n<\/div>\n<form action=\"\/wp-admin\/post.php#wpcf7-f3600-o1\" method=\"post\" class=\"wpcf7-form init cf7mls-no-scroll cf7mls-auto-return-first-step cf7mls-no-moving-animation\" aria-label=\"Formulaire de contact\" novalidate=\"novalidate\" data-status=\"init\">\n<div style=\"display: none;\">\n<input type=\"hidden\" name=\"_wpcf7\" value=\"3600\" \/><br \/>\n<input type=\"hidden\" name=\"_wpcf7_version\" value=\"5.9.3\" \/><br \/>\n<input type=\"hidden\" name=\"_wpcf7_locale\" value=\"fr_FR\" \/><br \/>\n<input type=\"hidden\" name=\"_wpcf7_unit_tag\" value=\"wpcf7-f3600-o1\" \/><br \/>\n<input type=\"hidden\" name=\"_wpcf7_container_post\" value=\"0\" \/><br \/>\n<input type=\"hidden\" name=\"_wpcf7_posted_data_hash\" value=\"\" \/><br \/>\n<input type=\"hidden\" name=\"_wpcf7_recaptcha_response\" value=\"\" \/>\n<\/div>\n<p><span class=\"wpcf7-form-control-wrap hidres\" data-name=\"hidres\"><input type=\"hidden\" name=\"hidres\" id=\"\" class=\"wpcf7-form-control wpcf7-hidden wpcf7dtx wpcf7dtx-hidden\" aria-invalid=\"false\" value=\"\" \/><\/span><br \/>\n<span class=\"wpcf7-form-control-wrap hidresid\" data-name=\"hidresid\"><input type=\"hidden\" name=\"hidresid\" id=\"\" class=\"wpcf7-form-control wpcf7-hidden wpcf7dtx wpcf7dtx-hidden\" aria-invalid=\"false\" value=\"\" \/><\/span><\/p>\n<div class=\"row\">\n<div class=\"col-sm-6\">\n<p><span class=\"wpcf7-form-control-wrap\" data-name=\"Nom\"><input size=\"40\" class=\"wpcf7-form-control wpcf7-text wpcf7-validates-as-required\" aria-required=\"true\" aria-invalid=\"false\" placeholder=\"Nom *\" value=\"\" type=\"text\" name=\"Nom\" \/><\/span>\n\t\t<\/p>\n<\/p><\/div>\n<div class=\"col-sm-6\">\n<p><span class=\"wpcf7-form-control-wrap\" data-name=\"Prnom\"><input size=\"40\" class=\"wpcf7-form-control wpcf7-text wpcf7-validates-as-required\" aria-required=\"true\" aria-invalid=\"false\" placeholder=\"Pr\u00e9nom *\" value=\"\" type=\"text\" name=\"Prnom\" \/><\/span>\n\t\t<\/p>\n<\/p><\/div>\n<\/div>\n<div class=\"row\">\n<div class=\"col-sm-6\">\n<p><span class=\"wpcf7-form-control-wrap\" data-name=\"Email\"><input size=\"40\" class=\"wpcf7-form-control wpcf7-email wpcf7-validates-as-required wpcf7-text wpcf7-validates-as-email\" aria-required=\"true\" aria-invalid=\"false\" placeholder=\"Email *\" value=\"\" type=\"email\" name=\"Email\" \/><\/span>\n\t\t<\/p>\n<\/p><\/div>\n<div class=\"col-sm-6\">\n<p><span class=\"wpcf7-form-control-wrap intl_tel\"><input class=\"wpcf7-form-control wpcf7-intl_tel wpcf7-validates-as-required wpcf7-intl-tel\" aria-required=\"true\" aria-invalid=\"false\" placeholder=\"Num\u00e9ro de mobile *\" data-initialcountry=\"Fr\" data-preferredcountries=\"France\" value=\"\" type=\"tel\" name=\"intl_tel-cf7it-national\" \/><input name=\"intl_tel\" type=\"hidden\" class=\"wpcf7-intl-tel-full\" \/><input type=\"hidden\" name=\"intl_tel-cf7it-country-name\" class=\"wpcf7-intl-tel-country-name\" \/><input type=\"hidden\" name=\"intl_tel-cf7it-country-code\" class=\"wpcf7-intl-tel-country-code\" \/><input type=\"hidden\" name=\"intl_tel-cf7it-country-iso2\" class=\"wpcf7-intl-tel-country-iso2\" \/><\/span>\n\t\t<\/p>\n<\/p><\/div>\n<\/div>\n<p><input class=\"wpcf7-form-control wpcf7-submit has-spinner\" type=\"submit\" value=\"Envoyer\" \/>\n<\/p>\n<div class=\"wpcf7-response-output\" aria-hidden=\"true\"><\/div>\n<\/form>\n<\/div><\/div>\n<\/p><\/div>\n<\/p><\/div>\n<div id=\"logements-bottom\" class=\"wave\"><\/div>\n<div id=\"services\">\n<div class=\"container\">\n<h3>Services et \u00e9quipements de la r\u00e9sidence inclus<\/h3>\n<div id=\"services-inclus\">\n<div class=\"service\">\n<div class=\"service-circle service-accueil\"><\/div>\n<p>              <span>Service d&#8217;accueil<\/span><\/div>\n<div class=\"service\">\n<div class=\"service-circle service-videosurveillance\"><\/div>\n<p>              <span>Vid\u00e9o surveillance 24h\/24<\/span><\/div>\n<div class=\"service\">\n<div class=\"service-circle service-ascenseur\"><\/div>\n<p>              <span>Ascenseur<\/span><\/div>\n<div class=\"service\">\n<div class=\"service-circle service-wifi\"><\/div>\n<p>              <span>WIFI rapide<\/span><\/div>\n<div class=\"service\">\n<div class=\"service-circle service-informatique\"><\/div>\n<p>              <span>Salle informatique<\/span><\/div>\n<div class=\"service\">\n<div class=\"service-circle service-etude\"><\/div>\n<p>              <span>Salle d\u2019\u00e9tude<\/span><\/div>\n<div class=\"service\">\n<div class=\"service-circle service-sport\"><\/div>\n<p>              <span>Salle de sport<\/span><\/div>\n<div class=\"service\">\n<div class=\"service-circle service-detente\"><\/div>\n<p>              <span>Espace d\u00e9tente<\/span><\/div>\n<div class=\"service\">\n<div class=\"service-circle service-velo\"><\/div>\n<p>              <span>Emplacement v\u00e9los<\/span><\/div>\n<div class=\"service\">\n<div class=\"service-circle service-salle\"><\/div>\n<p>              <span>Salle polyvalente<\/span><\/div>\n<div class=\"service\">\n<div class=\"service-circle service-tv\"><\/div>\n<p>              <span>Salon TV<\/span><\/div>\n<div class=\"service\">\n<div class=\"service-circle service-babyfoot\"><\/div>\n<p>              <span>Babyfoot, jeux<\/span><\/div>\n<div class=\"service\">\n<div class=\"service-circle service-terrasse\"><\/div>\n<p>              <span>Terrasse<\/span><\/div>\n<\/p><\/div>\n<h3>Services en suppl\u00e9ment<\/h3>\n<div id=\"services-sup\">\n<div class=\"service\">\n<div class=\"service-circle service-laverie\"><\/div>\n<p>              <span>Laverie en libre service<\/span><\/div>\n<div class=\"service\">\n<div class=\"service-circle service-menage\"><\/div>\n<p>              <span>Service m\u00e9nage<\/span><\/div>\n<div class=\"service\">\n<div class=\"service-circle service-boisson\"><\/div>\n<p>              <span>Distributeur de boissons<\/span><\/div>\n<div class=\"service\">\n<div class=\"service-circle service-literie\"><\/div>\n<p>              <span>Kits literie ou toilette<\/span><\/div>\n<div class=\"service\">\n<div class=\"service-circle service-parking\"><\/div>\n<p>              <span>Parking<\/span><\/div>\n<\/p><\/div>\n<\/p><\/div>\n<\/p><\/div>\n<div id=\"situation-top\" class=\"wave\"><\/div>\n<div id=\"situation\" class=\"full-section\">\n<div class=\"container\">\n<h2>Situer la r\u00e9sidence<\/h2>\n<div class=\"situation-text\">\n<ul>\n<li style=\"font-weight: 400;\" aria-level=\"1\"><span style=\"font-weight: 400;\">A quelques pas du Tramway qui rejoint l\u2019hyper centre de Nantes, cette r\u00e9sidence b\u00e9n\u00e9ficie d\u2019un emplacement privil\u00e9gi\u00e9.<\/span><\/li>\n<li style=\"font-weight: 400;\" aria-level=\"1\"><span style=\"font-weight: 400;\">Une multitude de services de transports en commun et de commerces aux portes de votre r\u00e9sidence.<\/span><\/li>\n<\/ul><\/div>\n<\/p><\/div>\n<\/p><\/div>\n<div id=\"map\" data-zoom=\"16\">\n<div class=\"marker\" data-lat=\"47.2449904\" data-lng=\"-1.6191521\">\n<div class=\"gmappopup\">\n<div class=\"gmappopup_title\">R\u00e9sidence Nantes<\/div>\n<div>\n<p>6 Chemin de la Chatterie,  44800 SAINT-HERBLAIN<br \/><a href=\"https:\/\/www.google.com\/maps\/dir\/?api=1&#038;destination=47.2449904,-1.6191521\" target=\"_blank\" rel=\"noopener\">itin\u00e9raire<\/a><\/div>\n<\/div>\n<\/div><\/div>\n<div id=\"temoignages\">\n<div class=\"container\">\n<h2>Ils parlent de nous<\/h2>\n<h3>T\u00e9moignages<\/h3>\n<div class=\"flexslider temoignages-slider\">\n<ul class=\"slides\">\n<li>\n<div class=\"temoignages-item color1\">\n<div class=\"temoignages-img img-cercle\">\n<div class=\"img-cercle2\"> <img width=\"1080\" height=\"1080\" src=\"https:\/\/www.lokora.fr\/wp-content\/uploads\/2024\/04\/8.png\" class=\"attachment-full size-full wp-post-image\" alt=\"\" decoding=\"async\" loading=\"lazy\" srcset=\"https:\/\/www.lokora.fr\/wp-content\/uploads\/2024\/04\/8.png 1080w, https:\/\/www.lokora.fr\/wp-content\/uploads\/2024\/04\/8-300x300.png 300w, https:\/\/www.lokora.fr\/wp-content\/uploads\/2024\/04\/8-1024x1024.png 1024w, https:\/\/www.lokora.fr\/wp-content\/uploads\/2024\/04\/8-150x150.png 150w, https:\/\/www.lokora.fr\/wp-content\/uploads\/2024\/04\/8-768x768.png 768w\" sizes=\"auto, (max-width: 1080px) 100vw, 1080px\" \/> <\/div>\n<\/p><\/div>\n<div class=\"temoignage-stars\"><span>\u2605<\/span><span>\u2605<\/span><span>\u2605<\/span><span>\u2605<\/span><span>\u2605<\/span><\/div>\n<div class=\"temoignage-text\">Un grand renouveau suite au rachat de la R\u00e9sidence o\u00f9 vous pouvez trouver un logement bien mis \u00e0 neuf gr\u00e2ce \u00e0 l&#8217;agent d&#8217;entretien qui est tr\u00e8s compr\u00e9hensif et professionnelle. L&#8217;efficacit\u00e9 prime maintenant o\u00f9 d\u00e9s que vous avez un probl\u00e8me, l&#8217;agent d&#8217;entretien intervient imm\u00e9diatement pour r\u00e9gler la situation. Un grand merci \u00e0 vous pour votre professionnalisme et continuez comme \u00e7a !<\/div>\n<div class=\"temoignage-author\">Alexis Gouguec<br \/><strong>Etudiant LOKORA NANTES<\/strong><\/div>\n<\/p><\/div>\n<\/li>\n<li>\n<div class=\"temoignages-item color2\">\n<div class=\"temoignages-img img-cercle\">\n<div class=\"img-cercle2\"> <img width=\"1080\" height=\"1080\" src=\"https:\/\/www.lokora.fr\/wp-content\/uploads\/2024\/04\/TEMOIGNAGE-ETUDIANT-LOKORA-1.png\" class=\"attachment-full size-full wp-post-image\" alt=\"\" decoding=\"async\" loading=\"lazy\" srcset=\"https:\/\/www.lokora.fr\/wp-content\/uploads\/2024\/04\/TEMOIGNAGE-ETUDIANT-LOKORA-1.png 1080w, https:\/\/www.lokora.fr\/wp-content\/uploads\/2024\/04\/TEMOIGNAGE-ETUDIANT-LOKORA-1-300x300.png 300w, https:\/\/www.lokora.fr\/wp-content\/uploads\/2024\/04\/TEMOIGNAGE-ETUDIANT-LOKORA-1-1024x1024.png 1024w, https:\/\/www.lokora.fr\/wp-content\/uploads\/2024\/04\/TEMOIGNAGE-ETUDIANT-LOKORA-1-150x150.png 150w, https:\/\/www.lokora.fr\/wp-content\/uploads\/2024\/04\/TEMOIGNAGE-ETUDIANT-LOKORA-1-768x768.png 768w\" sizes=\"auto, (max-width: 1080px) 100vw, 1080px\" \/> <\/div>\n<\/p><\/div>\n<div class=\"temoignage-stars\"><span>\u2605<\/span><span>\u2605<\/span><span>\u2605<\/span><span>\u2605<\/span><span>\u2605<\/span><\/div>\n<div class=\"temoignage-text\">Mon fils, de retour de vacances, coinc\u00e9 un samedi soir devant la porte de la r\u00e9sidence pour un probl\u00e8me de code. La personne contact\u00e9e, qui g\u00e8re depuis peu la r\u00e9sidence sur place, a \u00e9t\u00e9 tr\u00e8s r\u00e9active et s&#8217;est d\u00e9plac\u00e9e assez tard alors que, concr\u00e8tement, rien ne l&#8217;y obligeait, pour r\u00e9gler la situation et permettre \u00e0 notre fils de retrouver son appartement. Tr\u00e8s appr\u00e9ciable. Merci.<\/div>\n<div class=\"temoignage-author\">S\u00e9bastien Ronsin<br \/><strong>Famille de l&#8217;\u00e9tudiant LOKORA NANTES<\/strong><\/div>\n<\/p><\/div>\n<\/li>\n<li>\n<div class=\"temoignages-item color0\">\n<div class=\"temoignages-img img-cercle\">\n<div class=\"img-cercle2\"> <img width=\"1080\" height=\"1080\" src=\"https:\/\/www.lokora.fr\/wp-content\/uploads\/2024\/04\/4.png\" class=\"attachment-full size-full wp-post-image\" alt=\"Gestionnaire r\u00e9sidence \u00e9tudiante LOKORA Perpignan\" decoding=\"async\" loading=\"lazy\" srcset=\"https:\/\/www.lokora.fr\/wp-content\/uploads\/2024\/04\/4.png 1080w, https:\/\/www.lokora.fr\/wp-content\/uploads\/2024\/04\/4-300x300.png 300w, https:\/\/www.lokora.fr\/wp-content\/uploads\/2024\/04\/4-1024x1024.png 1024w, https:\/\/www.lokora.fr\/wp-content\/uploads\/2024\/04\/4-150x150.png 150w, https:\/\/www.lokora.fr\/wp-content\/uploads\/2024\/04\/4-768x768.png 768w\" sizes=\"auto, (max-width: 1080px) 100vw, 1080px\" \/> <\/div>\n<\/p><\/div>\n<div class=\"temoignage-stars\"><span>\u2605<\/span><span>\u2605<\/span><span>\u2605<\/span><span>\u2605<\/span><span>\u2605<\/span><\/div>\n<div class=\"temoignage-text\">\u00c0 la recherche d&#8217;un logement pour les 2 prochaines ann\u00e9es, nous avons visit\u00e9 plusieurs r\u00e9sidences. Coup de c\u0153ur pour celle de Lokora! Proximit\u00e9 \u00e9cole, commerces, transports. Logements bien \u00e9quip\u00e9s. Sans oublier l&#8217;accueil sympathique et bienveillant de M. Samuel COUEDEL, le nouveau gestionnaire. MERCI \u00c0 VOUS<\/div>\n<div class=\"temoignage-author\">K Lgis<br \/><strong>Etudiant LOKORA NANTES<\/strong><\/div>\n<\/p><\/div>\n<\/li>\n<li>\n<div class=\"temoignages-item color1\">\n<div class=\"temoignages-img img-cercle\">\n<div class=\"img-cercle2\"> <img width=\"1080\" height=\"1080\" src=\"https:\/\/www.lokora.fr\/wp-content\/uploads\/2024\/04\/TEMOIGNAGE-ETUDIANT-LOKORA-3.png\" class=\"attachment-full size-full wp-post-image\" alt=\"\" decoding=\"async\" loading=\"lazy\" srcset=\"https:\/\/www.lokora.fr\/wp-content\/uploads\/2024\/04\/TEMOIGNAGE-ETUDIANT-LOKORA-3.png 1080w, https:\/\/www.lokora.fr\/wp-content\/uploads\/2024\/04\/TEMOIGNAGE-ETUDIANT-LOKORA-3-300x300.png 300w, https:\/\/www.lokora.fr\/wp-content\/uploads\/2024\/04\/TEMOIGNAGE-ETUDIANT-LOKORA-3-1024x1024.png 1024w, https:\/\/www.lokora.fr\/wp-content\/uploads\/2024\/04\/TEMOIGNAGE-ETUDIANT-LOKORA-3-150x150.png 150w, https:\/\/www.lokora.fr\/wp-content\/uploads\/2024\/04\/TEMOIGNAGE-ETUDIANT-LOKORA-3-768x768.png 768w\" sizes=\"auto, (max-width: 1080px) 100vw, 1080px\" \/> <\/div>\n<\/p><\/div>\n<div class=\"temoignage-stars\"><span>\u2605<\/span><span>\u2605<\/span><span>\u2605<\/span><span>\u2605<\/span><span>\u2605<\/span><\/div>\n<div class=\"temoignage-text\">Logement tr\u00e8s bien plac\u00e9, au calme, bien equip\u00e9, id\u00e9al pour s\u00e9journer. Un gestionnaire Tr\u00e8s professionnel et tr\u00e8s r\u00e9actif ,je vous recommande \ud83d\ude42<\/div>\n<div class=\"temoignage-author\">Atab SANNE<br \/><strong>Etudiant LOKORA NANTES<\/strong><\/div>\n<\/p><\/div>\n<\/li>\n<\/ul><\/div>\n<\/p><\/div>\n<\/p><\/div>\n<div id=\"actualites-top\" class=\"wave\"><\/div>\n<div id=\"actualites\" class=\"full-section\">\n<div class=\"container\">\n<h2>Derni\u00e8res actualit\u00e9s<\/h2>\n<div class=\"actualites-items row\">\n<div class=\"actualites-item col-md-4\">\n<div> <a href=\"https:\/\/www.lokora.fr\/actualite\/demander-lapl-comment-faire-lokora-vous-guide-en-quelques-etapes\/\"><img width=\"1280\" height=\"853\" src=\"https:\/\/www.lokora.fr\/wp-content\/uploads\/2024\/02\/2f225d_cbdf19d013c84114a08c5e09d3cda774mv2.jpeg\" class=\"attachment-full size-full wp-post-image\" alt=\"\" decoding=\"async\" loading=\"lazy\" srcset=\"https:\/\/www.lokora.fr\/wp-content\/uploads\/2024\/02\/2f225d_cbdf19d013c84114a08c5e09d3cda774mv2.jpeg 1280w, https:\/\/www.lokora.fr\/wp-content\/uploads\/2024\/02\/2f225d_cbdf19d013c84114a08c5e09d3cda774mv2-300x200.jpeg 300w, https:\/\/www.lokora.fr\/wp-content\/uploads\/2024\/02\/2f225d_cbdf19d013c84114a08c5e09d3cda774mv2-768x512.jpeg 768w, https:\/\/www.lokora.fr\/wp-content\/uploads\/2024\/02\/2f225d_cbdf19d013c84114a08c5e09d3cda774mv2-1024x682.jpeg 1024w\" sizes=\"auto, (max-width: 1280px) 100vw, 1280px\" \/><\/a><br \/>\n                <a href=\"https:\/\/www.lokora.fr\/actualite\/demander-lapl-comment-faire-lokora-vous-guide-en-quelques-etapes\/\"><\/p>\n<h3>Demander l\u2019APL, comment faire ? Lokora vous guide en quelques \u00e9tapes<\/h3>\n<p><\/a><\/p>\n<p class=\"\">Excellente nouvelle pour les \u00e9tudiants ! Vous pouvez b\u00e9n\u00e9ficier de l\u2019Aide Personnelle au Logement (apr\u00e8s avoir examin\u00e9 les crit\u00e8res d&rsquo;\u00e9ligibilit\u00e9) d\u00e9livr\u00e9e par la Caisse d&rsquo;Allocation Familiales (CAF). Voici un tutoriel pour vous assister dans la proc\u00e9dure de demande. O\u00f9 faire sa demande d&rsquo;aide au logement en tant qu&rsquo;\u00e9tudiant ? Si vous voulez demander l&rsquo;APL, la premi\u00e8re \u00e9tape consiste \u00e0 identifier l&rsquo;organisme \u00e0 contacter pour d\u00e9poser votre demande d&rsquo;aide au logement.Si vous relevez du r\u00e9gime g\u00e9n\u00e9ral, rendez-vous sur le site web de la Caisse d&rsquo;Allocations Familiales\u00a0(CAF) pour effectuer votre demande en ligne. Assurez-vous d&rsquo;avoir \u00e0 une connexion Internet, ainsi qu&rsquo;un scanner [&hellip;]<\/p>\n<\/p><\/div>\n<\/p><\/div>\n<div class=\"actualites-item col-md-4\">\n<div> <a href=\"https:\/\/www.lokora.fr\/actualite\/etudiants-les-aides-a-la-mobilite-et-au-demenagement\/\"><img width=\"2000\" height=\"1333\" src=\"https:\/\/www.lokora.fr\/wp-content\/uploads\/2024\/04\/aides-au-demenagement-scaled-e1712823244663.jpg\" class=\"attachment-full size-full wp-post-image\" alt=\"\" decoding=\"async\" loading=\"lazy\" \/><\/a><br \/>\n                <a href=\"https:\/\/www.lokora.fr\/actualite\/etudiants-les-aides-a-la-mobilite-et-au-demenagement\/\"><\/p>\n<h3>\u00c9tudiants : les aides \u00e0 la mobilit\u00e9 et au d\u00e9m\u00e9nagement<\/h3>\n<p><\/a><\/p>\n<p class=\"\">Si vous \u00eates un \u00e9tudiant planifiant de quitter votre logement actuel ou de vous installer dans un nouveau secteur pour vos \u00e9tudes, il est important de savoir que diverses subventions existent pour vous soutenir durant votre parcours acad\u00e9mique. Que ce soit par des aides au logement, des bourses d&rsquo;\u00e9tude, ou des soutiens pour le d\u00e9m\u00e9nagement, des ressources financi\u00e8res sont disponibles pour vous aider. Pour plus d&rsquo;information contactez les services LOKORA ! Nous serons ravis de vous aider Les conseils et strat\u00e9gies pour optimiser votre d\u00e9m\u00e9nagement et profiter des aides Lorsque vous pr\u00e9voyez de d\u00e9m\u00e9nager, une bonne organisation et pr\u00e9paration sont [&hellip;]<\/p>\n<\/p><\/div>\n<\/p><\/div>\n<div class=\"actualites-item col-md-4\">\n<div> <a href=\"https:\/\/www.lokora.fr\/actualite\/decouvrir-nantes-les-10-lieux-incontournables\/\"><img width=\"1920\" height=\"1080\" src=\"https:\/\/www.lokora.fr\/wp-content\/uploads\/2024\/06\/Les-10-lieux-incontournables-de-Nantes-decouvrir-Nantes.jpg\" class=\"attachment-full size-full wp-post-image\" alt=\"D\u00e9couvrir Nantes \u00e0 travers le ch\u00e2teau des Ducs de Bretagne\" decoding=\"async\" loading=\"lazy\" srcset=\"https:\/\/www.lokora.fr\/wp-content\/uploads\/2024\/06\/Les-10-lieux-incontournables-de-Nantes-decouvrir-Nantes.jpg 1920w, https:\/\/www.lokora.fr\/wp-content\/uploads\/2024\/06\/Les-10-lieux-incontournables-de-Nantes-decouvrir-Nantes-300x169.jpg 300w, https:\/\/www.lokora.fr\/wp-content\/uploads\/2024\/06\/Les-10-lieux-incontournables-de-Nantes-decouvrir-Nantes-1024x576.jpg 1024w, https:\/\/www.lokora.fr\/wp-content\/uploads\/2024\/06\/Les-10-lieux-incontournables-de-Nantes-decouvrir-Nantes-768x432.jpg 768w, https:\/\/www.lokora.fr\/wp-content\/uploads\/2024\/06\/Les-10-lieux-incontournables-de-Nantes-decouvrir-Nantes-1536x864.jpg 1536w\" sizes=\"auto, (max-width: 1920px) 100vw, 1920px\" \/><\/a><br \/>\n                <a href=\"https:\/\/www.lokora.fr\/actualite\/decouvrir-nantes-les-10-lieux-incontournables\/\"><\/p>\n<h3>D\u00e9couvrir Nantes : les 10 lieux incontournables<\/h3>\n<p><\/a><\/p>\n<p class=\"\">D\u00e9couvrir la ville de Nantes, son histoire et sa culture, montre \u00e0 quel point elle regorge de lieux fascinants qui t\u00e9moignent de son riche pass\u00e9 et de son dynamisme contemporain. Pour les \u00e9tudiants curieux et avides de d\u00e9couvertes, voici une s\u00e9lection de 10 lieux culturels incontournables \u00e0 visiter au c\u0153ur de Nantes.\u00a0 Le Ch\u00e2teau des Ducs de Bretagne D\u00e9couvrez le Ch\u00e2teau des Ducs de Bretagne de Nantes. C&rsquo;est la derni\u00e8re forteresse situ\u00e9e sur les bords de la Loire avant l&rsquo;oc\u00e9an Atlantique. Construite au XVe si\u00e8cle, cette imposante structure m\u00e9di\u00e9vale abrite aujourd&rsquo;hui le Mus\u00e9e d&rsquo;histoire de Nantes. En parcourant ses murs, [&hellip;]<\/p>\n<\/p><\/div>\n<\/p><\/div>\n<div class=\"actualites-item col-md-4\">\n<div> <a href=\"https:\/\/www.lokora.fr\/actualite\/etudier-a-nantes\/\"><img width=\"1920\" height=\"1080\" src=\"https:\/\/www.lokora.fr\/wp-content\/uploads\/2024\/07\/Etudier-a-Nantes-Une-experience-enrichissante-pour-les-etudiants.jpg\" class=\"attachment-full size-full wp-post-image\" alt=\"Vie \u00e9tudiante anim\u00e9e \u00e0 Nantes\" decoding=\"async\" loading=\"lazy\" srcset=\"https:\/\/www.lokora.fr\/wp-content\/uploads\/2024\/07\/Etudier-a-Nantes-Une-experience-enrichissante-pour-les-etudiants.jpg 1920w, https:\/\/www.lokora.fr\/wp-content\/uploads\/2024\/07\/Etudier-a-Nantes-Une-experience-enrichissante-pour-les-etudiants-300x169.jpg 300w, https:\/\/www.lokora.fr\/wp-content\/uploads\/2024\/07\/Etudier-a-Nantes-Une-experience-enrichissante-pour-les-etudiants-1024x576.jpg 1024w, https:\/\/www.lokora.fr\/wp-content\/uploads\/2024\/07\/Etudier-a-Nantes-Une-experience-enrichissante-pour-les-etudiants-768x432.jpg 768w, https:\/\/www.lokora.fr\/wp-content\/uploads\/2024\/07\/Etudier-a-Nantes-Une-experience-enrichissante-pour-les-etudiants-1536x864.jpg 1536w\" sizes=\"auto, (max-width: 1920px) 100vw, 1920px\" \/><\/a><br \/>\n                <a href=\"https:\/\/www.lokora.fr\/actualite\/etudier-a-nantes\/\"><\/p>\n<h3>\u00c9tudier \u00e0 Nantes : Une exp\u00e9rience enrichissante pour les \u00e9tudiants<\/h3>\n<p><\/a><\/p>\n<p class=\"\">\u00c9tudier \u00e0 Nantes c\u2019est \u00e9tudier dans un cadre de vie stimulant et une multitude d&rsquo;activit\u00e9s enrichissantes. Nantes, situ\u00e9e sur les rives de la Loire, est une ville qui s\u00e9duit par son m\u00e9lange unique de patrimoine historique, de dynamisme moderne et de qualit\u00e9 de vie exceptionnelle.\u00a0 Une ville jeune et dynamique &nbsp; Nantes est une ville o\u00f9 pr\u00e8s de 60 000 \u00e9tudiants animent les rues, les caf\u00e9s et les espaces verts. Avec des institutions prestigieuses comme l&rsquo;Universit\u00e9 de Nantes, l&rsquo;\u00c9cole Centrale de Nantes, et l&rsquo;Audencia Business School, la ville attire des \u00e9tudiants du monde entier, cr\u00e9ant une atmosph\u00e8re cosmopolite et dynamique. [&hellip;]<\/p>\n<\/p><\/div>\n<\/p><\/div>\n<div class=\"actualites-item col-md-4\">\n<div> <a href=\"https:\/\/www.lokora.fr\/actualite\/etudier-a-nantes-changement-de-cap\/\"><img width=\"1920\" height=\"1080\" src=\"https:\/\/www.lokora.fr\/wp-content\/uploads\/2024\/07\/Etudier-a-Nantes-changement-de-cap.jpg\" class=\"attachment-full size-full wp-post-image\" alt=\"navire symbolisant le changement de cap pour aller \u00e9tudier \u00e0 Nantes\" decoding=\"async\" loading=\"lazy\" srcset=\"https:\/\/www.lokora.fr\/wp-content\/uploads\/2024\/07\/Etudier-a-Nantes-changement-de-cap.jpg 1920w, https:\/\/www.lokora.fr\/wp-content\/uploads\/2024\/07\/Etudier-a-Nantes-changement-de-cap-300x169.jpg 300w, https:\/\/www.lokora.fr\/wp-content\/uploads\/2024\/07\/Etudier-a-Nantes-changement-de-cap-1024x576.jpg 1024w, https:\/\/www.lokora.fr\/wp-content\/uploads\/2024\/07\/Etudier-a-Nantes-changement-de-cap-768x432.jpg 768w, https:\/\/www.lokora.fr\/wp-content\/uploads\/2024\/07\/Etudier-a-Nantes-changement-de-cap-1536x864.jpg 1536w\" sizes=\"auto, (max-width: 1920px) 100vw, 1920px\" \/><\/a><br \/>\n                <a href=\"https:\/\/www.lokora.fr\/actualite\/etudier-a-nantes-changement-de-cap\/\"><\/p>\n<h3>\u00c9tudier \u00e0 Nantes, changement de cap<\/h3>\n<p><\/a><\/p>\n<p class=\"\">Nantes, class\u00e9e parmi les meilleures villes \u00e9tudiantes de France dans le classement GaWC des villes mondiales, attire chaque ann\u00e9e des milliers de jeunes gr\u00e2ce \u00e0 son offre de formation diversifi\u00e9e, sa vie culturelle bouillonnante et sa qualit\u00e9 de vie exceptionnelle. Selon le magazine l&rsquo;\u00c9tudiant, la Cit\u00e9 des Ducs se distingue par son dynamisme et son attractivit\u00e9 pour la population estudiantine, qui repr\u00e9sente pr\u00e8s de 10% de ses habitants. &nbsp; \u00c9tudier \u00e0 Nantes : les meilleurs quartiers \u00e9tudiants\u00a0 &nbsp; Nantes offre plusieurs quartiers attractifs pour les \u00e9tudiants, chacun avec ses propres avantages. Le centre-ville est incontournable, regroupant de nombreux transports en [&hellip;]<\/p>\n<\/p><\/div>\n<\/p><\/div>\n<div class=\"actualites-item col-md-4\">\n<div> <a href=\"https:\/\/www.lokora.fr\/actualite\/ou-se-promener-a-nantes\/\"><img width=\"1920\" height=\"1080\" src=\"https:\/\/www.lokora.fr\/wp-content\/uploads\/2024\/07\/Ou-se-promener-a-Nantes-.jpg\" class=\"attachment-full size-full wp-post-image\" alt=\"L&#039;\u00cele de Versailles \u00e0 Nantes et un lieu o\u00f9 se promener\" decoding=\"async\" loading=\"lazy\" srcset=\"https:\/\/www.lokora.fr\/wp-content\/uploads\/2024\/07\/Ou-se-promener-a-Nantes-.jpg 1920w, https:\/\/www.lokora.fr\/wp-content\/uploads\/2024\/07\/Ou-se-promener-a-Nantes--300x169.jpg 300w, https:\/\/www.lokora.fr\/wp-content\/uploads\/2024\/07\/Ou-se-promener-a-Nantes--1024x576.jpg 1024w, https:\/\/www.lokora.fr\/wp-content\/uploads\/2024\/07\/Ou-se-promener-a-Nantes--768x432.jpg 768w, https:\/\/www.lokora.fr\/wp-content\/uploads\/2024\/07\/Ou-se-promener-a-Nantes--1536x864.jpg 1536w\" sizes=\"auto, (max-width: 1920px) 100vw, 1920px\" \/><\/a><br \/>\n                <a href=\"https:\/\/www.lokora.fr\/actualite\/ou-se-promener-a-nantes\/\"><\/p>\n<h3>O\u00f9 se promener \u00e0 Nantes ?<\/h3>\n<p><\/a><\/p>\n<p class=\"\">A Nantes, ces lieux sont id\u00e9aux pour les \u00e9tudiants cherchant \u00e0 se d\u00e9tendre, \u00e0 \u00e9tudier en plein air, ou simplement \u00e0 profiter d&rsquo;une promenade. Le Parc de Proc\u00e9 Un v\u00e9ritable \u00e9crin de verdure au c\u0153ur de Nantes, le Parc de Proc\u00e9 est l&rsquo;endroit id\u00e9al pour une pause nature en ville. Avec ses vastes pelouses, ses arbres centenaires et son plan d&rsquo;eau, ce parc offre un cadre paisible pour lire, r\u00e9viser ou pique-niquer entre amis. Facilement accessible en transport en commun, il repr\u00e9sente une bouff\u00e9e d&rsquo;oxyg\u00e8ne pour les \u00e9tudiants. D\u00e9couvrir Nantes : les 10 lieux incontournables &nbsp; Les Rives de l&rsquo;Erdre [&hellip;]<\/p>\n<\/p><\/div>\n<\/p><\/div>\n<div class=\"actualites-item col-md-4\">\n<div> <a href=\"https:\/\/www.lokora.fr\/actualite\/top-3-evenements-nantes\/\"><img width=\"1200\" height=\"1200\" src=\"https:\/\/www.lokora.fr\/wp-content\/uploads\/2024\/07\/64a42a9706c30_xu-zhen-european-thousand-arms-classical-sculpture-le-voyage-a-nantes-2023-c-martin-argyroglo-lvan.jpg\" class=\"attachment-full size-full wp-post-image\" alt=\"Sculptures festival voyage \u00e0 Nantes \u00e9dition 2023\" decoding=\"async\" loading=\"lazy\" srcset=\"https:\/\/www.lokora.fr\/wp-content\/uploads\/2024\/07\/64a42a9706c30_xu-zhen-european-thousand-arms-classical-sculpture-le-voyage-a-nantes-2023-c-martin-argyroglo-lvan.jpg 1200w, https:\/\/www.lokora.fr\/wp-content\/uploads\/2024\/07\/64a42a9706c30_xu-zhen-european-thousand-arms-classical-sculpture-le-voyage-a-nantes-2023-c-martin-argyroglo-lvan-300x300.jpg 300w, https:\/\/www.lokora.fr\/wp-content\/uploads\/2024\/07\/64a42a9706c30_xu-zhen-european-thousand-arms-classical-sculpture-le-voyage-a-nantes-2023-c-martin-argyroglo-lvan-1024x1024.jpg 1024w, https:\/\/www.lokora.fr\/wp-content\/uploads\/2024\/07\/64a42a9706c30_xu-zhen-european-thousand-arms-classical-sculpture-le-voyage-a-nantes-2023-c-martin-argyroglo-lvan-150x150.jpg 150w, https:\/\/www.lokora.fr\/wp-content\/uploads\/2024\/07\/64a42a9706c30_xu-zhen-european-thousand-arms-classical-sculpture-le-voyage-a-nantes-2023-c-martin-argyroglo-lvan-768x768.jpg 768w\" sizes=\"auto, (max-width: 1200px) 100vw, 1200px\" \/><\/a><br \/>\n                <a href=\"https:\/\/www.lokora.fr\/actualite\/top-3-evenements-nantes\/\"><\/p>\n<h3>Le top 3 des \u00e9v\u00e9nements de la ville de Nantes<\/h3>\n<p><\/a><\/p>\n<p class=\"\">Nantes, avec son ambiance vibrante et sa sc\u00e8ne culturelle dynamique, est le th\u00e9\u00e2tre de nombreux \u00e9v\u00e9nements tout au long de l&rsquo;ann\u00e9e, offrant aux \u00e9tudiants et aux habitants une multitude d&rsquo;opportunit\u00e9s pour se divertir, apprendre et se connecter. Parmi cette effervescence, certains \u00e9v\u00e9nements se distinguent par leur originalit\u00e9, leur port\u00e9e et leur capacit\u00e9 \u00e0 rassembler.\u00a0 &nbsp; \u00a0Le Voyage \u00e0 Nantes P\u00e9riode : \u00c9t\u00e9, g\u00e9n\u00e9ralement de juillet \u00e0 ao\u00fbt Fr\u00e9quence : Annuelle\u00a0\u00a0 Co\u00fbt d&rsquo;entr\u00e9e : Acc\u00e8s libre pour la majorit\u00e9 des installations et des parcours en ext\u00e9rieur &nbsp; Le Voyage \u00e0 Nantes est une c\u00e9l\u00e9bration culturelle et artistique qui m\u00e9tamorphose la ville [&hellip;]<\/p>\n<\/p><\/div>\n<\/p><\/div>\n<\/p><\/div>\n<p>          <a href=\"https:\/\/www.lokora.fr\/actualites\/\" class=\"btn btn3\">Toutes les actualit\u00e9s<\/a> <\/div>\n<\/p><\/div>\n<div id=\"actualites-bottom\" class=\"wave\"><\/div>\n<p>      <!-- .entry-content --> <\/p>\n","protected":false},"featured_media":3295,"parent":0,"template":"","class_list":["post-5022","residence","type-residence","status-publish","has-post-thumbnail","hentry"],"acf":[],"yoast_head":"<!-- This site is optimized with the Yoast SEO plugin v25.2 - https:\/\/yoast.com\/wordpress\/plugins\/seo\/ -->\n<title>R\u00e9sidence Nantes - Lokora<\/title>\n<meta name=\"robots\" content=\"index, follow, max-snippet:-1, max-image-preview:large, max-video-preview:-1\" \/>\n<link rel=\"canonical\" href=\"https:\/\/www.lokora.fr\/en\/residence\/nantes\/\" \/>\n<meta property=\"og:locale\" content=\"en_US\" \/>\n<meta property=\"og:type\" content=\"article\" \/>\n<meta property=\"og:title\" content=\"R\u00e9sidence Nantes - Lokora\" \/>\n<meta property=\"og:description\" content=\"R\u00e9sidence \u00e9tudianteNantes Au c\u0153ur de Nantes, la r\u00e9sidence Lokora red\u00e9finit l&#8217;art de vivre \u00e9tudiant en alliant modernit\u00e9, s\u00e9curit\u00e9 et praticit\u00e9. [...]\" \/>\n<meta property=\"og:url\" content=\"https:\/\/www.lokora.fr\/en\/residence\/nantes\/\" \/>\n<meta property=\"og:site_name\" content=\"Lokora\" \/>\n<meta property=\"article:publisher\" content=\"https:\/\/www.facebook.com\/people\/Lokora\/61552218247744\/\" \/>\n<meta property=\"og:image\" content=\"https:\/\/www.lokora.fr\/wp-content\/uploads\/2024\/03\/LOKORA-Nantes-768x258.jpg\" \/>\n<meta name=\"twitter:card\" content=\"summary_large_image\" \/>\n<meta name=\"twitter:label1\" content=\"Est. reading time\" \/>\n\t<meta name=\"twitter:data1\" content=\"8 minutes\" \/>\n<script type=\"application\/ld+json\" class=\"yoast-schema-graph\">{\"@context\":\"https:\/\/schema.org\",\"@graph\":[{\"@type\":\"WebPage\",\"@id\":\"https:\/\/www.lokora.fr\/en\/residence\/nantes\/\",\"url\":\"https:\/\/www.lokora.fr\/en\/residence\/nantes\/\",\"name\":\"R\u00e9sidence Nantes - Lokora\",\"isPartOf\":{\"@id\":\"https:\/\/www.lokora.fr\/en\/#website\"},\"primaryImageOfPage\":{\"@id\":\"https:\/\/www.lokora.fr\/en\/residence\/nantes\/#primaryimage\"},\"image\":{\"@id\":\"https:\/\/www.lokora.fr\/en\/residence\/nantes\/#primaryimage\"},\"thumbnailUrl\":\"https:\/\/www.lokora.fr\/wp-content\/uploads\/2024\/03\/residence-etudiante-nantes-02.jpg\",\"datePublished\":\"2024-03-21T08:41:09+00:00\",\"breadcrumb\":{\"@id\":\"https:\/\/www.lokora.fr\/en\/residence\/nantes\/#breadcrumb\"},\"inLanguage\":\"en-US\",\"potentialAction\":[{\"@type\":\"ReadAction\",\"target\":[\"https:\/\/www.lokora.fr\/en\/residence\/nantes\/\"]}]},{\"@type\":\"ImageObject\",\"inLanguage\":\"en-US\",\"@id\":\"https:\/\/www.lokora.fr\/en\/residence\/nantes\/#primaryimage\",\"url\":\"https:\/\/www.lokora.fr\/wp-content\/uploads\/2024\/03\/residence-etudiante-nantes-02.jpg\",\"contentUrl\":\"https:\/\/www.lokora.fr\/wp-content\/uploads\/2024\/03\/residence-etudiante-nantes-02.jpg\",\"width\":1500,\"height\":1000,\"caption\":\"Lokora r\u00e9sidence \u00e9tudiante Nantes\"},{\"@type\":\"BreadcrumbList\",\"@id\":\"https:\/\/www.lokora.fr\/en\/residence\/nantes\/#breadcrumb\",\"itemListElement\":[{\"@type\":\"ListItem\",\"position\":1,\"name\":\"Accueil\",\"item\":\"https:\/\/www.lokora.fr\/en\/\"},{\"@type\":\"ListItem\",\"position\":2,\"name\":\"R\u00e9sidences\",\"item\":\"https:\/\/www.lokora.fr\/en\/residences\/\"},{\"@type\":\"ListItem\",\"position\":3,\"name\":\"R\u00e9sidence Nantes\"}]},{\"@type\":\"WebSite\",\"@id\":\"https:\/\/www.lokora.fr\/en\/#website\",\"url\":\"https:\/\/www.lokora.fr\/en\/\",\"name\":\"Lokora\",\"description\":\"Lokora, R\u00e9sidences \u00e9tudiantes en France\",\"publisher\":{\"@id\":\"https:\/\/www.lokora.fr\/en\/#organization\"},\"alternateName\":\"R\u00e9sidences \u00e9tudiantes en France\",\"potentialAction\":[{\"@type\":\"SearchAction\",\"target\":{\"@type\":\"EntryPoint\",\"urlTemplate\":\"https:\/\/www.lokora.fr\/en\/?s={search_term_string}\"},\"query-input\":{\"@type\":\"PropertyValueSpecification\",\"valueRequired\":true,\"valueName\":\"search_term_string\"}}],\"inLanguage\":\"en-US\"},{\"@type\":\"Organization\",\"@id\":\"https:\/\/www.lokora.fr\/en\/#organization\",\"name\":\"LOKORA , R\u00e9sidences \u00e9tudiantes en France\",\"alternateName\":\"LOKORA\",\"url\":\"https:\/\/www.lokora.fr\/en\/\",\"logo\":{\"@type\":\"ImageObject\",\"inLanguage\":\"en-US\",\"@id\":\"https:\/\/www.lokora.fr\/en\/#\/schema\/logo\/image\/\",\"url\":\"https:\/\/www.lokora.fr\/wp-content\/uploads\/2023\/12\/Logo-LOKORA-1.png\",\"contentUrl\":\"https:\/\/www.lokora.fr\/wp-content\/uploads\/2023\/12\/Logo-LOKORA-1.png\",\"width\":274,\"height\":108,\"caption\":\"LOKORA , R\u00e9sidences \u00e9tudiantes en France\"},\"image\":{\"@id\":\"https:\/\/www.lokora.fr\/en\/#\/schema\/logo\/image\/\"},\"sameAs\":[\"https:\/\/www.facebook.com\/people\/Lokora\/61552218247744\/\",\"https:\/\/www.instagram.com\/residences_lokora\/\",\"https:\/\/www.linkedin.com\/company\/lokora-r\u00e9sidences-\u00e9tudiantes?originalSubdomain=fr\"]}]}<\/script>\n<!-- \/ Yoast SEO plugin. -->","yoast_head_json":{"title":"R\u00e9sidence Nantes - Lokora","robots":{"index":"index","follow":"follow","max-snippet":"max-snippet:-1","max-image-preview":"max-image-preview:large","max-video-preview":"max-video-preview:-1"},"canonical":"https:\/\/www.lokora.fr\/en\/residence\/nantes\/","og_locale":"en_US","og_type":"article","og_title":"R\u00e9sidence Nantes - Lokora","og_description":"R\u00e9sidence \u00e9tudianteNantes Au c\u0153ur de Nantes, la r\u00e9sidence Lokora red\u00e9finit l&#8217;art de vivre \u00e9tudiant en alliant modernit\u00e9, s\u00e9curit\u00e9 et praticit\u00e9. [...]","og_url":"https:\/\/www.lokora.fr\/en\/residence\/nantes\/","og_site_name":"Lokora","article_publisher":"https:\/\/www.facebook.com\/people\/Lokora\/61552218247744\/","og_image":[{"url":"https:\/\/www.lokora.fr\/wp-content\/uploads\/2024\/03\/LOKORA-Nantes-768x258.jpg","type":"","width":"","height":""}],"twitter_card":"summary_large_image","twitter_misc":{"Est. reading time":"8 minutes"},"schema":{"@context":"https:\/\/schema.org","@graph":[{"@type":"WebPage","@id":"https:\/\/www.lokora.fr\/en\/residence\/nantes\/","url":"https:\/\/www.lokora.fr\/en\/residence\/nantes\/","name":"R\u00e9sidence Nantes - Lokora","isPartOf":{"@id":"https:\/\/www.lokora.fr\/en\/#website"},"primaryImageOfPage":{"@id":"https:\/\/www.lokora.fr\/en\/residence\/nantes\/#primaryimage"},"image":{"@id":"https:\/\/www.lokora.fr\/en\/residence\/nantes\/#primaryimage"},"thumbnailUrl":"https:\/\/www.lokora.fr\/wp-content\/uploads\/2024\/03\/residence-etudiante-nantes-02.jpg","datePublished":"2024-03-21T08:41:09+00:00","breadcrumb":{"@id":"https:\/\/www.lokora.fr\/en\/residence\/nantes\/#breadcrumb"},"inLanguage":"en-US","potentialAction":[{"@type":"ReadAction","target":["https:\/\/www.lokora.fr\/en\/residence\/nantes\/"]}]},{"@type":"ImageObject","inLanguage":"en-US","@id":"https:\/\/www.lokora.fr\/en\/residence\/nantes\/#primaryimage","url":"https:\/\/www.lokora.fr\/wp-content\/uploads\/2024\/03\/residence-etudiante-nantes-02.jpg","contentUrl":"https:\/\/www.lokora.fr\/wp-content\/uploads\/2024\/03\/residence-etudiante-nantes-02.jpg","width":1500,"height":1000,"caption":"Lokora r\u00e9sidence \u00e9tudiante Nantes"},{"@type":"BreadcrumbList","@id":"https:\/\/www.lokora.fr\/en\/residence\/nantes\/#breadcrumb","itemListElement":[{"@type":"ListItem","position":1,"name":"Accueil","item":"https:\/\/www.lokora.fr\/en\/"},{"@type":"ListItem","position":2,"name":"R\u00e9sidences","item":"https:\/\/www.lokora.fr\/en\/residences\/"},{"@type":"ListItem","position":3,"name":"R\u00e9sidence Nantes"}]},{"@type":"WebSite","@id":"https:\/\/www.lokora.fr\/en\/#website","url":"https:\/\/www.lokora.fr\/en\/","name":"Lokora","description":"Lokora, R\u00e9sidences \u00e9tudiantes en France","publisher":{"@id":"https:\/\/www.lokora.fr\/en\/#organization"},"alternateName":"R\u00e9sidences \u00e9tudiantes en France","potentialAction":[{"@type":"SearchAction","target":{"@type":"EntryPoint","urlTemplate":"https:\/\/www.lokora.fr\/en\/?s={search_term_string}"},"query-input":{"@type":"PropertyValueSpecification","valueRequired":true,"valueName":"search_term_string"}}],"inLanguage":"en-US"},{"@type":"Organization","@id":"https:\/\/www.lokora.fr\/en\/#organization","name":"LOKORA , R\u00e9sidences \u00e9tudiantes en France","alternateName":"LOKORA","url":"https:\/\/www.lokora.fr\/en\/","logo":{"@type":"ImageObject","inLanguage":"en-US","@id":"https:\/\/www.lokora.fr\/en\/#\/schema\/logo\/image\/","url":"https:\/\/www.lokora.fr\/wp-content\/uploads\/2023\/12\/Logo-LOKORA-1.png","contentUrl":"https:\/\/www.lokora.fr\/wp-content\/uploads\/2023\/12\/Logo-LOKORA-1.png","width":274,"height":108,"caption":"LOKORA , R\u00e9sidences \u00e9tudiantes en France"},"image":{"@id":"https:\/\/www.lokora.fr\/en\/#\/schema\/logo\/image\/"},"sameAs":["https:\/\/www.facebook.com\/people\/Lokora\/61552218247744\/","https:\/\/www.instagram.com\/residences_lokora\/","https:\/\/www.linkedin.com\/company\/lokora-r\u00e9sidences-\u00e9tudiantes?originalSubdomain=fr"]}]}},"_links":{"self":[{"href":"https:\/\/www.lokora.fr\/en\/wp-json\/wp\/v2\/residence\/5022","targetHints":{"allow":["GET"]}}],"collection":[{"href":"https:\/\/www.lokora.fr\/en\/wp-json\/wp\/v2\/residence"}],"about":[{"href":"https:\/\/www.lokora.fr\/en\/wp-json\/wp\/v2\/types\/residence"}],"version-history":[{"count":0,"href":"https:\/\/www.lokora.fr\/en\/wp-json\/wp\/v2\/residence\/5022\/revisions"}],"wp:featuredmedia":[{"embeddable":true,"href":"https:\/\/www.lokora.fr\/en\/wp-json\/wp\/v2\/media\/3295"}],"wp:attachment":[{"href":"https:\/\/www.lokora.fr\/en\/wp-json\/wp\/v2\/media?parent=5022"}],"curies":[{"name":"wp","href":"https:\/\/api.w.org\/{rel}","templated":true}]}}