{"id":5021,"date":"2024-03-21T09:04:46","date_gmt":"2024-03-21T08:04:46","guid":{"rendered":"https:\/\/www.lokora.fr\/residence\/montpellier\/"},"modified":"2024-03-21T09:04:46","modified_gmt":"2024-03-21T08:04:46","slug":"montpellier","status":"publish","type":"residence","link":"https:\/\/www.lokora.fr\/en\/residence\/montpellier\/","title":{"rendered":"R\u00e9sidence Montpellier"},"content":{"rendered":"<header class=\"entry-header\" style=\"background-image:url('https:\/\/www.lokora.fr\/wp-content\/uploads\/2024\/03\/LOKORA-Montpellier.jpg');\">\n<div class=\"entry-header-img\"><img decoding=\"async\" class=\"header-img\" src=\"https:\/\/www.lokora.fr\/wp-content\/uploads\/2024\/03\/LOKORA-Montpellier-768x258.jpg\" width=\"100%\" alt=\"Lokora r\u00e9sidence \u00e9tudiante Montpellier \u00e9tudiants\" \/><\/div>\n<p>        <!--\/wp-content\/uploads\/2024\/01\/3376-DSCF2433.jpg--><\/p>\n<div class=\"\" id=\"content\" tabindex=\"-1\">\n<div class=\"section1\">\n<div class=\"bloc1\">\n<div class=\"bloc2\">\n<h1><span>R\u00e9sidence \u00e9tudiante<\/span>Montpellier<\/h1>\n<p class=\"accroche\">Parfaitement situ\u00e9e pour vivre pleinement votre vie \u00e9tudiante, cette r\u00e9sidence se trouve \u00e0 seulement 10 minutes en voiture du centre-ville et des principaux p\u00f4les universitaires.<\/p>\n<p>                <a href=\"#situation\"><\/p>\n<div class=\"localisation\"><img decoding=\"async\" src=\"\/wp-content\/uploads\/2024\/02\/map.png\" alt=\"localisation\"  width=\"32\" height=\"32\"\/>51 rue de la piscine,  34000 MONTPELLIER<br \/>\n                  <span>voir la localisation<\/span><\/div>\n<p><\/a><\/p>\n<form method=\"get\" action=\"https:\/\/www.lokora.fr\/reservation-lokora\/\">\n                <input type=\"hidden\" name=\"res\" value=\"3266\" \/><br \/>\n                <select name=\"apt\" id=\"res-apt\"><option>Choisissez votre type de logement<\/option><option value=\"Studio\">Studio<\/option><option value=\"Studio Terrasse\">Studio Terrasse<\/option><option value=\"T1\">T1<\/option><option value=\"T1 Terrasse\">T1 Terrasse<\/option><option value=\"T1 Bis\">T1 Bis<\/option><option value=\"T1 Bis Terrasse\">T1 Bis Terrasse<\/option><option value=\"T2\">T2<\/option><option value=\"T2 Terrasse\">T2 Terrasse<\/option><option value=\"T3\">T3<\/option><\/select><\/p>\n<div class=\"cat\">\n                  <a href=\"#etre-rappele\" class=\"btn btn1\">\u00catre rappel\u00e9(e)<\/a><br \/>\n                  <button class=\"btn btn2\" type=\"submit\">Je d\u00e9pose un dossier<\/button>\n                <\/div>\n<\/p><\/form>\n<\/p><\/div>\n<\/p><\/div>\n<\/p><\/div>\n<\/p><\/div>\n<\/header>\n<p>      <!-- .entry-header --><\/p>\n<div class=\"container\">\n<div class=\"anchors\"> <a href=\"#residence\">La r\u00e9sidence<\/a> <a href=\"#photos\">Photos &#038; Vid\u00e9os<\/a> <a href=\"#logements\">Les logements<\/a> <a href=\"#situation\">Situation g\u00e9ographique<\/a> <a href=\"#temoignages\">T\u00e9moignages<\/a> <a href=\"#actualites\">Actualit\u00e9s<\/a> <\/div>\n<\/p><\/div>\n<div id=\"residence-top\" class=\"wave\"><\/div>\n<div id=\"residence\">\n<div class=\"container\">\n<div class=\"row\">\n<div class=\"col-md-4\">\n<div class=\"residence-img\">\n                              <\/div>\n<\/p><\/div>\n<div class=\"col-md-8\">\n<div class=\"residence-text\">\n<h2><\/h2>\n<\/p><\/div>\n<\/p><\/div>\n<\/p><\/div>\n<\/p><\/div>\n<\/p><\/div>\n<div id=\"residence-bottom\" class=\"wave\"><\/div>\n<div class=\"container\">\n<div id=\"gestionnaire\">\n<div class=\"gestionnaire-img\">\n<div class=\"img-cercle\">\n              <img width=\"400\" height=\"400\" src=\"https:\/\/www.lokora.fr\/wp-content\/uploads\/2024\/03\/gestionnaire-montepellier.jpg\" class=\"attachment-full size-full\" alt=\"Gestionnaire Lokora r\u00e9sidence Montpellier Gestionnaire\" decoding=\"async\" loading=\"lazy\" srcset=\"https:\/\/www.lokora.fr\/wp-content\/uploads\/2024\/03\/gestionnaire-montepellier.jpg 400w, https:\/\/www.lokora.fr\/wp-content\/uploads\/2024\/03\/gestionnaire-montepellier-300x300.jpg 300w, https:\/\/www.lokora.fr\/wp-content\/uploads\/2024\/03\/gestionnaire-montepellier-150x150.jpg 150w\" sizes=\"auto, (max-width: 400px) 100vw, 400px\" \/>            <\/div>\n<\/p><\/div>\n<div class=\"gestionnaire-text\">\n<p><p>\u00ab\u00a0Depuis la rentr\u00e9e 2021, nous avons ouvert cette r\u00e9sidence qui se trouve dans un emplacement id\u00e9al, juste \u00e0 c\u00f4t\u00e9 des universit\u00e9s et des \u00e9coles de commerce, et en face d&rsquo;un centre commercial, sur la ligne du tram. Nous avons tout mis en \u0153uvre pour garantir votre bien-\u00eatre au quotidien.<br \/>\nJe tiens \u00e9galement \u00e0 vous informer que notre r\u00e9sidence vous offre une connexion wifi illimit\u00e9e haut d\u00e9bit, ce qui est parfait pour vos \u00e9tudes et votre divertissement. Pour ceux d&rsquo;entre vous qui sont soucieux de leur forme physique, nous avons pr\u00e9vu une salle de fitness. Et pour votre confort, une laverie payante est aussi disponible sur place. Nous avons tout pr\u00e9vu pour que vous vous sentiez chez vous, en toute s\u00e9r\u00e9nit\u00e9.\u00a0\u00bb<\/p>\n<\/p>\n<p class=\"gestionnaire-signature\"><span class=\"gestionnaire-nom\">Neville<\/span>, Gestionnaire de r\u00e9sidence<\/p>\n<div class=\"cat\"> <a href=\"tel:07 85 24 69 79\" class=\"btn btn1\">07 85 24 69 79<\/a> <a href=\"mailto:montpellier@lokora.fr\" class=\"btn btn2\">Contacter par email<\/a> <\/div>\n<\/p><\/div>\n<\/p><\/div>\n<\/p><\/div>\n<p>      <!--\n\n<div class=\"flexslider photos-slider\">\n  \n\n<ul class=\"slides\">\n    \n\n<li>\n      <a href=\"http:\/\/www.youtube.com\/watch?v=0O2aH4XLbt\" class=\"openvideo play\"><img decoding=\"async\" src=\"\/wp-content\/uploads\/2024\/01\/residence-etudiante-acheres-IMG_6828-8.jpg\" \/><\/a>\n    <\/li>\n\n\n    \n\n<li>\n      <img decoding=\"async\" src=\"\/wp-content\/uploads\/2024\/01\/IMG_6453.jpg\" \/>\n    <\/li>\n\n\n    \n\n<li>\n      <img decoding=\"async\" src=\"\/wp-content\/uploads\/2024\/01\/IMG_6780.jpg\" \/>\n    <\/li>\n\n\n    \n\n<li>\n      <img decoding=\"async\" src=\"\/wp-content\/uploads\/2024\/01\/IMG_6810.jpg\" \/>\n    <\/li>\n\n\n    \n\n<li>\n      <img decoding=\"async\" src=\"\/wp-content\/uploads\/2024\/01\/IMG_6827.jpg\" \/>\n    <\/li>\n\n\n  <\/ul>\n\n\n<\/div>\n\n\n          <\/div>\n\n\n          <\/div>\n\n--><\/p>\n<div id=\"photos\">\n<div class=\"container\">\n<h2>Photos &#038; Vid\u00e9o<\/h2>\n<p>          <!--\n\n<h3 class=\"subtitle\">Lorem ipsum dolor sit amet, consectetur adipiscing elit.<\/h3>\n\n--><\/p>\n<div class=\"flexslider photos-slider\">\n<ul class=\"slides\">\n<li>\n                                <a href=\"https:\/\/www.lokora.fr\/wp-content\/uploads\/2024\/03\/residence-etudiante-montpeliier-01.jpg\" class=\"openimage\"><img decoding=\"async\" src=\"https:\/\/www.lokora.fr\/wp-content\/uploads\/2024\/03\/residence-etudiante-montpeliier-01-422x317.jpg\" alt=\"Lokora r\u00e9sidence \u00e9tudiante Montpellier \u00e9tudes\" \/><\/a>\n                              <\/li>\n<li>\n                                <a href=\"https:\/\/www.lokora.fr\/wp-content\/uploads\/2024\/03\/residence-etudiante-montpeliier-02.jpg\" class=\"openimage\"><img decoding=\"async\" src=\"https:\/\/www.lokora.fr\/wp-content\/uploads\/2024\/03\/residence-etudiante-montpeliier-02-422x317.jpg\" alt=\"Lokora r\u00e9sidence \u00e9tudiante Montpellier espaces communs\" \/><\/a>\n                              <\/li>\n<li>\n                                <a href=\"https:\/\/www.lokora.fr\/wp-content\/uploads\/2024\/03\/residence-etudiante-montpeliier-03.jpg\" class=\"openimage\"><img decoding=\"async\" src=\"https:\/\/www.lokora.fr\/wp-content\/uploads\/2024\/03\/residence-etudiante-montpeliier-03-422x317.jpg\" alt=\"Lokora r\u00e9sidence \u00e9tudiante Montpellier terrasse\" \/><\/a>\n                              <\/li>\n<li>\n                                <a href=\"https:\/\/www.lokora.fr\/wp-content\/uploads\/2024\/03\/residence-etudiante-montpeliier-04.jpg\" class=\"openimage\"><img decoding=\"async\" src=\"https:\/\/www.lokora.fr\/wp-content\/uploads\/2024\/03\/residence-etudiante-montpeliier-04-422x317.jpg\" alt=\"Lokora r\u00e9sidence \u00e9tudiante Montpellier bureau\" \/><\/a>\n                              <\/li>\n<li>\n                                <a href=\"https:\/\/www.lokora.fr\/wp-content\/uploads\/2024\/03\/residence-etudiante-montpeliier-05.jpg\" class=\"openimage\"><img decoding=\"async\" src=\"https:\/\/www.lokora.fr\/wp-content\/uploads\/2024\/03\/residence-etudiante-montpeliier-05-422x317.jpg\" alt=\"Lokora r\u00e9sidence \u00e9tudiante Montpellier immeuble\" \/><\/a>\n                              <\/li>\n<li>\n                                <a href=\"https:\/\/www.lokora.fr\/wp-content\/uploads\/2024\/03\/residence-etudiante-montpeliier-06.jpg\" class=\"openimage\"><img decoding=\"async\" src=\"https:\/\/www.lokora.fr\/wp-content\/uploads\/2024\/03\/residence-etudiante-montpeliier-06-422x317.jpg\" alt=\"Lokora r\u00e9sidence \u00e9tudiante Montpellier Salle polyvalente\" \/><\/a>\n                              <\/li>\n<li>\n                                <a href=\"https:\/\/www.lokora.fr\/wp-content\/uploads\/2024\/03\/residence-etudiante-montpeliier-08.jpg\" class=\"openimage\"><img decoding=\"async\" src=\"https:\/\/www.lokora.fr\/wp-content\/uploads\/2024\/03\/residence-etudiante-montpeliier-08-422x317.jpg\" alt=\"Lokora r\u00e9sidence \u00e9tudiante Montpellier salle de sport\" \/><\/a>\n                              <\/li>\n<li>\n                                <a href=\"https:\/\/www.lokora.fr\/wp-content\/uploads\/2024\/03\/residence-etudiante-montpeliier-09.jpg\" class=\"openimage\"><img decoding=\"async\" src=\"https:\/\/www.lokora.fr\/wp-content\/uploads\/2024\/03\/residence-etudiante-montpeliier-09-422x317.jpg\" alt=\"Lokora r\u00e9sidence \u00e9tudiante Montpellier salon\" \/><\/a>\n                              <\/li>\n<li>\n                                <a href=\"https:\/\/www.lokora.fr\/wp-content\/uploads\/2024\/03\/Montpellier-Chambre-cusine-2-scaled.jpg\" class=\"openimage\"><img decoding=\"async\" src=\"https:\/\/www.lokora.fr\/wp-content\/uploads\/2024\/03\/Montpellier-Chambre-cusine-2-422x317.jpg\" alt=\"Lokora r\u00e9sidence \u00e9tudiante Montpellier cuisine\" \/><\/a>\n                              <\/li>\n<li>\n                                <a href=\"https:\/\/www.lokora.fr\/wp-content\/uploads\/2024\/03\/Montpellier-Laverie-2-scaled.jpg\" class=\"openimage\"><img decoding=\"async\" src=\"https:\/\/www.lokora.fr\/wp-content\/uploads\/2024\/03\/Montpellier-Laverie-2-422x317.jpg\" alt=\"Lokora r\u00e9sidence \u00e9tudiante Montpellier laverie\" \/><\/a>\n                              <\/li>\n<\/ul><\/div>\n<\/p><\/div>\n<\/p><\/div>\n<div id=\"logements-top\" class=\"wave\"><\/div>\n<div id=\"logements\" class=\"full-section\">\n<div class=\"container\">\n<div class=\"logements-content row\">\n<div class=\"logements-text  col-md-6\">\n<h2>Nos logements \u00e9tudiants<\/h2>\n<p><b>Des appartements soign\u00e9s et fonctionnels<\/b><\/p>\n<p><span style=\"font-weight: 400;\">La r\u00e9sidence est compos\u00e9e de 146 logements enti\u00e8rement am\u00e9nag\u00e9s offrent un v\u00e9ritable standing h\u00f4telier. Un mobilier ergonomique appropri\u00e9 au confort et besoins des \u00e9tudiants.\u00a0<\/span><span style=\"font-weight: 400;\">La r\u00e9sidence accueille des studios et quelques 2 pi\u00e8ces d\u00e9di\u00e9s \u00e0 la colocation avec des int\u00e9rieurs design, spacieux et optimis\u00e9s.<\/span><\/p>\n<p><span style=\"font-weight: 400;\">Tout a \u00e9t\u00e9 pens\u00e9 pour le bien-\u00eatre des \u00e9tudiants au quotidien : salle d\u2019eau et WC privatifs, cuisine \u00e9quip\u00e9e avec r\u00e9frig\u00e9rateur, mobilier de qualit\u00e9 avec grand bureau, rangements astucieux et literie grand confort.<\/span><\/p>\n<p><span style=\"font-weight: 400;\">De plus, certains appartements sont prolong\u00e9s par des balcons offrant une tr\u00e8s belle luminosit\u00e9.\u200b<\/span><\/p>\n<\/p><\/div>\n<div class=\"logements-points  col-md-6\">\n              <!--\n\n<ul>\n                              <\/ul>\n\n--><\/p>\n<ul>\n<li>Frais de dossier : A partir de 360 \u20ac<\/li>\n<li>Meubl\u00e9 : oui<\/li>\n<li>Les tarifs sont charges comprises (hors \u00e9lectricit\u00e9 &#8211; 40 \u20ac)<\/li>\n<li>Les baux pour la rentr\u00e9e commenceront au plus tard le 1er juillet.<\/li>\n<li>D\u00e9p\u00f4t de garantie : \u00e0 partir de 661 \u20ac<\/li>\n<\/ul><\/div>\n<\/p><\/div>\n<div class=\"logements-tab\" id=\"detail-logement\">\n<div class=\"table-responsive\">\n<table class=\"table\">\n<thead>\n<tr>\n<th>Type de logement<\/th>\n<th>Superficie<\/th>\n<th>Disponibilit\u00e9<\/th>\n<th>Loyer mensuel (TTC)<\/th>\n<th>Frais de dossier<\/th>\n<th>D\u00e9pot de garantie<\/th>\n<th><\/th>\n<\/tr>\n<\/thead>\n<tbody>\n<ul class=\"slides\">\n<tr>\n<td class=\"typelogement\" data-label=\"Type de logement\">Studio<\/td>\n<td data-label=\"Superficie\">22 \u00e0 24.5 m\u00b2<\/td>\n<td data-label=\"Disponibilit\u00e9\">Disponibilit\u00e9 non garantie<\/td>\n<td data-label=\"Loyer mensuel (TTC)\">661 \u20ac<\/td>\n<td data-label=\"Frais de dossier\">360 \u20ac<\/td>\n<td data-label=\"D\u00e9pot de garantie\">661 \u20ac<\/td>\n<td><a href=\"https:\/\/www.lokora.fr\/reservation-lokora\/?res=3266&#038;apt=Studio\">choisir ce logement<\/a><\/td>\n<\/tr>\n<tr>\n<td class=\"typelogement\" data-label=\"Type de logement\">Studio Terrasse<\/td>\n<td data-label=\"Superficie\">22 \u00e0 24.5 m\u00b2<\/td>\n<td data-label=\"Disponibilit\u00e9\">Disponibilit\u00e9 non garantie<\/td>\n<td data-label=\"Loyer mensuel (TTC)\">673 \u20ac<\/td>\n<td data-label=\"Frais de dossier\">360 \u20ac<\/td>\n<td data-label=\"D\u00e9pot de garantie\">673 \u20ac<\/td>\n<td><a href=\"https:\/\/www.lokora.fr\/reservation-lokora\/?res=3266&#038;apt=Studio Terrasse\">choisir ce logement<\/a><\/td>\n<\/tr>\n<tr>\n<td class=\"typelogement\" data-label=\"Type de logement\">T1<\/td>\n<td data-label=\"Superficie\">22 \u00e0 24.5 m\u00b2<\/td>\n<td data-label=\"Disponibilit\u00e9\">Disponibilit\u00e9 non garantie<\/td>\n<td data-label=\"Loyer mensuel (TTC)\">693 \u20ac<\/td>\n<td data-label=\"Frais de dossier\">360 \u20ac<\/td>\n<td data-label=\"D\u00e9pot de garantie\">693 \u20ac<\/td>\n<td><a href=\"https:\/\/www.lokora.fr\/reservation-lokora\/?res=3266&#038;apt=T1\">choisir ce logement<\/a><\/td>\n<\/tr>\n<tr>\n<td class=\"typelogement\" data-label=\"Type de logement\">T1 Terrasse<\/td>\n<td data-label=\"Superficie\">22 \u00e0 24.5 m\u00b2<\/td>\n<td data-label=\"Disponibilit\u00e9\">Disponibilit\u00e9 non garantie<\/td>\n<td data-label=\"Loyer mensuel (TTC)\">714 \u20ac<\/td>\n<td data-label=\"Frais de dossier\">360 \u20ac<\/td>\n<td data-label=\"D\u00e9pot de garantie\">714 \u20ac<\/td>\n<td><a href=\"https:\/\/www.lokora.fr\/reservation-lokora\/?res=3266&#038;apt=T1 Terrasse\">choisir ce logement<\/a><\/td>\n<\/tr>\n<tr>\n<td class=\"typelogement\" data-label=\"Type de logement\">T1 Bis<\/td>\n<td data-label=\"Superficie\">26.5 m\u00b2<\/td>\n<td data-label=\"Disponibilit\u00e9\">Disponibilit\u00e9 non garantie<\/td>\n<td data-label=\"Loyer mensuel (TTC)\">730 \u20ac<\/td>\n<td data-label=\"Frais de dossier\">360 \u20ac<\/td>\n<td data-label=\"D\u00e9pot de garantie\">730 \u20ac<\/td>\n<td><a href=\"https:\/\/www.lokora.fr\/reservation-lokora\/?res=3266&#038;apt=T1 Bis\">choisir ce logement<\/a><\/td>\n<\/tr>\n<tr>\n<td class=\"typelogement\" data-label=\"Type de logement\">T1 Bis Terrasse<\/td>\n<td data-label=\"Superficie\">26.5 m\u00b2<\/td>\n<td data-label=\"Disponibilit\u00e9\">Disponibilit\u00e9 non garantie<\/td>\n<td data-label=\"Loyer mensuel (TTC)\">750 \u20ac<\/td>\n<td data-label=\"Frais de dossier\">360 \u20ac<\/td>\n<td data-label=\"D\u00e9pot de garantie\">750 \u20ac<\/td>\n<td><a href=\"https:\/\/www.lokora.fr\/reservation-lokora\/?res=3266&#038;apt=T1 Bis Terrasse\">choisir ce logement<\/a><\/td>\n<\/tr>\n<tr>\n<td class=\"typelogement\" data-label=\"Type de logement\">T2<\/td>\n<td data-label=\"Superficie\">31 m\u00b2<\/td>\n<td data-label=\"Disponibilit\u00e9\">Disponibilit\u00e9 non garantie<\/td>\n<td data-label=\"Loyer mensuel (TTC)\">792 \u20ac<\/td>\n<td data-label=\"Frais de dossier\">470 \u20ac<\/td>\n<td data-label=\"D\u00e9pot de garantie\">792 \u20ac<\/td>\n<td><a href=\"https:\/\/www.lokora.fr\/reservation-lokora\/?res=3266&#038;apt=T2\">choisir ce logement<\/a><\/td>\n<\/tr>\n<tr>\n<td class=\"typelogement\" data-label=\"Type de logement\">T2 Terrasse<\/td>\n<td data-label=\"Superficie\">31 m\u00b2<\/td>\n<td data-label=\"Disponibilit\u00e9\">Disponibilit\u00e9 non garantie<\/td>\n<td data-label=\"Loyer mensuel (TTC)\">792 \u20ac<\/td>\n<td data-label=\"Frais de dossier\">470 \u20ac<\/td>\n<td data-label=\"D\u00e9pot de garantie\">792 \u20ac<\/td>\n<td><a href=\"https:\/\/www.lokora.fr\/reservation-lokora\/?res=3266&#038;apt=T2 Terrasse\">choisir ce logement<\/a><\/td>\n<\/tr>\n<tr>\n<td class=\"typelogement\" data-label=\"Type de logement\">T3<\/td>\n<td data-label=\"Superficie\"><\/td>\n<td data-label=\"Disponibilit\u00e9\">Disponibilit\u00e9 non garantie<\/td>\n<td data-label=\"Loyer mensuel (TTC)\">990 \u20ac<\/td>\n<td data-label=\"Frais de dossier\">844<\/td>\n<td data-label=\"D\u00e9pot de garantie\">990<\/td>\n<td><a href=\"https:\/\/www.lokora.fr\/reservation-lokora\/?res=3266&#038;apt=T3\">choisir ce logement<\/a><\/td>\n<\/tr>\n<\/tbody>\n<\/table><\/div>\n<\/p><\/div>\n<div class=\"deposer\"> Vous \u00eates int\u00e9ress\u00e9s par la r\u00e9sidence de <span style=\"text-transform:uppercase\">Montpellier<\/span>, sans pr\u00e9f\u00e9rence de logement ?<\/p>\n<div><a href=\"https:\/\/www.lokora.fr\/reservation-lokora\/?res=3266\" class=\"btn btn1\">D\u00e9poser mon dossier<\/a><\/div>\n<\/p><\/div>\n<div id=\"etre-rappele\">\n<h3>Faites vous recontacter par le gestionnaire de la r\u00e9sidence <\/h3>\n<div class=\"wpcf7 no-js\" id=\"wpcf7-f3600-o1\" lang=\"fr-FR\" dir=\"ltr\">\n<div class=\"screen-reader-response\">\n<p role=\"status\" aria-live=\"polite\" aria-atomic=\"true\">\n<ul><\/ul>\n<\/div>\n<form action=\"\/wp-admin\/post.php#wpcf7-f3600-o1\" method=\"post\" class=\"wpcf7-form init cf7mls-no-scroll cf7mls-auto-return-first-step cf7mls-no-moving-animation\" aria-label=\"Formulaire de contact\" novalidate=\"novalidate\" data-status=\"init\">\n<div style=\"display: none;\">\n<input type=\"hidden\" name=\"_wpcf7\" value=\"3600\" \/><br \/>\n<input type=\"hidden\" name=\"_wpcf7_version\" value=\"5.9.3\" \/><br \/>\n<input type=\"hidden\" name=\"_wpcf7_locale\" value=\"fr_FR\" \/><br \/>\n<input type=\"hidden\" name=\"_wpcf7_unit_tag\" value=\"wpcf7-f3600-o1\" \/><br \/>\n<input type=\"hidden\" name=\"_wpcf7_container_post\" value=\"0\" \/><br \/>\n<input type=\"hidden\" name=\"_wpcf7_posted_data_hash\" value=\"\" \/><br \/>\n<input type=\"hidden\" name=\"_wpcf7_recaptcha_response\" value=\"\" \/>\n<\/div>\n<p><span class=\"wpcf7-form-control-wrap hidres\" data-name=\"hidres\"><input type=\"hidden\" name=\"hidres\" id=\"\" class=\"wpcf7-form-control wpcf7-hidden wpcf7dtx wpcf7dtx-hidden\" aria-invalid=\"false\" value=\"\" \/><\/span><br \/>\n<span class=\"wpcf7-form-control-wrap hidresid\" data-name=\"hidresid\"><input type=\"hidden\" name=\"hidresid\" id=\"\" class=\"wpcf7-form-control wpcf7-hidden wpcf7dtx wpcf7dtx-hidden\" aria-invalid=\"false\" value=\"\" \/><\/span><\/p>\n<div class=\"row\">\n<div class=\"col-sm-6\">\n<p><span class=\"wpcf7-form-control-wrap\" data-name=\"Nom\"><input size=\"40\" class=\"wpcf7-form-control wpcf7-text wpcf7-validates-as-required\" aria-required=\"true\" aria-invalid=\"false\" placeholder=\"Nom *\" value=\"\" type=\"text\" name=\"Nom\" \/><\/span>\n\t\t<\/p>\n<\/p><\/div>\n<div class=\"col-sm-6\">\n<p><span class=\"wpcf7-form-control-wrap\" data-name=\"Prnom\"><input size=\"40\" class=\"wpcf7-form-control wpcf7-text wpcf7-validates-as-required\" aria-required=\"true\" aria-invalid=\"false\" placeholder=\"Pr\u00e9nom *\" value=\"\" type=\"text\" name=\"Prnom\" \/><\/span>\n\t\t<\/p>\n<\/p><\/div>\n<\/div>\n<div class=\"row\">\n<div class=\"col-sm-6\">\n<p><span class=\"wpcf7-form-control-wrap\" data-name=\"Email\"><input size=\"40\" class=\"wpcf7-form-control wpcf7-email wpcf7-validates-as-required wpcf7-text wpcf7-validates-as-email\" aria-required=\"true\" aria-invalid=\"false\" placeholder=\"Email *\" value=\"\" type=\"email\" name=\"Email\" \/><\/span>\n\t\t<\/p>\n<\/p><\/div>\n<div class=\"col-sm-6\">\n<p><span class=\"wpcf7-form-control-wrap intl_tel\"><input class=\"wpcf7-form-control wpcf7-intl_tel wpcf7-validates-as-required wpcf7-intl-tel\" aria-required=\"true\" aria-invalid=\"false\" placeholder=\"Num\u00e9ro de mobile *\" data-initialcountry=\"Fr\" data-preferredcountries=\"France\" value=\"\" type=\"tel\" name=\"intl_tel-cf7it-national\" \/><input name=\"intl_tel\" type=\"hidden\" class=\"wpcf7-intl-tel-full\" \/><input type=\"hidden\" name=\"intl_tel-cf7it-country-name\" class=\"wpcf7-intl-tel-country-name\" \/><input type=\"hidden\" name=\"intl_tel-cf7it-country-code\" class=\"wpcf7-intl-tel-country-code\" \/><input type=\"hidden\" name=\"intl_tel-cf7it-country-iso2\" class=\"wpcf7-intl-tel-country-iso2\" \/><\/span>\n\t\t<\/p>\n<\/p><\/div>\n<\/div>\n<p><input class=\"wpcf7-form-control wpcf7-submit has-spinner\" type=\"submit\" value=\"Envoyer\" \/>\n<\/p>\n<div class=\"wpcf7-response-output\" aria-hidden=\"true\"><\/div>\n<\/form>\n<\/div><\/div>\n<\/p><\/div>\n<\/p><\/div>\n<div id=\"logements-bottom\" class=\"wave\"><\/div>\n<div id=\"services\">\n<div class=\"container\">\n<h3>Services et \u00e9quipements de la r\u00e9sidence inclus<\/h3>\n<div id=\"services-inclus\">\n<div class=\"service\">\n<div class=\"service-circle service-accueil\"><\/div>\n<p>              <span>Service d&#8217;accueil<\/span><\/div>\n<div class=\"service\">\n<div class=\"service-circle service-videosurveillance\"><\/div>\n<p>              <span>Vid\u00e9o surveillance 24h\/24<\/span><\/div>\n<div class=\"service\">\n<div class=\"service-circle service-ascenseur\"><\/div>\n<p>              <span>Ascenseur<\/span><\/div>\n<div class=\"service\">\n<div class=\"service-circle service-wifi\"><\/div>\n<p>              <span>WIFI rapide<\/span><\/div>\n<div class=\"service\">\n<div class=\"service-circle service-sport\"><\/div>\n<p>              <span>Salle de sport<\/span><\/div>\n<div class=\"service\">\n<div class=\"service-circle service-detente\"><\/div>\n<p>              <span>Espace d\u00e9tente<\/span><\/div>\n<div class=\"service\">\n<div class=\"service-circle service-velo\"><\/div>\n<p>              <span>Emplacement v\u00e9los<\/span><\/div>\n<div class=\"service\">\n<div class=\"service-circle service-salle\"><\/div>\n<p>              <span>Salle polyvalente<\/span><\/div>\n<div class=\"service\">\n<div class=\"service-circle service-tv\"><\/div>\n<p>              <span>Salon TV<\/span><\/div>\n<div class=\"service\">\n<div class=\"service-circle service-babyfoot\"><\/div>\n<p>              <span>Babyfoot, jeux<\/span><\/div>\n<div class=\"service\">\n<div class=\"service-circle service-terrasse\"><\/div>\n<p>              <span>Terrasse<\/span><\/div>\n<\/p><\/div>\n<h3>Services en suppl\u00e9ment<\/h3>\n<div id=\"services-sup\">\n<div class=\"service\">\n<div class=\"service-circle service-laverie\"><\/div>\n<p>              <span>Laverie en libre service<\/span><\/div>\n<div class=\"service\">\n<div class=\"service-circle service-menage\"><\/div>\n<p>              <span>Service m\u00e9nage<\/span><\/div>\n<div class=\"service\">\n<div class=\"service-circle service-boisson\"><\/div>\n<p>              <span>Distributeur de boissons<\/span><\/div>\n<div class=\"service\">\n<div class=\"service-circle service-literie\"><\/div>\n<p>              <span>Kits literie ou toilette<\/span><\/div>\n<div class=\"service\">\n<div class=\"service-circle service-parking\"><\/div>\n<p>              <span>Parking<\/span><\/div>\n<\/p><\/div>\n<\/p><\/div>\n<\/p><\/div>\n<div id=\"situation-top\" class=\"wave\"><\/div>\n<div id=\"situation\" class=\"full-section\">\n<div class=\"container\">\n<h2>Situer la r\u00e9sidence<\/h2>\n<div class=\"situation-text\">\n<p><strong>La r\u00e9sidence se situe \u00e0 proximit\u00e9 des points strat\u00e9giques pour une vie \u00e9tudiante facilit\u00e9e :<\/strong><\/p>\n<ul>\n<li style=\"font-weight: 400;\" aria-level=\"1\"><span style=\"font-weight: 400;\">A 10 min en voiture du centre ville de Montpellier et de la gare Montpellier Saint Roch.<\/span><\/li>\n<li style=\"font-weight: 400;\" aria-level=\"1\"><span style=\"font-weight: 400;\">A 10 min en voiture des grands p\u00f4les \u00e9tudiants (3 universit\u00e9s, 6 grandes \u00e9coles) :<\/span>\n<ul>\n<li style=\"font-weight: 400;\" aria-level=\"2\"><span style=\"font-weight: 400;\">L\u2019universit\u00e9 Paul Val\u00e9ry Montpellier 3 et le Polytech<\/span><\/li>\n<li style=\"font-weight: 400;\" aria-level=\"2\"><span style=\"font-weight: 400;\">La Facult\u00e9 des Sciences de Montpellier, l\u2019IAE ou encore l\u2019IUT<\/span><\/li>\n<li style=\"font-weight: 400;\" aria-level=\"2\"><span style=\"font-weight: 400;\">L\u2019universit\u00e9 Montpellier II et l\u2019UFR STAPS<\/span><\/li>\n<li style=\"font-weight: 400;\" aria-level=\"2\"><span style=\"font-weight: 400;\">Le p\u00f4le Eurom\u00e9decine\u2026<\/span><\/li>\n<\/ul>\n<\/li>\n<li style=\"font-weight: 400;\" aria-level=\"1\"><span style=\"font-weight: 400;\">A 5 min en voiture des lyc\u00e9es Jules Guesde et Jean Monnet qui proposent des formations Post-Bac (pr\u00e9pa, BTS\u2026)\u200b<\/span><\/li>\n<\/ul><\/div>\n<\/p><\/div>\n<\/p><\/div>\n<div id=\"map\" data-zoom=\"16\">\n<div class=\"marker\" data-lat=\"43.61227\" data-lng=\"3.8382866\">\n<div class=\"gmappopup\">\n<div class=\"gmappopup_title\">R\u00e9sidence Montpellier<\/div>\n<div>\n<p>51 rue de la piscine,  34000 MONTPELLIER<br \/><a href=\"https:\/\/www.google.com\/maps\/dir\/?api=1&#038;destination=43.61227,3.8382866\" target=\"_blank\" rel=\"noopener\">itin\u00e9raire<\/a><\/div>\n<\/div>\n<\/div><\/div>\n<div id=\"temoignages\">\n<div class=\"container\">\n<h2>Ils parlent de nous<\/h2>\n<h3>T\u00e9moignages<\/h3>\n<div class=\"flexslider temoignages-slider\">\n<ul class=\"slides\">\n<li>\n<div class=\"temoignages-item color1\">\n<div class=\"temoignages-img img-cercle\">\n<div class=\"img-cercle2\"> <img width=\"318\" height=\"318\" src=\"https:\/\/www.lokora.fr\/wp-content\/uploads\/2024\/03\/ANA-LUCIA-VELAZQUEZ-REIMS.jpg\" class=\"attachment-full size-full wp-post-image\" alt=\"\" decoding=\"async\" loading=\"lazy\" srcset=\"https:\/\/www.lokora.fr\/wp-content\/uploads\/2024\/03\/ANA-LUCIA-VELAZQUEZ-REIMS.jpg 318w, https:\/\/www.lokora.fr\/wp-content\/uploads\/2024\/03\/ANA-LUCIA-VELAZQUEZ-REIMS-150x150.jpg 150w, https:\/\/www.lokora.fr\/wp-content\/uploads\/2024\/03\/ANA-LUCIA-VELAZQUEZ-REIMS-300x300.jpg 300w\" sizes=\"auto, (max-width: 318px) 100vw, 318px\" \/> <\/div>\n<\/p><\/div>\n<div class=\"temoignage-stars\"><span>\u2605<\/span><span>\u2605<\/span><span>\u2605<\/span><span>\u2605<\/span><span>\u2605<\/span><\/div>\n<div class=\"temoignage-text\"><span style=\"font-weight: 400;\">J\u2019ai choisi la ville de Reims avec mes parents car c\u2019est une ville calme et qui a aussi une vie \u00e9tudiante. C\u2019est tr\u00e8s important pour ma famille et moi-m\u00eame d\u2019\u00eatre dans un endroit s\u00e9curis\u00e9. La r\u00e9sidence nous permet de cr\u00e9er du lien social et nous avons tout ce dont nous avons besoin \u00e0 proximit\u00e9.<\/span><\/div>\n<div class=\"temoignage-author\">Ana Lucia V.<br \/><strong>Etudiante LOKORA REIMS<\/strong><\/div>\n<\/p><\/div>\n<\/li>\n<li>\n<div class=\"temoignages-item color2\">\n<div class=\"temoignages-img img-cercle\">\n<div class=\"img-cercle2\"> <img width=\"288\" height=\"288\" src=\"https:\/\/www.lokora.fr\/wp-content\/uploads\/2024\/03\/temoigngage-rennes.jpg\" class=\"attachment-full size-full wp-post-image\" alt=\"\" decoding=\"async\" loading=\"lazy\" srcset=\"https:\/\/www.lokora.fr\/wp-content\/uploads\/2024\/03\/temoigngage-rennes.jpg 288w, https:\/\/www.lokora.fr\/wp-content\/uploads\/2024\/03\/temoigngage-rennes-150x150.jpg 150w\" sizes=\"auto, (max-width: 288px) 100vw, 288px\" \/> <\/div>\n<\/p><\/div>\n<div class=\"temoignage-stars\"><span>\u2605<\/span><span>\u2605<\/span><span>\u2605<\/span><span>\u2605<\/span><span>\u2605<\/span><\/div>\n<div class=\"temoignage-text\">Mon copain \u00e0 trouv\u00e9 son m\u00e9tier \u00e0 Rennes et je l&#8217;ai suivi pour que l\u2019on puisse vivre ensemble.<\/p>\n<p>Je recommande cette r\u00e9sidence! Le m\u00e9tro est \u00e0 c\u00f4t\u00e9, on est pr\u00e8s de tout, bien plac\u00e9s. La r\u00e9sidence est cool, on est aid\u00e9s d\u00e8s qu\u2019on a un probl\u00e8me donc on est vraiment bien ici !<\/p><\/div>\n<div class=\"temoignage-author\">Methiem L.<br \/><strong>Etudiante LOKORA RENNES<\/strong><\/div>\n<\/p><\/div>\n<\/li>\n<\/ul><\/div>\n<\/p><\/div>\n<\/p><\/div>\n<div id=\"actualites-top\" class=\"wave\"><\/div>\n<div id=\"actualites\" class=\"full-section\">\n<div class=\"container\">\n<h2>Derni\u00e8res actualit\u00e9s<\/h2>\n<div class=\"actualites-items row\">\n<div class=\"actualites-item col-md-4\">\n<div> <a href=\"https:\/\/www.lokora.fr\/actualite\/demander-lapl-comment-faire-lokora-vous-guide-en-quelques-etapes\/\"><img width=\"1280\" height=\"853\" src=\"https:\/\/www.lokora.fr\/wp-content\/uploads\/2024\/02\/2f225d_cbdf19d013c84114a08c5e09d3cda774mv2.jpeg\" class=\"attachment-full size-full wp-post-image\" alt=\"\" decoding=\"async\" loading=\"lazy\" srcset=\"https:\/\/www.lokora.fr\/wp-content\/uploads\/2024\/02\/2f225d_cbdf19d013c84114a08c5e09d3cda774mv2.jpeg 1280w, https:\/\/www.lokora.fr\/wp-content\/uploads\/2024\/02\/2f225d_cbdf19d013c84114a08c5e09d3cda774mv2-300x200.jpeg 300w, https:\/\/www.lokora.fr\/wp-content\/uploads\/2024\/02\/2f225d_cbdf19d013c84114a08c5e09d3cda774mv2-768x512.jpeg 768w, https:\/\/www.lokora.fr\/wp-content\/uploads\/2024\/02\/2f225d_cbdf19d013c84114a08c5e09d3cda774mv2-1024x682.jpeg 1024w\" sizes=\"auto, (max-width: 1280px) 100vw, 1280px\" \/><\/a><br \/>\n                <a href=\"https:\/\/www.lokora.fr\/actualite\/demander-lapl-comment-faire-lokora-vous-guide-en-quelques-etapes\/\"><\/p>\n<h3>Demander l\u2019APL, comment faire ? Lokora vous guide en quelques \u00e9tapes<\/h3>\n<p><\/a><\/p>\n<p class=\"\">Excellente nouvelle pour les \u00e9tudiants ! Vous pouvez b\u00e9n\u00e9ficier de l\u2019Aide Personnelle au Logement (apr\u00e8s avoir examin\u00e9 les crit\u00e8res d&rsquo;\u00e9ligibilit\u00e9) d\u00e9livr\u00e9e par la Caisse d&rsquo;Allocation Familiales (CAF). Voici un tutoriel pour vous assister dans la proc\u00e9dure de demande. O\u00f9 faire sa demande d&rsquo;aide au logement en tant qu&rsquo;\u00e9tudiant ? Si vous voulez demander l&rsquo;APL, la premi\u00e8re \u00e9tape consiste \u00e0 identifier l&rsquo;organisme \u00e0 contacter pour d\u00e9poser votre demande d&rsquo;aide au logement.Si vous relevez du r\u00e9gime g\u00e9n\u00e9ral, rendez-vous sur le site web de la Caisse d&rsquo;Allocations Familiales\u00a0(CAF) pour effectuer votre demande en ligne. Assurez-vous d&rsquo;avoir \u00e0 une connexion Internet, ainsi qu&rsquo;un scanner [&hellip;]<\/p>\n<\/p><\/div>\n<\/p><\/div>\n<div class=\"actualites-item col-md-4\">\n<div> <a href=\"https:\/\/www.lokora.fr\/actualite\/etudiants-les-aides-a-la-mobilite-et-au-demenagement\/\"><img width=\"2000\" height=\"1333\" src=\"https:\/\/www.lokora.fr\/wp-content\/uploads\/2024\/04\/aides-au-demenagement-scaled-e1712823244663.jpg\" class=\"attachment-full size-full wp-post-image\" alt=\"\" decoding=\"async\" loading=\"lazy\" \/><\/a><br \/>\n                <a href=\"https:\/\/www.lokora.fr\/actualite\/etudiants-les-aides-a-la-mobilite-et-au-demenagement\/\"><\/p>\n<h3>\u00c9tudiants : les aides \u00e0 la mobilit\u00e9 et au d\u00e9m\u00e9nagement<\/h3>\n<p><\/a><\/p>\n<p class=\"\">Si vous \u00eates un \u00e9tudiant planifiant de quitter votre logement actuel ou de vous installer dans un nouveau secteur pour vos \u00e9tudes, il est important de savoir que diverses subventions existent pour vous soutenir durant votre parcours acad\u00e9mique. Que ce soit par des aides au logement, des bourses d&rsquo;\u00e9tude, ou des soutiens pour le d\u00e9m\u00e9nagement, des ressources financi\u00e8res sont disponibles pour vous aider. Pour plus d&rsquo;information contactez les services LOKORA ! Nous serons ravis de vous aider Les conseils et strat\u00e9gies pour optimiser votre d\u00e9m\u00e9nagement et profiter des aides Lorsque vous pr\u00e9voyez de d\u00e9m\u00e9nager, une bonne organisation et pr\u00e9paration sont [&hellip;]<\/p>\n<\/p><\/div>\n<\/p><\/div>\n<div class=\"actualites-item col-md-4\">\n<div> <a href=\"https:\/\/www.lokora.fr\/actualite\/etudier-a-montpellier-le-paradis-des-jeunes-actifs\/\"><img width=\"1920\" height=\"1080\" src=\"https:\/\/www.lokora.fr\/wp-content\/uploads\/2024\/07\/Etudier-a-Montpellier-residence-etudiante.jpg\" class=\"attachment-full size-full wp-post-image\" alt=\"Vie \u00e9tudiante \u00e0 Montpellier, \u00e9tudier \u00e0 Montpellier place de la Com\u00e9die\" decoding=\"async\" loading=\"lazy\" srcset=\"https:\/\/www.lokora.fr\/wp-content\/uploads\/2024\/07\/Etudier-a-Montpellier-residence-etudiante.jpg 1920w, https:\/\/www.lokora.fr\/wp-content\/uploads\/2024\/07\/Etudier-a-Montpellier-residence-etudiante-300x169.jpg 300w, https:\/\/www.lokora.fr\/wp-content\/uploads\/2024\/07\/Etudier-a-Montpellier-residence-etudiante-1024x576.jpg 1024w, https:\/\/www.lokora.fr\/wp-content\/uploads\/2024\/07\/Etudier-a-Montpellier-residence-etudiante-768x432.jpg 768w, https:\/\/www.lokora.fr\/wp-content\/uploads\/2024\/07\/Etudier-a-Montpellier-residence-etudiante-1536x864.jpg 1536w\" sizes=\"auto, (max-width: 1920px) 100vw, 1920px\" \/><\/a><br \/>\n                <a href=\"https:\/\/www.lokora.fr\/actualite\/etudier-a-montpellier-le-paradis-des-jeunes-actifs\/\"><\/p>\n<h3>\u00c9tudier \u00e0 Montpellier : Le paradis des jeunes actifs<\/h3>\n<p><\/a><\/p>\n<p class=\"\">\u00c9tudier \u00e0 Montpellier dans cette charmante ville du sud de la France, est un v\u00e9ritable joyau pour les \u00e9tudiants. Avec son ambiance chaleureuse, son riche patrimoine culturel, et ses nombreuses activit\u00e9s, Montpellier offre un cadre de vie exceptionnel pour ceux qui cherchent \u00e0 allier \u00e9tudes, plaisir et d\u00e9couvertes. Plongeons dans ce qui fait de Montpellier une destination de choix pour les jeunes en qu\u00eate d\u2019une exp\u00e9rience universitaire inoubliable. &nbsp; \u00c9tudier \u00e0 Montpellier, une ambiance jeune et dynamique &nbsp; Montpellier est avant tout une ville jeune. Pr\u00e8s d&rsquo;un tiers de la population \u00e9tudie \u00e0 Montpellier, l&rsquo;atmosph\u00e8re y est r\u00e9solument dynamique et [&hellip;]<\/p>\n<\/p><\/div>\n<\/p><\/div>\n<\/p><\/div>\n<p>          <a href=\"https:\/\/www.lokora.fr\/actualites\/\" class=\"btn btn3\">Toutes les actualit\u00e9s<\/a> <\/div>\n<\/p><\/div>\n<div id=\"actualites-bottom\" class=\"wave\"><\/div>\n<p>      <!-- .entry-content --> <\/p>\n","protected":false},"featured_media":3276,"parent":0,"template":"","class_list":["post-5021","residence","type-residence","status-publish","has-post-thumbnail","hentry"],"acf":[],"yoast_head":"<!-- This site is optimized with the Yoast SEO plugin v25.2 - https:\/\/yoast.com\/wordpress\/plugins\/seo\/ -->\n<title>R\u00e9sidence Montpellier - Lokora<\/title>\n<meta name=\"robots\" content=\"index, follow, max-snippet:-1, max-image-preview:large, max-video-preview:-1\" \/>\n<link rel=\"canonical\" href=\"https:\/\/www.lokora.fr\/en\/residence\/montpellier\/\" \/>\n<meta property=\"og:locale\" content=\"en_US\" \/>\n<meta property=\"og:type\" content=\"article\" \/>\n<meta property=\"og:title\" content=\"R\u00e9sidence Montpellier - Lokora\" \/>\n<meta property=\"og:description\" content=\"R\u00e9sidence \u00e9tudianteMontpellier Parfaitement situ\u00e9e pour vivre pleinement votre vie \u00e9tudiante, cette r\u00e9sidence se trouve \u00e0 seulement 10 minutes en voiture [...]\" \/>\n<meta property=\"og:url\" content=\"https:\/\/www.lokora.fr\/en\/residence\/montpellier\/\" \/>\n<meta property=\"og:site_name\" content=\"Lokora\" \/>\n<meta property=\"article:publisher\" content=\"https:\/\/www.facebook.com\/people\/Lokora\/61552218247744\/\" \/>\n<meta property=\"og:image\" content=\"https:\/\/www.lokora.fr\/wp-content\/uploads\/2024\/03\/LOKORA-Montpellier-768x258.jpg\" \/>\n<meta name=\"twitter:card\" content=\"summary_large_image\" \/>\n<meta name=\"twitter:label1\" content=\"Est. reading time\" \/>\n\t<meta name=\"twitter:data1\" content=\"6 minutes\" \/>\n<script type=\"application\/ld+json\" class=\"yoast-schema-graph\">{\"@context\":\"https:\/\/schema.org\",\"@graph\":[{\"@type\":\"WebPage\",\"@id\":\"https:\/\/www.lokora.fr\/en\/residence\/montpellier\/\",\"url\":\"https:\/\/www.lokora.fr\/en\/residence\/montpellier\/\",\"name\":\"R\u00e9sidence Montpellier - Lokora\",\"isPartOf\":{\"@id\":\"https:\/\/www.lokora.fr\/en\/#website\"},\"primaryImageOfPage\":{\"@id\":\"https:\/\/www.lokora.fr\/en\/residence\/montpellier\/#primaryimage\"},\"image\":{\"@id\":\"https:\/\/www.lokora.fr\/en\/residence\/montpellier\/#primaryimage\"},\"thumbnailUrl\":\"https:\/\/www.lokora.fr\/wp-content\/uploads\/2024\/03\/residence-etudiante-montpeliier-02.jpg\",\"datePublished\":\"2024-03-21T08:04:46+00:00\",\"breadcrumb\":{\"@id\":\"https:\/\/www.lokora.fr\/en\/residence\/montpellier\/#breadcrumb\"},\"inLanguage\":\"en-US\",\"potentialAction\":[{\"@type\":\"ReadAction\",\"target\":[\"https:\/\/www.lokora.fr\/en\/residence\/montpellier\/\"]}]},{\"@type\":\"ImageObject\",\"inLanguage\":\"en-US\",\"@id\":\"https:\/\/www.lokora.fr\/en\/residence\/montpellier\/#primaryimage\",\"url\":\"https:\/\/www.lokora.fr\/wp-content\/uploads\/2024\/03\/residence-etudiante-montpeliier-02.jpg\",\"contentUrl\":\"https:\/\/www.lokora.fr\/wp-content\/uploads\/2024\/03\/residence-etudiante-montpeliier-02.jpg\",\"width\":1500,\"height\":1000,\"caption\":\"Lokora r\u00e9sidence \u00e9tudiante Montpellier\"},{\"@type\":\"BreadcrumbList\",\"@id\":\"https:\/\/www.lokora.fr\/en\/residence\/montpellier\/#breadcrumb\",\"itemListElement\":[{\"@type\":\"ListItem\",\"position\":1,\"name\":\"Accueil\",\"item\":\"https:\/\/www.lokora.fr\/en\/\"},{\"@type\":\"ListItem\",\"position\":2,\"name\":\"R\u00e9sidences\",\"item\":\"https:\/\/www.lokora.fr\/en\/residences\/\"},{\"@type\":\"ListItem\",\"position\":3,\"name\":\"R\u00e9sidence Montpellier\"}]},{\"@type\":\"WebSite\",\"@id\":\"https:\/\/www.lokora.fr\/en\/#website\",\"url\":\"https:\/\/www.lokora.fr\/en\/\",\"name\":\"Lokora\",\"description\":\"Lokora, R\u00e9sidences \u00e9tudiantes en France\",\"publisher\":{\"@id\":\"https:\/\/www.lokora.fr\/en\/#organization\"},\"alternateName\":\"R\u00e9sidences \u00e9tudiantes en France\",\"potentialAction\":[{\"@type\":\"SearchAction\",\"target\":{\"@type\":\"EntryPoint\",\"urlTemplate\":\"https:\/\/www.lokora.fr\/en\/?s={search_term_string}\"},\"query-input\":{\"@type\":\"PropertyValueSpecification\",\"valueRequired\":true,\"valueName\":\"search_term_string\"}}],\"inLanguage\":\"en-US\"},{\"@type\":\"Organization\",\"@id\":\"https:\/\/www.lokora.fr\/en\/#organization\",\"name\":\"LOKORA , R\u00e9sidences \u00e9tudiantes en France\",\"alternateName\":\"LOKORA\",\"url\":\"https:\/\/www.lokora.fr\/en\/\",\"logo\":{\"@type\":\"ImageObject\",\"inLanguage\":\"en-US\",\"@id\":\"https:\/\/www.lokora.fr\/en\/#\/schema\/logo\/image\/\",\"url\":\"https:\/\/www.lokora.fr\/wp-content\/uploads\/2023\/12\/Logo-LOKORA-1.png\",\"contentUrl\":\"https:\/\/www.lokora.fr\/wp-content\/uploads\/2023\/12\/Logo-LOKORA-1.png\",\"width\":274,\"height\":108,\"caption\":\"LOKORA , R\u00e9sidences \u00e9tudiantes en France\"},\"image\":{\"@id\":\"https:\/\/www.lokora.fr\/en\/#\/schema\/logo\/image\/\"},\"sameAs\":[\"https:\/\/www.facebook.com\/people\/Lokora\/61552218247744\/\",\"https:\/\/www.instagram.com\/residences_lokora\/\",\"https:\/\/www.linkedin.com\/company\/lokora-r\u00e9sidences-\u00e9tudiantes?originalSubdomain=fr\"]}]}<\/script>\n<!-- \/ Yoast SEO plugin. -->","yoast_head_json":{"title":"R\u00e9sidence Montpellier - Lokora","robots":{"index":"index","follow":"follow","max-snippet":"max-snippet:-1","max-image-preview":"max-image-preview:large","max-video-preview":"max-video-preview:-1"},"canonical":"https:\/\/www.lokora.fr\/en\/residence\/montpellier\/","og_locale":"en_US","og_type":"article","og_title":"R\u00e9sidence Montpellier - Lokora","og_description":"R\u00e9sidence \u00e9tudianteMontpellier Parfaitement situ\u00e9e pour vivre pleinement votre vie \u00e9tudiante, cette r\u00e9sidence se trouve \u00e0 seulement 10 minutes en voiture [...]","og_url":"https:\/\/www.lokora.fr\/en\/residence\/montpellier\/","og_site_name":"Lokora","article_publisher":"https:\/\/www.facebook.com\/people\/Lokora\/61552218247744\/","og_image":[{"url":"https:\/\/www.lokora.fr\/wp-content\/uploads\/2024\/03\/LOKORA-Montpellier-768x258.jpg","type":"","width":"","height":""}],"twitter_card":"summary_large_image","twitter_misc":{"Est. reading time":"6 minutes"},"schema":{"@context":"https:\/\/schema.org","@graph":[{"@type":"WebPage","@id":"https:\/\/www.lokora.fr\/en\/residence\/montpellier\/","url":"https:\/\/www.lokora.fr\/en\/residence\/montpellier\/","name":"R\u00e9sidence Montpellier - Lokora","isPartOf":{"@id":"https:\/\/www.lokora.fr\/en\/#website"},"primaryImageOfPage":{"@id":"https:\/\/www.lokora.fr\/en\/residence\/montpellier\/#primaryimage"},"image":{"@id":"https:\/\/www.lokora.fr\/en\/residence\/montpellier\/#primaryimage"},"thumbnailUrl":"https:\/\/www.lokora.fr\/wp-content\/uploads\/2024\/03\/residence-etudiante-montpeliier-02.jpg","datePublished":"2024-03-21T08:04:46+00:00","breadcrumb":{"@id":"https:\/\/www.lokora.fr\/en\/residence\/montpellier\/#breadcrumb"},"inLanguage":"en-US","potentialAction":[{"@type":"ReadAction","target":["https:\/\/www.lokora.fr\/en\/residence\/montpellier\/"]}]},{"@type":"ImageObject","inLanguage":"en-US","@id":"https:\/\/www.lokora.fr\/en\/residence\/montpellier\/#primaryimage","url":"https:\/\/www.lokora.fr\/wp-content\/uploads\/2024\/03\/residence-etudiante-montpeliier-02.jpg","contentUrl":"https:\/\/www.lokora.fr\/wp-content\/uploads\/2024\/03\/residence-etudiante-montpeliier-02.jpg","width":1500,"height":1000,"caption":"Lokora r\u00e9sidence \u00e9tudiante Montpellier"},{"@type":"BreadcrumbList","@id":"https:\/\/www.lokora.fr\/en\/residence\/montpellier\/#breadcrumb","itemListElement":[{"@type":"ListItem","position":1,"name":"Accueil","item":"https:\/\/www.lokora.fr\/en\/"},{"@type":"ListItem","position":2,"name":"R\u00e9sidences","item":"https:\/\/www.lokora.fr\/en\/residences\/"},{"@type":"ListItem","position":3,"name":"R\u00e9sidence Montpellier"}]},{"@type":"WebSite","@id":"https:\/\/www.lokora.fr\/en\/#website","url":"https:\/\/www.lokora.fr\/en\/","name":"Lokora","description":"Lokora, R\u00e9sidences \u00e9tudiantes en France","publisher":{"@id":"https:\/\/www.lokora.fr\/en\/#organization"},"alternateName":"R\u00e9sidences \u00e9tudiantes en France","potentialAction":[{"@type":"SearchAction","target":{"@type":"EntryPoint","urlTemplate":"https:\/\/www.lokora.fr\/en\/?s={search_term_string}"},"query-input":{"@type":"PropertyValueSpecification","valueRequired":true,"valueName":"search_term_string"}}],"inLanguage":"en-US"},{"@type":"Organization","@id":"https:\/\/www.lokora.fr\/en\/#organization","name":"LOKORA , R\u00e9sidences \u00e9tudiantes en France","alternateName":"LOKORA","url":"https:\/\/www.lokora.fr\/en\/","logo":{"@type":"ImageObject","inLanguage":"en-US","@id":"https:\/\/www.lokora.fr\/en\/#\/schema\/logo\/image\/","url":"https:\/\/www.lokora.fr\/wp-content\/uploads\/2023\/12\/Logo-LOKORA-1.png","contentUrl":"https:\/\/www.lokora.fr\/wp-content\/uploads\/2023\/12\/Logo-LOKORA-1.png","width":274,"height":108,"caption":"LOKORA , R\u00e9sidences \u00e9tudiantes en France"},"image":{"@id":"https:\/\/www.lokora.fr\/en\/#\/schema\/logo\/image\/"},"sameAs":["https:\/\/www.facebook.com\/people\/Lokora\/61552218247744\/","https:\/\/www.instagram.com\/residences_lokora\/","https:\/\/www.linkedin.com\/company\/lokora-r\u00e9sidences-\u00e9tudiantes?originalSubdomain=fr"]}]}},"_links":{"self":[{"href":"https:\/\/www.lokora.fr\/en\/wp-json\/wp\/v2\/residence\/5021","targetHints":{"allow":["GET"]}}],"collection":[{"href":"https:\/\/www.lokora.fr\/en\/wp-json\/wp\/v2\/residence"}],"about":[{"href":"https:\/\/www.lokora.fr\/en\/wp-json\/wp\/v2\/types\/residence"}],"version-history":[{"count":0,"href":"https:\/\/www.lokora.fr\/en\/wp-json\/wp\/v2\/residence\/5021\/revisions"}],"wp:featuredmedia":[{"embeddable":true,"href":"https:\/\/www.lokora.fr\/en\/wp-json\/wp\/v2\/media\/3276"}],"wp:attachment":[{"href":"https:\/\/www.lokora.fr\/en\/wp-json\/wp\/v2\/media?parent=5021"}],"curies":[{"name":"wp","href":"https:\/\/api.w.org\/{rel}","templated":true}]}}