{"id":5001,"date":"2024-03-01T08:59:11","date_gmt":"2024-03-01T07:59:11","guid":{"rendered":"https:\/\/www.lokora.fr\/?post_type=residence&#038;p=5001"},"modified":"2024-09-18T10:18:10","modified_gmt":"2024-09-18T08:18:10","slug":"brunoy","status":"publish","type":"residence","link":"https:\/\/www.lokora.fr\/en\/residence\/brunoy\/","title":{"rendered":"Residence Brunoy"},"content":{"rendered":"<br \/>\n<header class=\"entry-header\" style=\"background-image:url('https:\/\/www.lokora.fr\/wp-content\/uploads\/2024\/03\/LOKORA-Brunoy.jpg');\">\n<div class=\"entry-header-img\"><img decoding=\"async\" class=\"header-img\" src=\"https:\/\/www.lokora.fr\/wp-content\/uploads\/2024\/03\/LOKORA-Brunoy-768x258.jpg\" width=\"100%\" alt=\"R\u00e9sidence \u00e9tudiante Brunoy Lokora\" \/><\/div>\n<p>        <!--\/wp-content\/uploads\/2024\/01\/3376-DSCF2433.jpg--><\/p>\n<div class=\"\" id=\"content\" tabindex=\"-1\">\n<div class=\"section1\">\n<div class=\"bloc1\">\n<div class=\"bloc2\">\n<h1><span>R\u00e9sidence \u00e9tudiante<\/span>Brunoy<\/h1>\n<p class=\"accroche\">La r\u00e9sidence \u00e9tudiante LOKORA est situ\u00e9e dans un parc et dans un environnement calme au sein de la commune de BRUNOY.<br \/>\nServices communs tels qu&#8217;une caf\u00e9t\u00e9ria, un parc, un accueil, une laverie et d&#8217;autres services personnalis\u00e9s.<\/p>\n<p>                <a href=\"#situation\"><\/p>\n<div class=\"localisation\"><img decoding=\"async\" src=\"\/wp-content\/uploads\/2024\/02\/map.png\" alt=\"localisation\"  width=\"32\" height=\"32\"\/>29 rue des Godeaux,  91800 BRUNOY<br \/>\n                  <span>voir la localisation<\/span><\/div>\n<p><\/a><\/p>\n<form method=\"get\" action=\"https:\/\/www.lokora.fr\/reservation-lokora\/\">\n                <input type=\"hidden\" name=\"res\" value=\"2975\" \/><br \/>\n                <select name=\"apt\" id=\"res-apt\"><option>Choisissez votre type de logement<\/option><option value=\"Studio individuel \">Studio individuel <\/option><option value=\"chambre en colocation (\u00e0 3)\">chambre en colocation (\u00e0 3)<\/option><\/select><\/p>\n<div class=\"cat\">\n                  <a href=\"#etre-rappele\" class=\"btn btn1\">\u00catre rappel\u00e9(e)<\/a><br \/>\n                  <button class=\"btn btn2\" type=\"submit\">Je d\u00e9pose un dossier<\/button>\n                <\/div>\n<\/p><\/form>\n<\/p><\/div>\n<\/p><\/div>\n<\/p><\/div>\n<\/p><\/div>\n<\/header>\n<p>      <!-- .entry-header --><\/p>\n<div class=\"container\">\n<div class=\"anchors\"> <a href=\"#residence\">La r\u00e9sidence<\/a> <a href=\"#photos\">Photos &#038; Vid\u00e9os<\/a> <a href=\"#logements\">Les logements<\/a> <a href=\"#situation\">Situation g\u00e9ographique<\/a> <a href=\"#temoignages\">T\u00e9moignages<\/a> <a href=\"#actualites\">Actualit\u00e9s<\/a> <\/div>\n<\/p><\/div>\n<div id=\"residence-top\" class=\"wave\"><\/div>\n<div id=\"residence\">\n<div class=\"container\">\n<div class=\"row\">\n<div class=\"col-md-4\">\n<div class=\"residence-img\">\n                              <\/div>\n<\/p><\/div>\n<div class=\"col-md-8\">\n<div class=\"residence-text\">\n<h2><\/h2>\n<\/p><\/div>\n<\/p><\/div>\n<\/p><\/div>\n<\/p><\/div>\n<\/p><\/div>\n<div id=\"residence-bottom\" class=\"wave\"><\/div>\n<div class=\"container\">\n<div id=\"gestionnaire\">\n<div class=\"gestionnaire-img\">\n<div class=\"img-cercle\">\n              <img width=\"1080\" height=\"1080\" src=\"https:\/\/www.lokora.fr\/wp-content\/uploads\/2024\/03\/BRUNOY-GESTIONNAIRE-LOKORA.png\" class=\"attachment-full size-full\" alt=\"BRUNOY GESTIONNAIRE LOKORA\" decoding=\"async\" loading=\"lazy\" srcset=\"https:\/\/www.lokora.fr\/wp-content\/uploads\/2024\/03\/BRUNOY-GESTIONNAIRE-LOKORA.png 1080w, https:\/\/www.lokora.fr\/wp-content\/uploads\/2024\/03\/BRUNOY-GESTIONNAIRE-LOKORA-150x150.png 150w, https:\/\/www.lokora.fr\/wp-content\/uploads\/2024\/03\/BRUNOY-GESTIONNAIRE-LOKORA-300x300.png 300w, https:\/\/www.lokora.fr\/wp-content\/uploads\/2024\/03\/BRUNOY-GESTIONNAIRE-LOKORA-768x768.png 768w, https:\/\/www.lokora.fr\/wp-content\/uploads\/2024\/03\/BRUNOY-GESTIONNAIRE-LOKORA-1024x1024.png 1024w\" sizes=\"auto, (max-width: 1080px) 100vw, 1080px\" \/>            <\/div>\n<\/p><\/div>\n<div class=\"gestionnaire-text\">\n<p><p>\u00ab\u00a0Bienvenue \u00e0 la r\u00e9sidence LOKORA Brunoy, un v\u00e9ritable nid nich\u00e9 au c\u0153ur de la tranquillit\u00e9 et de la nature tout en pouvant ais\u00e9ment plonger dans l&rsquo;effervescence de la capitale en seulement 25 minutes.<br \/>\nNos r\u00e9sidents sont unanimes : ils adorent l&rsquo;ambiance paisible et verdoyante de notre domaine. De plus, la richesse culturelle de Brunoy, avec son th\u00e9\u00e2tre et ses mus\u00e9es, offre des escapades culturelles enrichissantes \u00e0 port\u00e9e de main.<br \/>\n\u00c0 Brunoy, vous d\u00e9couvrirez \u00e9galement un centre-ville dynamique, regorgeant de commerces, de restaurants et d&rsquo;\u00e9quipements sportifs vari\u00e9s. Entre les bords de l&rsquo;Yerres et la majestueuse for\u00eat de S\u00e9nart, cette ville offre un cadre de vie harmonieux.<br \/>\nN&rsquo;h\u00e9sitez pas \u00e0 nous contacter pour d\u00e9couvrir votre futur chez-vous au sein de la r\u00e9sidence LOKORA Brunoy. je serai l\u00e0 pour vous accueillir dans notre oasis de tranquillit\u00e9.\u00a0\u00bb<\/p>\n<\/p>\n<p class=\"gestionnaire-signature\"><span class=\"gestionnaire-nom\">Sonia<\/span>, Gestionnaire de r\u00e9sidence<\/p>\n<div class=\"cat\"> <a href=\"tel:06 80 52 98 52\" class=\"btn btn1\">06 80 52 98 52<\/a> <a href=\"mailto:brunoy@lokora.fr\" class=\"btn btn2\">Contacter par email<\/a> <\/div>\n<\/p><\/div>\n<\/p><\/div>\n<\/p><\/div>\n<p>      <!--\n\n<div class=\"flexslider photos-slider\">\n  \n\n<ul class=\"slides\">\n    \n\n<li>\n      <a href=\"http:\/\/www.youtube.com\/watch?v=0O2aH4XLbt\" class=\"openvideo play\"><img decoding=\"async\" src=\"\/wp-content\/uploads\/2024\/01\/residence-etudiante-acheres-IMG_6828-8.jpg\" \/><\/a>\n    <\/li>\n\n\n    \n\n<li>\n      <img decoding=\"async\" src=\"\/wp-content\/uploads\/2024\/01\/IMG_6453.jpg\" \/>\n    <\/li>\n\n\n    \n\n<li>\n      <img decoding=\"async\" src=\"\/wp-content\/uploads\/2024\/01\/IMG_6780.jpg\" \/>\n    <\/li>\n\n\n    \n\n<li>\n      <img decoding=\"async\" src=\"\/wp-content\/uploads\/2024\/01\/IMG_6810.jpg\" \/>\n    <\/li>\n\n\n    \n\n<li>\n      <img decoding=\"async\" src=\"\/wp-content\/uploads\/2024\/01\/IMG_6827.jpg\" \/>\n    <\/li>\n\n\n  <\/ul>\n\n\n<\/div>\n\n\n          <\/div>\n\n\n          <\/div>\n\n--><\/p>\n<div id=\"photos\">\n<div class=\"container\">\n<h2>Photos &#038; Vid\u00e9o<\/h2>\n<p>          <!--\n\n<h3 class=\"subtitle\">Lorem ipsum dolor sit amet, consectetur adipiscing elit.<\/h3>\n\n--><\/p>\n<div class=\"flexslider photos-slider\">\n<ul class=\"slides\">\n<li>\n                                <a href=\"https:\/\/www.lokora.fr\/wp-content\/uploads\/2024\/03\/LOKORA-Brunoy-2.png\" class=\"openimage\"><img decoding=\"async\" src=\"https:\/\/www.lokora.fr\/wp-content\/uploads\/2024\/03\/LOKORA-Brunoy-2-422x270.png\" alt=\"\" \/><\/a>\n                              <\/li>\n<li>\n                                <a href=\"https:\/\/www.lokora.fr\/wp-content\/uploads\/2024\/03\/LOKORA-Brunoy-4.png\" class=\"openimage\"><img decoding=\"async\" src=\"https:\/\/www.lokora.fr\/wp-content\/uploads\/2024\/03\/LOKORA-Brunoy-4-422x270.png\" alt=\"R\u00e9sidence LOKORA Brunoy - \u00e9tudiants\" \/><\/a>\n                              <\/li>\n<li>\n                                <a href=\"https:\/\/www.lokora.fr\/wp-content\/uploads\/2024\/03\/LOKORA-Brunoy-3.png\" class=\"openimage\"><img decoding=\"async\" src=\"https:\/\/www.lokora.fr\/wp-content\/uploads\/2024\/03\/LOKORA-Brunoy-3-422x270.png\" alt=\"R\u00e9sidence LOKORA Brunoy -studio\" \/><\/a>\n                              <\/li>\n<li>\n                                <a href=\"https:\/\/www.lokora.fr\/wp-content\/uploads\/2024\/03\/LOKORA-Brunoy.png\" class=\"openimage\"><img decoding=\"async\" src=\"https:\/\/www.lokora.fr\/wp-content\/uploads\/2024\/03\/LOKORA-Brunoy-422x270.png\" alt=\"R\u00e9sidence LOKORA Brunoy - espace ext\u00e9rieur\" \/><\/a>\n                              <\/li>\n<li>\n                                <a href=\"https:\/\/www.lokora.fr\/wp-content\/uploads\/2024\/03\/Brunoy-Salle-Commune-.png\" class=\"openimage\"><img decoding=\"async\" src=\"https:\/\/www.lokora.fr\/wp-content\/uploads\/2024\/03\/Brunoy-Salle-Commune--422x317.png\" alt=\"R\u00e9sidence LOKORA Brunoy - Salle Commune\" \/><\/a>\n                              <\/li>\n<li>\n                                <a href=\"https:\/\/www.lokora.fr\/wp-content\/uploads\/2024\/03\/Brunoy-Laverie-.png\" class=\"openimage\"><img decoding=\"async\" src=\"https:\/\/www.lokora.fr\/wp-content\/uploads\/2024\/03\/Brunoy-Laverie--422x317.png\" alt=\"R\u00e9sidence LOKORA Brunoy - Laverie\" \/><\/a>\n                              <\/li>\n<li>\n                                <a href=\"https:\/\/www.lokora.fr\/wp-content\/uploads\/2024\/03\/PHOTO-2023-10-12-11-45-08-1.jpg\" class=\"openimage\"><img decoding=\"async\" src=\"https:\/\/www.lokora.fr\/wp-content\/uploads\/2024\/03\/PHOTO-2023-10-12-11-45-08-1-422x317.jpg\" alt=\"R\u00e9sidence LOKORA Brunoy - Chambre coloc 3\" \/><\/a>\n                              <\/li>\n<li>\n                                <a href=\"https:\/\/www.lokora.fr\/wp-content\/uploads\/2024\/03\/PHOTO-2023-10-12-11-45-08-2.jpg\" class=\"openimage\"><img decoding=\"async\" src=\"https:\/\/www.lokora.fr\/wp-content\/uploads\/2024\/03\/PHOTO-2023-10-12-11-45-08-2-422x317.jpg\" alt=\"R\u00e9sidence LOKORA Brunoy - Chambre coloc \u00e0 3\" \/><\/a>\n                              <\/li>\n<li>\n                                <a href=\"https:\/\/www.lokora.fr\/wp-content\/uploads\/2024\/03\/PHOTO-2023-10-12-11-45-08-3.jpg\" class=\"openimage\"><img decoding=\"async\" src=\"https:\/\/www.lokora.fr\/wp-content\/uploads\/2024\/03\/PHOTO-2023-10-12-11-45-08-3-422x317.jpg\" alt=\"R\u00e9sidence LOKORA Brunoy - Salle de bain\" \/><\/a>\n                              <\/li>\n<li>\n                                <a href=\"https:\/\/www.lokora.fr\/wp-content\/uploads\/2024\/03\/PHOTO-2023-10-12-11-45-08-4.jpg\" class=\"openimage\"><img decoding=\"async\" src=\"https:\/\/www.lokora.fr\/wp-content\/uploads\/2024\/03\/PHOTO-2023-10-12-11-45-08-4-422x317.jpg\" alt=\"R\u00e9sidence LOKORA Brunoy - Toilette\" \/><\/a>\n                              <\/li>\n<li>\n                                <a href=\"https:\/\/www.lokora.fr\/wp-content\/uploads\/2024\/03\/PHOTO-2023-10-12-11-45-08-5.jpg\" class=\"openimage\"><img decoding=\"async\" src=\"https:\/\/www.lokora.fr\/wp-content\/uploads\/2024\/03\/PHOTO-2023-10-12-11-45-08-5-422x317.jpg\" alt=\"R\u00e9sidence LOKORA Brunoy - Salon coloc 3\" \/><\/a>\n                              <\/li>\n<\/ul><\/div>\n<h2>Visites virtuelles<\/h2>\n<div class=\"flexslider visites-slider\">\n<ul class=\"slides\">\n<li><a href=\"https:\/\/my.matterport.com\/show\/?m=47cdCCtQTuL&#038;utm_source=Lokora&#038;utm_medium=social+visite+virtuelle+brunoy+studio+individuel+&#038;utm_campaign=visite+virtuelle+brunoy+studio+individuel+\" target=\"_blank\" rel=\"noopener\"><img decoding=\"async\" src=\"https:\/\/www.lokora.fr\/wp-content\/uploads\/2024\/03\/Capture-decran-2024-06-20-a-16.41.27-422x317.png\" \/><\/a><\/li>\n<li><a href=\"https:\/\/my.matterport.com\/show\/?m=547sYjAFLFk&#038;utm_source=Lokora&#038;utm_medium=social+visite+virtuelle+brunoy+studio+coloc+3&#038;utm_campaign=+visite+virtuelle+brunoy+studio+coloc+3\" target=\"_blank\" rel=\"noopener\"><img decoding=\"async\" src=\"https:\/\/www.lokora.fr\/wp-content\/uploads\/2024\/03\/Capture-decran-2024-06-27-a-14.52.05-422x317.png\" \/><\/a><\/li>\n<\/ul><\/div>\n<\/p><\/div>\n<\/p><\/div>\n<div id=\"logements-top\" class=\"wave\"><\/div>\n<div id=\"logements\" class=\"full-section\">\n<div class=\"container\">\n<div class=\"logements-content row\">\n<div class=\"logements-text  col-md-6\">\n<h2>Nos logements \u00e9tudiants<\/h2>\n<p><strong>Notre r\u00e9sidence est \u00e0 taille humaine.<\/strong> Elle accueille une soixantaine de locataires avec des services communs tels qu&rsquo;une caf\u00e9t\u00e9ria, un parc, un accueil, une laverie et d&rsquo;autres services personnalis\u00e9s.<\/p>\n<p>Nous vous proposons des studios de 18 m2, \u00e9quip\u00e9s et fonctionnels (vaisselles, draps&#8230;) soit individuels soit en colocation.<\/p>\n<p>Un micro-onde est \u00e0 votre disposition dans notre caf\u00e9t\u00e9ria.<\/p>\n<p>Le parking est en suppl\u00e9ment (25\u20ac\/mois suivant disponibilit\u00e9s).<\/p>\n<\/p><\/div>\n<div class=\"logements-points  col-md-6\">\n              <!--\n\n<ul>\n                              <\/ul>\n\n--><\/p>\n<ul>\n<li>Frais de dossier : 300 \u20ac<\/li>\n<li>Meubl\u00e9 : oui<\/li>\n<li>Les tarifs sont charges comprises (hors \u00e9lectricit\u00e9)<\/li>\n<li>D\u00e9p\u00f4t de garantie : \u00e0 partir de 500 \u20ac<\/li>\n<li>Les baux pour la rentr\u00e9e commenceront au plus tard le 1er juillet<\/li>\n<\/ul><\/div>\n<\/p><\/div>\n<div class=\"logements-tab\" id=\"detail-logement\">\n<div class=\"table-responsive\">\n<table class=\"table\">\n<thead>\n<tr>\n<th>Type de logement<\/th>\n<th>Superficie<\/th>\n<th>Disponibilit\u00e9<\/th>\n<th>Loyer mensuel (TTC)<\/th>\n<th>Frais de dossier<\/th>\n<th>D\u00e9pot de garantie<\/th>\n<th><\/th>\n<\/tr>\n<\/thead>\n<tbody>\n<ul class=\"slides\">\n<tr>\n<td class=\"typelogement\" data-label=\"Type de logement\">Studio individuel <\/td>\n<td data-label=\"Superficie\">18 m\u00b2<\/td>\n<td data-label=\"Disponibilit\u00e9\">sur demande<\/td>\n<td data-label=\"Loyer mensuel (TTC)\">580 \u20ac<\/td>\n<td data-label=\"Frais de dossier\">300 \u20ac<\/td>\n<td data-label=\"D\u00e9pot de garantie\">600 \u20ac<\/td>\n<td><a href=\"https:\/\/www.lokora.fr\/reservation-lokora\/?res=2975&#038;apt=Studio individuel \">choisir ce logement<\/a><\/td>\n<\/tr>\n<tr>\n<td class=\"typelogement\" data-label=\"Type de logement\">chambre en colocation (\u00e0 3)<\/td>\n<td data-label=\"Superficie\">48 m\u00b2<\/td>\n<td data-label=\"Disponibilit\u00e9\">sur demande<\/td>\n<td data-label=\"Loyer mensuel (TTC)\">380 \u20ac<\/td>\n<td data-label=\"Frais de dossier\">300 \u20ac<\/td>\n<td data-label=\"D\u00e9pot de garantie\">500 \u20ac<\/td>\n<td><a href=\"https:\/\/www.lokora.fr\/reservation-lokora\/?res=2975&#038;apt=chambre en colocation (\u00e0 3)\">choisir ce logement<\/a><\/td>\n<\/tr>\n<\/tbody>\n<\/table><\/div>\n<\/p><\/div>\n<div class=\"deposer\"> Vous \u00eates int\u00e9ress\u00e9s par la r\u00e9sidence de <span style=\"text-transform:uppercase\">Brunoy<\/span>, sans pr\u00e9f\u00e9rence de logement ?<\/p>\n<div><a href=\"https:\/\/www.lokora.fr\/reservation-lokora\/?res=2975\" class=\"btn btn1\">D\u00e9poser mon dossier<\/a><\/div>\n<\/p><\/div>\n<div id=\"etre-rappele\">\n<h3>Faites vous recontacter par le gestionnaire de la r\u00e9sidence <\/h3>\n<div class=\"wpcf7 no-js\" id=\"wpcf7-f3600-o1\" lang=\"fr-FR\" dir=\"ltr\">\n<div class=\"screen-reader-response\">\n<p role=\"status\" aria-live=\"polite\" aria-atomic=\"true\">\n<ul><\/ul>\n<\/div>\n<form action=\"\/wp-admin\/post.php#wpcf7-f3600-o1\" method=\"post\" class=\"wpcf7-form init cf7mls-no-scroll cf7mls-auto-return-first-step cf7mls-no-moving-animation\" aria-label=\"Formulaire de contact\" novalidate=\"novalidate\" data-status=\"init\">\n<div style=\"display: none;\">\n<input type=\"hidden\" name=\"_wpcf7\" value=\"3600\" \/><br \/>\n<input type=\"hidden\" name=\"_wpcf7_version\" value=\"5.9.3\" \/><br \/>\n<input type=\"hidden\" name=\"_wpcf7_locale\" value=\"fr_FR\" \/><br \/>\n<input type=\"hidden\" name=\"_wpcf7_unit_tag\" value=\"wpcf7-f3600-o1\" \/><br \/>\n<input type=\"hidden\" name=\"_wpcf7_container_post\" value=\"0\" \/><br \/>\n<input type=\"hidden\" name=\"_wpcf7_posted_data_hash\" value=\"\" \/><br \/>\n<input type=\"hidden\" name=\"_wpcf7_recaptcha_response\" value=\"\" \/>\n<\/div>\n<p><span class=\"wpcf7-form-control-wrap hidres\" data-name=\"hidres\"><input type=\"hidden\" name=\"hidres\" id=\"\" class=\"wpcf7-form-control wpcf7-hidden wpcf7dtx wpcf7dtx-hidden\" aria-invalid=\"false\" value=\"\" \/><\/span><br \/>\n<span class=\"wpcf7-form-control-wrap hidresid\" data-name=\"hidresid\"><input type=\"hidden\" name=\"hidresid\" id=\"\" class=\"wpcf7-form-control wpcf7-hidden wpcf7dtx wpcf7dtx-hidden\" aria-invalid=\"false\" value=\"\" \/><\/span><\/p>\n<div class=\"row\">\n<div class=\"col-sm-6\">\n<p><span class=\"wpcf7-form-control-wrap\" data-name=\"Nom\"><input size=\"40\" class=\"wpcf7-form-control wpcf7-text wpcf7-validates-as-required\" aria-required=\"true\" aria-invalid=\"false\" placeholder=\"Nom *\" value=\"\" type=\"text\" name=\"Nom\" \/><\/span>\n\t\t<\/p>\n<\/p><\/div>\n<div class=\"col-sm-6\">\n<p><span class=\"wpcf7-form-control-wrap\" data-name=\"Prnom\"><input size=\"40\" class=\"wpcf7-form-control wpcf7-text wpcf7-validates-as-required\" aria-required=\"true\" aria-invalid=\"false\" placeholder=\"Pr\u00e9nom *\" value=\"\" type=\"text\" name=\"Prnom\" \/><\/span>\n\t\t<\/p>\n<\/p><\/div>\n<\/div>\n<div class=\"row\">\n<div class=\"col-sm-6\">\n<p><span class=\"wpcf7-form-control-wrap\" data-name=\"Email\"><input size=\"40\" class=\"wpcf7-form-control wpcf7-email wpcf7-validates-as-required wpcf7-text wpcf7-validates-as-email\" aria-required=\"true\" aria-invalid=\"false\" placeholder=\"Email *\" value=\"\" type=\"email\" name=\"Email\" \/><\/span>\n\t\t<\/p>\n<\/p><\/div>\n<div class=\"col-sm-6\">\n<p><span class=\"wpcf7-form-control-wrap intl_tel\"><input class=\"wpcf7-form-control wpcf7-intl_tel wpcf7-validates-as-required wpcf7-intl-tel\" aria-required=\"true\" aria-invalid=\"false\" placeholder=\"Num\u00e9ro de mobile *\" data-initialcountry=\"Fr\" data-preferredcountries=\"France\" value=\"\" type=\"tel\" name=\"intl_tel-cf7it-national\" \/><input name=\"intl_tel\" type=\"hidden\" class=\"wpcf7-intl-tel-full\" \/><input type=\"hidden\" name=\"intl_tel-cf7it-country-name\" class=\"wpcf7-intl-tel-country-name\" \/><input type=\"hidden\" name=\"intl_tel-cf7it-country-code\" class=\"wpcf7-intl-tel-country-code\" \/><input type=\"hidden\" name=\"intl_tel-cf7it-country-iso2\" class=\"wpcf7-intl-tel-country-iso2\" \/><\/span>\n\t\t<\/p>\n<\/p><\/div>\n<\/div>\n<p><input class=\"wpcf7-form-control wpcf7-submit has-spinner\" type=\"submit\" value=\"Envoyer\" \/>\n<\/p>\n<div class=\"wpcf7-response-output\" aria-hidden=\"true\"><\/div>\n<\/form>\n<\/div><\/div>\n<\/p><\/div>\n<\/p><\/div>\n<div id=\"logements-bottom\" class=\"wave\"><\/div>\n<div id=\"services\">\n<div class=\"container\">\n<h3>Services et \u00e9quipements de la r\u00e9sidence inclus<\/h3>\n<div id=\"services-inclus\">\n<div class=\"service\">\n<div class=\"service-circle service-accueil\"><\/div>\n<p>              <span>Service d&#8217;accueil<\/span><\/div>\n<div class=\"service\">\n<div class=\"service-circle service-wifi\"><\/div>\n<p>              <span>WIFI rapide<\/span><\/div>\n<div class=\"service\">\n<div class=\"service-circle service-detente\"><\/div>\n<p>              <span>Espace d\u00e9tente<\/span><\/div>\n<div class=\"service\">\n<div class=\"service-circle service-jardin\"><\/div>\n<p>              <span>Jardin commun<\/span><\/div>\n<div class=\"service\">\n<div class=\"service-circle service-gardien\"><\/div>\n<p>              <span>Gardien<\/span><\/div>\n<div class=\"service\">\n<div class=\"service-circle service-salle\"><\/div>\n<p>              <span>Salle polyvalente<\/span><\/div>\n<\/p><\/div>\n<h3>Services en suppl\u00e9ment<\/h3>\n<div id=\"services-sup\">\n<div class=\"service\">\n<div class=\"service-circle service-laverie\"><\/div>\n<p>              <span>Laverie en libre service<\/span><\/div>\n<div class=\"service\">\n<div class=\"service-circle service-literie\"><\/div>\n<p>              <span>Kits literie ou toilette<\/span><\/div>\n<div class=\"service\">\n<div class=\"service-circle service-parking\"><\/div>\n<p>              <span>Parking<\/span><\/div>\n<\/p><\/div>\n<\/p><\/div>\n<\/p><\/div>\n<div id=\"situation-top\" class=\"wave\"><\/div>\n<div id=\"situation\" class=\"full-section\">\n<div class=\"container\">\n<h2>Situer la r\u00e9sidence<\/h2>\n<div class=\"situation-text\">\n<p><span style=\"font-weight: 400;\">Situ\u00e9e \u00e0 Brunoy\u00a0 en Essonne \u00e0 mi-chemin entre Evry Melun et Cr\u00e9teil. Elle dispose d&rsquo;un site culturel important avec son th\u00e9\u00e2tre et ses mus\u00e9es.<\/span><\/p>\n<p><span style=\"font-weight: 400;\">A seulement 25 minutes de Paris par le RER D, la r\u00e9sidence est implant\u00e9e dans un parc arbor\u00e9 au calme. La r\u00e9sidence est aussi situ\u00e9e \u00e0 proximit\u00e9 d\u2019un BUS.<\/span><\/p>\n<\/p><\/div>\n<\/p><\/div>\n<\/p><\/div>\n<div id=\"map\" data-zoom=\"16\">\n<div class=\"marker\" data-lat=\"48.6940882\" data-lng=\"2.4928761\">\n<div class=\"gmappopup\">\n<div class=\"gmappopup_title\">R\u00e9sidence Brunoy<\/div>\n<div>\n<p>29 rue des Godeaux,  91800 BRUNOY<br \/><a href=\"https:\/\/www.google.com\/maps\/dir\/?api=1&#038;destination=48.6940882,2.4928761\" target=\"_blank\" rel=\"noopener\">itin\u00e9raire<\/a><\/div>\n<\/div>\n<\/div><\/div>\n<div id=\"temoignages\">\n<div class=\"container\">\n<h2>Ils parlent de nous<\/h2>\n<h3>T\u00e9moignages<\/h3>\n<div class=\"flexslider temoignages-slider\">\n<ul class=\"slides\">\n<li>\n<div class=\"temoignages-item color1\">\n<div class=\"temoignages-img img-cercle\">\n<div class=\"img-cercle2\"> <img width=\"1080\" height=\"1080\" src=\"https:\/\/www.lokora.fr\/wp-content\/uploads\/2024\/04\/5.png\" class=\"attachment-full size-full wp-post-image\" alt=\"\" decoding=\"async\" loading=\"lazy\" srcset=\"https:\/\/www.lokora.fr\/wp-content\/uploads\/2024\/04\/5.png 1080w, https:\/\/www.lokora.fr\/wp-content\/uploads\/2024\/04\/5-300x300.png 300w, https:\/\/www.lokora.fr\/wp-content\/uploads\/2024\/04\/5-1024x1024.png 1024w, https:\/\/www.lokora.fr\/wp-content\/uploads\/2024\/04\/5-150x150.png 150w, https:\/\/www.lokora.fr\/wp-content\/uploads\/2024\/04\/5-768x768.png 768w\" sizes=\"auto, (max-width: 1080px) 100vw, 1080px\" \/> <\/div>\n<\/p><\/div>\n<div class=\"temoignage-stars\"><span>\u2605<\/span><span>\u2605<\/span><span>\u2605<\/span><span>\u2605<\/span><span>\u2730<\/span><\/div>\n<div class=\"temoignage-text\">La r\u00e9sidence \u00e9tudiante Saint Pierre est tr\u00e8s bien entretenue (un service de m\u00e9nage irr\u00e9prochable). Les colocataires et les voisins sont sympathiques, polis, serviables. Les autres : gardien, r\u00e9gisseur toujours \u00e0 votre disposition et tout aussi gentils. Bref, ambiance agr\u00e9able.<\/div>\n<div class=\"temoignage-author\">Sabine<br \/><strong>Etudiante LOKORA BRUNOY<\/strong><\/div>\n<\/p><\/div>\n<\/li>\n<\/ul><\/div>\n<\/p><\/div>\n<\/p><\/div>\n<div id=\"actualites-top\" class=\"wave\"><\/div>\n<div id=\"actualites\" class=\"full-section\">\n<div class=\"container\">\n<h2>Derni\u00e8res actualit\u00e9s<\/h2>\n<div class=\"actualites-items row\">\n<div class=\"actualites-item col-md-4\">\n<div> <a href=\"https:\/\/www.lokora.fr\/actualite\/demander-lapl-comment-faire-lokora-vous-guide-en-quelques-etapes\/\"><img width=\"1280\" height=\"853\" src=\"https:\/\/www.lokora.fr\/wp-content\/uploads\/2024\/02\/2f225d_cbdf19d013c84114a08c5e09d3cda774mv2.jpeg\" class=\"attachment-full size-full wp-post-image\" alt=\"\" decoding=\"async\" loading=\"lazy\" srcset=\"https:\/\/www.lokora.fr\/wp-content\/uploads\/2024\/02\/2f225d_cbdf19d013c84114a08c5e09d3cda774mv2.jpeg 1280w, https:\/\/www.lokora.fr\/wp-content\/uploads\/2024\/02\/2f225d_cbdf19d013c84114a08c5e09d3cda774mv2-300x200.jpeg 300w, https:\/\/www.lokora.fr\/wp-content\/uploads\/2024\/02\/2f225d_cbdf19d013c84114a08c5e09d3cda774mv2-768x512.jpeg 768w, https:\/\/www.lokora.fr\/wp-content\/uploads\/2024\/02\/2f225d_cbdf19d013c84114a08c5e09d3cda774mv2-1024x682.jpeg 1024w\" sizes=\"auto, (max-width: 1280px) 100vw, 1280px\" \/><\/a><br \/>\n                <a href=\"https:\/\/www.lokora.fr\/actualite\/demander-lapl-comment-faire-lokora-vous-guide-en-quelques-etapes\/\"><\/p>\n<h3>Demander l\u2019APL, comment faire ? Lokora vous guide en quelques \u00e9tapes<\/h3>\n<p><\/a><\/p>\n<p class=\"\">Excellente nouvelle pour les \u00e9tudiants ! Vous pouvez b\u00e9n\u00e9ficier de l\u2019Aide Personnelle au Logement (apr\u00e8s avoir examin\u00e9 les crit\u00e8res d&rsquo;\u00e9ligibilit\u00e9) d\u00e9livr\u00e9e par la Caisse d&rsquo;Allocation Familiales (CAF). Voici un tutoriel pour vous assister dans la proc\u00e9dure de demande. O\u00f9 faire sa demande d&rsquo;aide au logement en tant qu&rsquo;\u00e9tudiant ? Si vous voulez demander l&rsquo;APL, la premi\u00e8re \u00e9tape consiste \u00e0 identifier l&rsquo;organisme \u00e0 contacter pour d\u00e9poser votre demande d&rsquo;aide au logement.Si vous relevez du r\u00e9gime g\u00e9n\u00e9ral, rendez-vous sur le site web de la Caisse d&rsquo;Allocations Familiales\u00a0(CAF) pour effectuer votre demande en ligne. Assurez-vous d&rsquo;avoir \u00e0 une connexion Internet, ainsi qu&rsquo;un scanner [&hellip;]<\/p>\n<\/p><\/div>\n<\/p><\/div>\n<div class=\"actualites-item col-md-4\">\n<div> <a href=\"https:\/\/www.lokora.fr\/actualite\/als-etudiant-comment-savoir-si-vous-etes-eligible\/\"><img width=\"454\" height=\"341\" src=\"https:\/\/www.lokora.fr\/wp-content\/uploads\/2024\/03\/3c0884_cde5200c485d479aa60380b892adab77mv2-1.jpg\" class=\"attachment-full size-full wp-post-image\" alt=\"ALS \u00e9tudiant\" decoding=\"async\" loading=\"lazy\" srcset=\"https:\/\/www.lokora.fr\/wp-content\/uploads\/2024\/03\/3c0884_cde5200c485d479aa60380b892adab77mv2-1.jpg 454w, https:\/\/www.lokora.fr\/wp-content\/uploads\/2024\/03\/3c0884_cde5200c485d479aa60380b892adab77mv2-1-422x317.jpg 422w, https:\/\/www.lokora.fr\/wp-content\/uploads\/2024\/03\/3c0884_cde5200c485d479aa60380b892adab77mv2-1-300x225.jpg 300w\" sizes=\"auto, (max-width: 454px) 100vw, 454px\" \/><\/a><br \/>\n                <a href=\"https:\/\/www.lokora.fr\/actualite\/als-etudiant-comment-savoir-si-vous-etes-eligible\/\"><\/p>\n<h3>ALS \u00e9tudiant : Comment savoir si vous \u00eates \u00e9ligible ?<\/h3>\n<p><\/a><\/p>\n<p class=\"\">Lorsque vous sollicitez l&rsquo;Allocation de Logement Sociale (ALS), que ce soit aupr\u00e8s de la Caisse d&rsquo;Allocations Familiales (CAF) ou de la Mutualit\u00e9 Sociale Agricole (MSA), plusieurs crit\u00e8res sont pris en compte pour d\u00e9terminer votre \u00e9ligibilit\u00e9 et le montant attribu\u00e9. \u00a0 \u00a0 \u00a0 . Ces crit\u00e8res incluent : Votre lieu de domicile ;La nature de votre bail (que vous soyez locataire, sous-locataire, habitant un foyer ou une r\u00e9sidence \u00e9tudiante, etc.) ;Votre situation personnelle et la composition de votre m\u00e9nage (seul, en couple, avec des personnes \u00e0 charge&#8230;) ;Les revenus de vous-m\u00eame et, le cas \u00e9ch\u00e9ant, ceux des autres personnes du m\u00e9nage [&hellip;]<\/p>\n<\/p><\/div>\n<\/p><\/div>\n<div class=\"actualites-item col-md-4\">\n<div> <a href=\"https:\/\/www.lokora.fr\/actualite\/etudiants-les-aides-a-la-mobilite-et-au-demenagement\/\"><img width=\"2000\" height=\"1333\" src=\"https:\/\/www.lokora.fr\/wp-content\/uploads\/2024\/04\/aides-au-demenagement-scaled-e1712823244663.jpg\" class=\"attachment-full size-full wp-post-image\" alt=\"\" decoding=\"async\" loading=\"lazy\" \/><\/a><br \/>\n                <a href=\"https:\/\/www.lokora.fr\/actualite\/etudiants-les-aides-a-la-mobilite-et-au-demenagement\/\"><\/p>\n<h3>\u00c9tudiants : les aides \u00e0 la mobilit\u00e9 et au d\u00e9m\u00e9nagement<\/h3>\n<p><\/a><\/p>\n<p class=\"\">Si vous \u00eates un \u00e9tudiant planifiant de quitter votre logement actuel ou de vous installer dans un nouveau secteur pour vos \u00e9tudes, il est important de savoir que diverses subventions existent pour vous soutenir durant votre parcours acad\u00e9mique. Que ce soit par des aides au logement, des bourses d&rsquo;\u00e9tude, ou des soutiens pour le d\u00e9m\u00e9nagement, des ressources financi\u00e8res sont disponibles pour vous aider. Pour plus d&rsquo;information contactez les services LOKORA ! Nous serons ravis de vous aider Les conseils et strat\u00e9gies pour optimiser votre d\u00e9m\u00e9nagement et profiter des aides Lorsque vous pr\u00e9voyez de d\u00e9m\u00e9nager, une bonne organisation et pr\u00e9paration sont [&hellip;]<\/p>\n<\/p><\/div>\n<\/p><\/div>\n<div class=\"actualites-item col-md-4\">\n<div> <a href=\"https:\/\/www.lokora.fr\/actualite\/universite-brunoy-etudes-paris\/\"><img width=\"1920\" height=\"1080\" src=\"https:\/\/www.lokora.fr\/wp-content\/uploads\/2024\/06\/Universites-Brunoy.jpg\" class=\"attachment-full size-full wp-post-image\" alt=\"Universit\u00e9s et \u00e9coles sup\u00e9rieures autour de Brunoy, Essonne\" decoding=\"async\" loading=\"lazy\" srcset=\"https:\/\/www.lokora.fr\/wp-content\/uploads\/2024\/06\/Universites-Brunoy.jpg 1920w, https:\/\/www.lokora.fr\/wp-content\/uploads\/2024\/06\/Universites-Brunoy-300x169.jpg 300w, https:\/\/www.lokora.fr\/wp-content\/uploads\/2024\/06\/Universites-Brunoy-1024x576.jpg 1024w, https:\/\/www.lokora.fr\/wp-content\/uploads\/2024\/06\/Universites-Brunoy-768x432.jpg 768w, https:\/\/www.lokora.fr\/wp-content\/uploads\/2024\/06\/Universites-Brunoy-1536x864.jpg 1536w\" sizes=\"auto, (max-width: 1920px) 100vw, 1920px\" \/><\/a><br \/>\n                <a href=\"https:\/\/www.lokora.fr\/actualite\/universite-brunoy-etudes-paris\/\"><\/p>\n<h3>Universit\u00e9 pr\u00e8s de Brunoy, balayage des types de cursus<\/h3>\n<p><\/a><\/p>\n<p class=\"\">Tu cherche une universit\u00e9 \u00e0 Brunoy ? C&rsquo;est par ici ! Brunoy, une charmante ville situ\u00e9e dans l&rsquo;Essonne, b\u00e9n\u00e9ficie d&rsquo;une position strat\u00e9gique pr\u00e8s de Paris, offrant ainsi un acc\u00e8s privil\u00e9gi\u00e9 \u00e0 un large \u00e9ventail d&rsquo;institutions d&rsquo;enseignement sup\u00e9rieur. Cet article vous guidera \u00e0 travers les diff\u00e9rentes options universitaires accessibles aux r\u00e9sidents de Brunoy et \u00e0 ceux d\u00e9sirant y \u00e9tudier, d\u00e9montrant que qualit\u00e9 et proximit\u00e9 peuvent parfaitement rimer avec \u00e9ducation. &nbsp; Universit\u00e9 \u00e0 Brunoy comment y acc\u00e9der ? &nbsp; Bien que Brunoy ne dispose pas de ses propres universit\u00e9s, la ville est un point de d\u00e9part id\u00e9al pour acc\u00e9der \u00e0 de prestigieuses [&hellip;]<\/p>\n<\/p><\/div>\n<\/p><\/div>\n<div class=\"actualites-item col-md-4\">\n<div> <a href=\"https:\/\/www.lokora.fr\/actualite\/transports-a-brunoy-comment-se-deplacer-pres-de-paris\/\"><img width=\"1920\" height=\"1080\" src=\"https:\/\/www.lokora.fr\/wp-content\/uploads\/2024\/04\/Les-moyens-de-transport-a-Brunoy-et-vers-Paris.jpg\" class=\"attachment-full size-full wp-post-image\" alt=\"Les trains et moyens de transports pour les \u00e9tudiants \u00e0 Brunoy et vers Paris\" decoding=\"async\" loading=\"lazy\" srcset=\"https:\/\/www.lokora.fr\/wp-content\/uploads\/2024\/04\/Les-moyens-de-transport-a-Brunoy-et-vers-Paris.jpg 1920w, https:\/\/www.lokora.fr\/wp-content\/uploads\/2024\/04\/Les-moyens-de-transport-a-Brunoy-et-vers-Paris-300x169.jpg 300w, https:\/\/www.lokora.fr\/wp-content\/uploads\/2024\/04\/Les-moyens-de-transport-a-Brunoy-et-vers-Paris-1024x576.jpg 1024w, https:\/\/www.lokora.fr\/wp-content\/uploads\/2024\/04\/Les-moyens-de-transport-a-Brunoy-et-vers-Paris-768x432.jpg 768w, https:\/\/www.lokora.fr\/wp-content\/uploads\/2024\/04\/Les-moyens-de-transport-a-Brunoy-et-vers-Paris-1536x864.jpg 1536w\" sizes=\"auto, (max-width: 1920px) 100vw, 1920px\" \/><\/a><br \/>\n                <a href=\"https:\/\/www.lokora.fr\/actualite\/transports-a-brunoy-comment-se-deplacer-pres-de-paris\/\"><\/p>\n<h3>Transports \u00e0 Brunoy, comment se d\u00e9placer pr\u00e8s de Paris<\/h3>\n<p><\/a><\/p>\n<p class=\"\">Une vari\u00e9t\u00e9 d&rsquo;options de transport sont disponibles \u00e0 Brunoy pour naviguer \u00e0 l&rsquo;int\u00e9rieur de la ville et pour les voyages vers Paris. Pour vos \u00e9tudes, comprendre les diff\u00e9rentes modalit\u00e9s de transport disponibles est essentiel pour optimiser vos d\u00e9placements. Cet article vous guide \u00e0 travers les divers moyens de transport \u00e0 Brunoy. Utilisez les bus, les trains, la voiture et le v\u00e9lo, et maximisez votre mobilit\u00e9 tout en d\u00e9couvrant les services qui facilitent l&rsquo;acc\u00e8s \u00e0 la capitale en moins d&rsquo;une heure ! Brunoy : des moyens de transports plus durables &nbsp; D\u00e9couvrir Brunoy en bus La ville de Brunoy est desservie [&hellip;]<\/p>\n<\/p><\/div>\n<\/p><\/div>\n<div class=\"actualites-item col-md-4\">\n<div> <a href=\"https:\/\/www.lokora.fr\/actualite\/10-lieux-culturels-incontournables-a-brunoy-et-proximite-avec-paris\/\"><img width=\"1920\" height=\"1080\" src=\"https:\/\/www.lokora.fr\/wp-content\/uploads\/2024\/05\/10-lieux-culturels-incontournables-a-Brunoy-et-proximite-avec-Paris.jpg\" class=\"attachment-full size-full wp-post-image\" alt=\"mage des sites culturels de Brunoy et Paris, incluant le Mus\u00e9e Robert Dubois-Corneau et le Louvre.\" decoding=\"async\" loading=\"lazy\" srcset=\"https:\/\/www.lokora.fr\/wp-content\/uploads\/2024\/05\/10-lieux-culturels-incontournables-a-Brunoy-et-proximite-avec-Paris.jpg 1920w, https:\/\/www.lokora.fr\/wp-content\/uploads\/2024\/05\/10-lieux-culturels-incontournables-a-Brunoy-et-proximite-avec-Paris-300x169.jpg 300w, https:\/\/www.lokora.fr\/wp-content\/uploads\/2024\/05\/10-lieux-culturels-incontournables-a-Brunoy-et-proximite-avec-Paris-1024x576.jpg 1024w, https:\/\/www.lokora.fr\/wp-content\/uploads\/2024\/05\/10-lieux-culturels-incontournables-a-Brunoy-et-proximite-avec-Paris-768x432.jpg 768w, https:\/\/www.lokora.fr\/wp-content\/uploads\/2024\/05\/10-lieux-culturels-incontournables-a-Brunoy-et-proximite-avec-Paris-1536x864.jpg 1536w\" sizes=\"auto, (max-width: 1920px) 100vw, 1920px\" \/><\/a><br \/>\n                <a href=\"https:\/\/www.lokora.fr\/actualite\/10-lieux-culturels-incontournables-a-brunoy-et-proximite-avec-paris\/\"><\/p>\n<h3>10 lieux culturels incontournables \u00e0 Brunoy et proximit\u00e9 avec Paris<\/h3>\n<p><\/a><\/p>\n<p class=\"\">Bienvenue dans un voyage captivant \u00e0 travers les lieux culturels de Brunoy et Paris, deux lieux o\u00f9 l&rsquo;histoire et la modernit\u00e9 se rencontrent harmonieusement. Que vous soyez un passionn\u00e9 d&rsquo;art, un \u00e9tudiant en qu\u00eate de connaissances, ou simplement un curieux de la culture fran\u00e7aise, ces villes offrent une palette d&rsquo;exp\u00e9riences enrichissantes. Brunoy, avec son charme provincial, et Paris, la ville lumi\u00e8re mondialement reconnue, invitent les visiteurs \u00e0 d\u00e9couvrir des mus\u00e9es et des espaces artistiques qui sont autant de fen\u00eatres ouvertes sur le pass\u00e9 et le pr\u00e9sent artistique vibrant. Du Mus\u00e9e Robert Dubois-Corneau, nich\u00e9 au c\u0153ur de Brunoy, aux majestueux halls [&hellip;]<\/p>\n<\/p><\/div>\n<\/p><\/div>\n<\/p><\/div>\n<p>          <a href=\"https:\/\/www.lokora.fr\/actualites\/\" class=\"btn btn3\">Toutes les actualit\u00e9s<\/a> <\/div>\n<\/p><\/div>\n<div id=\"actualites-bottom\" class=\"wave\"><\/div>\n<p>      <!-- .entry-content --> <\/p>\n","protected":false},"featured_media":0,"parent":0,"template":"","class_list":["post-5001","residence","type-residence","status-publish","hentry"],"acf":[],"yoast_head":"<!-- This site is optimized with the Yoast SEO plugin v25.2 - https:\/\/yoast.com\/wordpress\/plugins\/seo\/ -->\n<title>R\u00e9sidence \u00e9tudiante \u00e0 Brunoy - Lokora<\/title>\n<meta name=\"description\" content=\"d\u00e9couvrez notre r\u00e9sidence \u00e9tudiante \u00e0 Brunoy : confort et \u00e9l\u00e9gance dans un cadre paisible. Id\u00e9al pour un nouveau foyer.\" \/>\n<meta name=\"robots\" content=\"index, follow, max-snippet:-1, max-image-preview:large, max-video-preview:-1\" \/>\n<link rel=\"canonical\" href=\"https:\/\/www.lokora.fr\/en\/residence\/brunoy\/\" \/>\n<meta property=\"og:locale\" content=\"en_US\" \/>\n<meta property=\"og:type\" content=\"article\" \/>\n<meta property=\"og:title\" content=\"R\u00e9sidence \u00e9tudiante \u00e0 Brunoy - Lokora\" \/>\n<meta property=\"og:description\" content=\"d\u00e9couvrez notre r\u00e9sidence \u00e9tudiante \u00e0 Brunoy : confort et \u00e9l\u00e9gance dans un cadre paisible. Id\u00e9al pour un nouveau foyer.\" \/>\n<meta property=\"og:url\" content=\"https:\/\/www.lokora.fr\/en\/residence\/brunoy\/\" \/>\n<meta property=\"og:site_name\" content=\"Lokora\" \/>\n<meta property=\"article:publisher\" content=\"https:\/\/www.facebook.com\/people\/Lokora\/61552218247744\/\" \/>\n<meta property=\"article:modified_time\" content=\"2024-09-18T08:18:10+00:00\" \/>\n<meta property=\"og:image\" content=\"https:\/\/www.lokora.fr\/wp-content\/uploads\/2024\/03\/LOKORA-Brunoy-768x258.jpg\" \/>\n<meta name=\"twitter:card\" content=\"summary_large_image\" \/>\n<meta name=\"twitter:label1\" content=\"Est. reading time\" \/>\n\t<meta name=\"twitter:data1\" content=\"11 minutes\" \/>\n<script type=\"application\/ld+json\" class=\"yoast-schema-graph\">{\"@context\":\"https:\/\/schema.org\",\"@graph\":[{\"@type\":\"WebPage\",\"@id\":\"https:\/\/www.lokora.fr\/en\/residence\/brunoy\/\",\"url\":\"https:\/\/www.lokora.fr\/en\/residence\/brunoy\/\",\"name\":\"R\u00e9sidence \u00e9tudiante \u00e0 Brunoy - Lokora\",\"isPartOf\":{\"@id\":\"https:\/\/www.lokora.fr\/en\/#website\"},\"primaryImageOfPage\":{\"@id\":\"https:\/\/www.lokora.fr\/en\/residence\/brunoy\/#primaryimage\"},\"image\":{\"@id\":\"https:\/\/www.lokora.fr\/en\/residence\/brunoy\/#primaryimage\"},\"thumbnailUrl\":\"https:\/\/www.lokora.fr\/wp-content\/uploads\/2024\/03\/LOKORA-Brunoy-768x258.jpg\",\"datePublished\":\"2024-03-01T07:59:11+00:00\",\"dateModified\":\"2024-09-18T08:18:10+00:00\",\"description\":\"d\u00e9couvrez notre r\u00e9sidence \u00e9tudiante \u00e0 Brunoy : confort et \u00e9l\u00e9gance dans un cadre paisible. Id\u00e9al pour un nouveau foyer.\",\"breadcrumb\":{\"@id\":\"https:\/\/www.lokora.fr\/en\/residence\/brunoy\/#breadcrumb\"},\"inLanguage\":\"en-US\",\"potentialAction\":[{\"@type\":\"ReadAction\",\"target\":[\"https:\/\/www.lokora.fr\/en\/residence\/brunoy\/\"]}]},{\"@type\":\"ImageObject\",\"inLanguage\":\"en-US\",\"@id\":\"https:\/\/www.lokora.fr\/en\/residence\/brunoy\/#primaryimage\",\"url\":\"https:\/\/www.lokora.fr\/wp-content\/uploads\/2024\/03\/LOKORA-Brunoy-768x258.jpg\",\"contentUrl\":\"https:\/\/www.lokora.fr\/wp-content\/uploads\/2024\/03\/LOKORA-Brunoy-768x258.jpg\"},{\"@type\":\"BreadcrumbList\",\"@id\":\"https:\/\/www.lokora.fr\/en\/residence\/brunoy\/#breadcrumb\",\"itemListElement\":[{\"@type\":\"ListItem\",\"position\":1,\"name\":\"Accueil\",\"item\":\"https:\/\/www.lokora.fr\/en\/\"},{\"@type\":\"ListItem\",\"position\":2,\"name\":\"R\u00e9sidences\",\"item\":\"https:\/\/www.lokora.fr\/en\/residences\/\"},{\"@type\":\"ListItem\",\"position\":3,\"name\":\"Residence Brunoy\"}]},{\"@type\":\"WebSite\",\"@id\":\"https:\/\/www.lokora.fr\/en\/#website\",\"url\":\"https:\/\/www.lokora.fr\/en\/\",\"name\":\"Lokora\",\"description\":\"Lokora, R\u00e9sidences \u00e9tudiantes en France\",\"publisher\":{\"@id\":\"https:\/\/www.lokora.fr\/en\/#organization\"},\"alternateName\":\"R\u00e9sidences \u00e9tudiantes en France\",\"potentialAction\":[{\"@type\":\"SearchAction\",\"target\":{\"@type\":\"EntryPoint\",\"urlTemplate\":\"https:\/\/www.lokora.fr\/en\/?s={search_term_string}\"},\"query-input\":{\"@type\":\"PropertyValueSpecification\",\"valueRequired\":true,\"valueName\":\"search_term_string\"}}],\"inLanguage\":\"en-US\"},{\"@type\":\"Organization\",\"@id\":\"https:\/\/www.lokora.fr\/en\/#organization\",\"name\":\"LOKORA , R\u00e9sidences \u00e9tudiantes en France\",\"alternateName\":\"LOKORA\",\"url\":\"https:\/\/www.lokora.fr\/en\/\",\"logo\":{\"@type\":\"ImageObject\",\"inLanguage\":\"en-US\",\"@id\":\"https:\/\/www.lokora.fr\/en\/#\/schema\/logo\/image\/\",\"url\":\"https:\/\/www.lokora.fr\/wp-content\/uploads\/2023\/12\/Logo-LOKORA-1.png\",\"contentUrl\":\"https:\/\/www.lokora.fr\/wp-content\/uploads\/2023\/12\/Logo-LOKORA-1.png\",\"width\":274,\"height\":108,\"caption\":\"LOKORA , R\u00e9sidences \u00e9tudiantes en France\"},\"image\":{\"@id\":\"https:\/\/www.lokora.fr\/en\/#\/schema\/logo\/image\/\"},\"sameAs\":[\"https:\/\/www.facebook.com\/people\/Lokora\/61552218247744\/\",\"https:\/\/www.instagram.com\/residences_lokora\/\",\"https:\/\/www.linkedin.com\/company\/lokora-r\u00e9sidences-\u00e9tudiantes?originalSubdomain=fr\"]}]}<\/script>\n<!-- \/ Yoast SEO plugin. -->","yoast_head_json":{"title":"R\u00e9sidence \u00e9tudiante \u00e0 Brunoy - Lokora","description":"d\u00e9couvrez notre r\u00e9sidence \u00e9tudiante \u00e0 Brunoy : confort et \u00e9l\u00e9gance dans un cadre paisible. Id\u00e9al pour un nouveau foyer.","robots":{"index":"index","follow":"follow","max-snippet":"max-snippet:-1","max-image-preview":"max-image-preview:large","max-video-preview":"max-video-preview:-1"},"canonical":"https:\/\/www.lokora.fr\/en\/residence\/brunoy\/","og_locale":"en_US","og_type":"article","og_title":"R\u00e9sidence \u00e9tudiante \u00e0 Brunoy - Lokora","og_description":"d\u00e9couvrez notre r\u00e9sidence \u00e9tudiante \u00e0 Brunoy : confort et \u00e9l\u00e9gance dans un cadre paisible. Id\u00e9al pour un nouveau foyer.","og_url":"https:\/\/www.lokora.fr\/en\/residence\/brunoy\/","og_site_name":"Lokora","article_publisher":"https:\/\/www.facebook.com\/people\/Lokora\/61552218247744\/","article_modified_time":"2024-09-18T08:18:10+00:00","og_image":[{"url":"https:\/\/www.lokora.fr\/wp-content\/uploads\/2024\/03\/LOKORA-Brunoy-768x258.jpg","type":"","width":"","height":""}],"twitter_card":"summary_large_image","twitter_misc":{"Est. reading time":"11 minutes"},"schema":{"@context":"https:\/\/schema.org","@graph":[{"@type":"WebPage","@id":"https:\/\/www.lokora.fr\/en\/residence\/brunoy\/","url":"https:\/\/www.lokora.fr\/en\/residence\/brunoy\/","name":"R\u00e9sidence \u00e9tudiante \u00e0 Brunoy - Lokora","isPartOf":{"@id":"https:\/\/www.lokora.fr\/en\/#website"},"primaryImageOfPage":{"@id":"https:\/\/www.lokora.fr\/en\/residence\/brunoy\/#primaryimage"},"image":{"@id":"https:\/\/www.lokora.fr\/en\/residence\/brunoy\/#primaryimage"},"thumbnailUrl":"https:\/\/www.lokora.fr\/wp-content\/uploads\/2024\/03\/LOKORA-Brunoy-768x258.jpg","datePublished":"2024-03-01T07:59:11+00:00","dateModified":"2024-09-18T08:18:10+00:00","description":"d\u00e9couvrez notre r\u00e9sidence \u00e9tudiante \u00e0 Brunoy : confort et \u00e9l\u00e9gance dans un cadre paisible. Id\u00e9al pour un nouveau foyer.","breadcrumb":{"@id":"https:\/\/www.lokora.fr\/en\/residence\/brunoy\/#breadcrumb"},"inLanguage":"en-US","potentialAction":[{"@type":"ReadAction","target":["https:\/\/www.lokora.fr\/en\/residence\/brunoy\/"]}]},{"@type":"ImageObject","inLanguage":"en-US","@id":"https:\/\/www.lokora.fr\/en\/residence\/brunoy\/#primaryimage","url":"https:\/\/www.lokora.fr\/wp-content\/uploads\/2024\/03\/LOKORA-Brunoy-768x258.jpg","contentUrl":"https:\/\/www.lokora.fr\/wp-content\/uploads\/2024\/03\/LOKORA-Brunoy-768x258.jpg"},{"@type":"BreadcrumbList","@id":"https:\/\/www.lokora.fr\/en\/residence\/brunoy\/#breadcrumb","itemListElement":[{"@type":"ListItem","position":1,"name":"Accueil","item":"https:\/\/www.lokora.fr\/en\/"},{"@type":"ListItem","position":2,"name":"R\u00e9sidences","item":"https:\/\/www.lokora.fr\/en\/residences\/"},{"@type":"ListItem","position":3,"name":"Residence Brunoy"}]},{"@type":"WebSite","@id":"https:\/\/www.lokora.fr\/en\/#website","url":"https:\/\/www.lokora.fr\/en\/","name":"Lokora","description":"Lokora, R\u00e9sidences \u00e9tudiantes en France","publisher":{"@id":"https:\/\/www.lokora.fr\/en\/#organization"},"alternateName":"R\u00e9sidences \u00e9tudiantes en France","potentialAction":[{"@type":"SearchAction","target":{"@type":"EntryPoint","urlTemplate":"https:\/\/www.lokora.fr\/en\/?s={search_term_string}"},"query-input":{"@type":"PropertyValueSpecification","valueRequired":true,"valueName":"search_term_string"}}],"inLanguage":"en-US"},{"@type":"Organization","@id":"https:\/\/www.lokora.fr\/en\/#organization","name":"LOKORA , R\u00e9sidences \u00e9tudiantes en France","alternateName":"LOKORA","url":"https:\/\/www.lokora.fr\/en\/","logo":{"@type":"ImageObject","inLanguage":"en-US","@id":"https:\/\/www.lokora.fr\/en\/#\/schema\/logo\/image\/","url":"https:\/\/www.lokora.fr\/wp-content\/uploads\/2023\/12\/Logo-LOKORA-1.png","contentUrl":"https:\/\/www.lokora.fr\/wp-content\/uploads\/2023\/12\/Logo-LOKORA-1.png","width":274,"height":108,"caption":"LOKORA , R\u00e9sidences \u00e9tudiantes en France"},"image":{"@id":"https:\/\/www.lokora.fr\/en\/#\/schema\/logo\/image\/"},"sameAs":["https:\/\/www.facebook.com\/people\/Lokora\/61552218247744\/","https:\/\/www.instagram.com\/residences_lokora\/","https:\/\/www.linkedin.com\/company\/lokora-r\u00e9sidences-\u00e9tudiantes?originalSubdomain=fr"]}]}},"_links":{"self":[{"href":"https:\/\/www.lokora.fr\/en\/wp-json\/wp\/v2\/residence\/5001","targetHints":{"allow":["GET"]}}],"collection":[{"href":"https:\/\/www.lokora.fr\/en\/wp-json\/wp\/v2\/residence"}],"about":[{"href":"https:\/\/www.lokora.fr\/en\/wp-json\/wp\/v2\/types\/residence"}],"version-history":[{"count":3,"href":"https:\/\/www.lokora.fr\/en\/wp-json\/wp\/v2\/residence\/5001\/revisions"}],"predecessor-version":[{"id":5004,"href":"https:\/\/www.lokora.fr\/en\/wp-json\/wp\/v2\/residence\/5001\/revisions\/5004"}],"wp:attachment":[{"href":"https:\/\/www.lokora.fr\/en\/wp-json\/wp\/v2\/media?parent=5001"}],"curies":[{"name":"wp","href":"https:\/\/api.w.org\/{rel}","templated":true}]}}