{"id":4997,"date":"2024-02-06T14:11:13","date_gmt":"2024-02-06T13:11:13","guid":{"rendered":"https:\/\/www.lokora.fr\/?post_type=residence&#038;p=4997"},"modified":"2024-09-18T10:19:26","modified_gmt":"2024-09-18T08:19:26","slug":"acheres","status":"publish","type":"residence","link":"https:\/\/www.lokora.fr\/en\/residence\/acheres\/","title":{"rendered":"R\u00e9sidence Ach\u00e8res"},"content":{"rendered":"<br \/>\n<header class=\"entry-header\" style=\"background-image:url('https:\/\/www.lokora.fr\/wp-content\/uploads\/2024\/02\/LOKORA-Acheres.jpg');\">\n<div class=\"entry-header-img\"><img decoding=\"async\" class=\"header-img\" src=\"https:\/\/www.lokora.fr\/wp-content\/uploads\/2024\/02\/LOKORA-Acheres-768x258.jpg\" width=\"100%\" alt=\"R\u00e9sidence LOKORA Ach\u00e8res - etudiants\" \/><\/div>\n<p>        <!--\/wp-content\/uploads\/2024\/01\/3376-DSCF2433.jpg--><\/p>\n<div class=\"\" id=\"content\" tabindex=\"-1\">\n<div class=\"section1\">\n<div class=\"bloc1\">\n<div class=\"bloc2\">\n<h1><span>R\u00e9sidence \u00e9tudiante<\/span>Ach\u00e8res<\/h1>\n<p class=\"accroche\">Les logements enti\u00e8rement am\u00e9nag\u00e9s offrent un v\u00e9ritable standing h\u00f4telier. Un mobilier ergonomique appropri\u00e9 au confort et besoins des \u00e9tudiants. Tout a \u00e9t\u00e9 pens\u00e9 pour le bien-\u00eatre des \u00e9tudiants au quotidien !<\/p>\n<p>                <a href=\"#situation\"><\/p>\n<div class=\"localisation\"><img decoding=\"async\" src=\"\/wp-content\/uploads\/2024\/02\/map.png\" alt=\"localisation\"  width=\"32\" height=\"32\"\/> 1 avenue Jacques Chirac, 78260 ACHERES<br \/>\n                  <span>voir la localisation<\/span><\/div>\n<p><\/a><\/p>\n<form method=\"get\" action=\"https:\/\/www.lokora.fr\/reservation-lokora\/\">\n                <input type=\"hidden\" name=\"res\" value=\"2782\" \/><br \/>\n                <select name=\"apt\" id=\"res-apt\"><option>Choisissez votre type de logement<\/option><option value=\"T1\">T1<\/option><option value=\"Loft\">Loft<\/option><option value=\"Loft +\">Loft +<\/option><\/select><\/p>\n<div class=\"cat\">\n                  <a href=\"#etre-rappele\" class=\"btn btn1\">\u00catre rappel\u00e9(e)<\/a><br \/>\n                  <button class=\"btn btn2\" type=\"submit\">Je d\u00e9pose un dossier<\/button>\n                <\/div>\n<\/p><\/form>\n<\/p><\/div>\n<\/p><\/div>\n<\/p><\/div>\n<\/p><\/div>\n<\/header>\n<p>      <!-- .entry-header --><\/p>\n<div class=\"container\">\n<div class=\"anchors\"> <a href=\"#residence\">La r\u00e9sidence<\/a> <a href=\"#photos\">Photos &#038; Vid\u00e9os<\/a> <a href=\"#logements\">Les logements<\/a> <a href=\"#situation\">Situation g\u00e9ographique<\/a> <a href=\"#temoignages\">T\u00e9moignages<\/a> <a href=\"#actualites\">Actualit\u00e9s<\/a> <\/div>\n<\/p><\/div>\n<div id=\"residence-top\" class=\"wave\"><\/div>\n<div id=\"residence\">\n<div class=\"container\">\n<div class=\"row\">\n<div class=\"col-md-4\">\n<div class=\"residence-img\">\n                              <\/div>\n<\/p><\/div>\n<div class=\"col-md-8\">\n<div class=\"residence-text\">\n<h2><\/h2>\n<\/p><\/div>\n<\/p><\/div>\n<\/p><\/div>\n<\/p><\/div>\n<\/p><\/div>\n<div id=\"residence-bottom\" class=\"wave\"><\/div>\n<div class=\"container\">\n<div id=\"gestionnaire\">\n<div class=\"gestionnaire-img\">\n<div class=\"img-cercle\">\n              <img width=\"1024\" height=\"1024\" src=\"https:\/\/www.lokora.fr\/wp-content\/uploads\/2024\/02\/DALL\u00b7E-2024-05-02-17.00.11-Create-two-avatars-based-on-the-characteristics-of-two-women-from-a-provided-photo.-The-first-avatar-should-represent-a-woman-of-African-descent-with-.webp\" class=\"attachment-full size-full\" alt=\"Gestionnaire r\u00e9sidence LOKORA Ach\u00e8res\" decoding=\"async\" loading=\"lazy\" srcset=\"https:\/\/www.lokora.fr\/wp-content\/uploads\/2024\/02\/DALL\u00b7E-2024-05-02-17.00.11-Create-two-avatars-based-on-the-characteristics-of-two-women-from-a-provided-photo.-The-first-avatar-should-represent-a-woman-of-African-descent-with-.webp 1024w, https:\/\/www.lokora.fr\/wp-content\/uploads\/2024\/02\/DALL\u00b7E-2024-05-02-17.00.11-Create-two-avatars-based-on-the-characteristics-of-two-women-from-a-provided-photo.-The-first-avatar-should-represent-a-woman-of-African-descent-with--300x300.webp 300w, https:\/\/www.lokora.fr\/wp-content\/uploads\/2024\/02\/DALL\u00b7E-2024-05-02-17.00.11-Create-two-avatars-based-on-the-characteristics-of-two-women-from-a-provided-photo.-The-first-avatar-should-represent-a-woman-of-African-descent-with--150x150.webp 150w, https:\/\/www.lokora.fr\/wp-content\/uploads\/2024\/02\/DALL\u00b7E-2024-05-02-17.00.11-Create-two-avatars-based-on-the-characteristics-of-two-women-from-a-provided-photo.-The-first-avatar-should-represent-a-woman-of-African-descent-with--768x768.webp 768w\" sizes=\"auto, (max-width: 1024px) 100vw, 1024px\" \/>            <\/div>\n<\/p><\/div>\n<div class=\"gestionnaire-text\">\n<p><p>\u00ab\u00a0Venez d\u00e9couvrir notre belle r\u00e9sidence \u00e0 30 minutes de Paris.<br \/>\nN&rsquo;h\u00e9sitez pas \u00e0 me contacter par mail ou par t\u00e9l\u00e9phone pour organiser une visite. Je suis impatiente de vous accueillir et de vous pr\u00e9senter avec enthousiasme les diff\u00e9rents logements disponibles. Chez nous, vous trouverez bien plus qu&rsquo;un simple lieu de r\u00e9sidence : vous trouverez un foyer o\u00f9 votre bien-\u00eatre et votre confort sont notre priorit\u00e9 absolue.\u00a0\u00bb<\/p>\n<\/p>\n<p class=\"gestionnaire-signature\"><span class=\"gestionnaire-nom\">Dielian &#038; Camille<\/span>, Gestionnaire de r\u00e9sidence<\/p>\n<div class=\"cat\"> <a href=\"tel:06 22 24 19 79\" class=\"btn btn1\">06 22 24 19 79<\/a> <a href=\"mailto:acheres@lokora.fr\" class=\"btn btn2\">Contacter par email<\/a> <\/div>\n<\/p><\/div>\n<\/p><\/div>\n<\/p><\/div>\n<p>      <!--\n\n<div class=\"flexslider photos-slider\">\n  \n\n<ul class=\"slides\">\n    \n\n<li>\n      <a href=\"http:\/\/www.youtube.com\/watch?v=0O2aH4XLbt\" class=\"openvideo play\"><img decoding=\"async\" src=\"\/wp-content\/uploads\/2024\/01\/residence-etudiante-acheres-IMG_6828-8.jpg\" \/><\/a>\n    <\/li>\n\n\n    \n\n<li>\n      <img decoding=\"async\" src=\"\/wp-content\/uploads\/2024\/01\/IMG_6453.jpg\" \/>\n    <\/li>\n\n\n    \n\n<li>\n      <img decoding=\"async\" src=\"\/wp-content\/uploads\/2024\/01\/IMG_6780.jpg\" \/>\n    <\/li>\n\n\n    \n\n<li>\n      <img decoding=\"async\" src=\"\/wp-content\/uploads\/2024\/01\/IMG_6810.jpg\" \/>\n    <\/li>\n\n\n    \n\n<li>\n      <img decoding=\"async\" src=\"\/wp-content\/uploads\/2024\/01\/IMG_6827.jpg\" \/>\n    <\/li>\n\n\n  <\/ul>\n\n\n<\/div>\n\n\n          <\/div>\n\n\n          <\/div>\n\n--><\/p>\n<div id=\"photos\">\n<div class=\"container\">\n<h2>Photos &#038; Vid\u00e9o<\/h2>\n<p>          <!--\n\n<h3 class=\"subtitle\">Lorem ipsum dolor sit amet, consectetur adipiscing elit.<\/h3>\n\n--><\/p>\n<div class=\"flexslider photos-slider\">\n<ul class=\"slides\">\n<li>\n                                <a href=\"https:\/\/www.lokora.fr\/wp-content\/uploads\/2024\/02\/residence-etudiante-acheres-02.jpg\" class=\"openimage\"><img decoding=\"async\" src=\"https:\/\/www.lokora.fr\/wp-content\/uploads\/2024\/02\/residence-etudiante-acheres-02-422x317.jpg\" alt=\"R\u00e9sidence \u00e9tudiante Ach\u00e8res LOKORA - Salle Commune\" \/><\/a>\n                              <\/li>\n<li>\n                                <a href=\"https:\/\/www.lokora.fr\/wp-content\/uploads\/2024\/02\/residence-etudiante-acheres-05.jpg\" class=\"openimage\"><img decoding=\"async\" src=\"https:\/\/www.lokora.fr\/wp-content\/uploads\/2024\/02\/residence-etudiante-acheres-05-422x317.jpg\" alt=\"R\u00e9sidence \u00e9tudiante Ach\u00e8res LOKORA - Ext\u00e9rieur\" \/><\/a>\n                              <\/li>\n<li>\n                                <a href=\"https:\/\/www.lokora.fr\/wp-content\/uploads\/2024\/02\/residence-etudiante-acheres-01.jpg\" class=\"openimage\"><img decoding=\"async\" src=\"https:\/\/www.lokora.fr\/wp-content\/uploads\/2024\/02\/residence-etudiante-acheres-01-422x317.jpg\" alt=\"R\u00e9sidence \u00e9tudiante Ach\u00e8res LOKORA - coin cuisine\" \/><\/a>\n                              <\/li>\n<li>\n                                <a href=\"https:\/\/www.lokora.fr\/wp-content\/uploads\/2024\/02\/residence-etudiante-acheres-03.jpg\" class=\"openimage\"><img decoding=\"async\" src=\"https:\/\/www.lokora.fr\/wp-content\/uploads\/2024\/02\/residence-etudiante-acheres-03-422x317.jpg\" alt=\"R\u00e9sidence \u00e9tudiante Ach\u00e8res LOKORA - Chambre\" \/><\/a>\n                              <\/li>\n<li>\n                                <a href=\"https:\/\/www.lokora.fr\/wp-content\/uploads\/2024\/02\/residence-etudiante-acheres-06.jpg\" class=\"openimage\"><img decoding=\"async\" src=\"https:\/\/www.lokora.fr\/wp-content\/uploads\/2024\/02\/residence-etudiante-acheres-06-422x317.jpg\" alt=\"R\u00e9sidence \u00e9tudiante Ach\u00e8res LOKORA - salle de sport\" \/><\/a>\n                              <\/li>\n<li>\n                                <a href=\"https:\/\/www.lokora.fr\/wp-content\/uploads\/2024\/02\/Capture-decran-2024-06-03-a-12.21.58.png\" class=\"openimage\"><img decoding=\"async\" src=\"https:\/\/www.lokora.fr\/wp-content\/uploads\/2024\/02\/Capture-decran-2024-06-03-a-12.21.58-422x317.png\" alt=\"R\u00e9sidence \u00e9tudiante Ach\u00e8res LOKORA - galette des rois\" \/><\/a>\n                              <\/li>\n<\/ul><\/div>\n<h2>Visites virtuelles<\/h2>\n<div class=\"flexslider visites-slider\">\n<ul class=\"slides\">\n<li><a href=\"https:\/\/my.matterport.com\/show\/?m=SQaQCYoAHDA&#038;utm_source=Lokora&#038;utm_medium=social+visite+virtuelle+acheres+t1&#038;utm_campaign=visite+virtuelle+acheres+t1\" target=\"_blank\" rel=\"noopener\"><img decoding=\"async\" src=\"https:\/\/www.lokora.fr\/wp-content\/uploads\/2024\/02\/Capture-decran-2024-06-20-a-16.38.21-422x317.png\" \/><\/a><\/li>\n<\/ul><\/div>\n<\/p><\/div>\n<\/p><\/div>\n<div id=\"logements-top\" class=\"wave\"><\/div>\n<div id=\"logements\" class=\"full-section\">\n<div class=\"container\">\n<div class=\"logements-content row\">\n<div class=\"logements-text  col-md-6\">\n<h2>Nos logements \u00e9tudiants<\/h2>\n<p><strong>Des appartements soign\u00e9s et fonctionnels<\/strong><\/p>\n<p>\u200bLes logements enti\u00e8rement am\u00e9nag\u00e9s offrent un v\u00e9ritable standing h\u00f4telier. Un mobilier ergonomique appropri\u00e9 au confort et besoins des \u00e9tudiants.<br \/>\nTout a \u00e9t\u00e9 pens\u00e9 pour le bien-\u00eatre des \u00e9tudiants au quotidien : salle d\u2019eau et WC privatifs, cuisine \u00e9quip\u00e9e avec r\u00e9frig\u00e9rateur, mobilier de qualit\u00e9 avec grand bureau, rangements astucieux et literie grand confort.<br \/>\nDe plus, certains appartements sont prolong\u00e9s par des balcons offrant une tr\u00e8s belle luminosit\u00e9.<\/p>\n<\/p><\/div>\n<div class=\"logements-points  col-md-6\">\n              <!--\n\n<ul>\n                              <\/ul>\n\n--><\/p>\n<ul>\n<li>Frais de dossier : \u00e0 partir de 300 \u20ac<\/li>\n<li>Meubl\u00e9 : oui<\/li>\n<li>Les tarifs sont charges comprises (hors \u00e9lectricit\u00e9)<\/li>\n<li>D\u00e9p\u00f4t de garantie : 1 000 \u20ac<\/li>\n<\/ul><\/div>\n<\/p><\/div>\n<div class=\"logements-tab\" id=\"detail-logement\">\n<div class=\"table-responsive\">\n<table class=\"table\">\n<thead>\n<tr>\n<th>Type de logement<\/th>\n<th>Superficie<\/th>\n<th>Disponibilit\u00e9<\/th>\n<th>Loyer mensuel (TTC)<\/th>\n<th>Frais de dossier<\/th>\n<th>D\u00e9pot de garantie<\/th>\n<th><\/th>\n<\/tr>\n<\/thead>\n<tbody>\n<ul class=\"slides\">\n<tr>\n<td class=\"typelogement\" data-label=\"Type de logement\">T1<\/td>\n<td data-label=\"Superficie\">20  m\u00b2<\/td>\n<td data-label=\"Disponibilit\u00e9\">Disponibilit\u00e9 non garantie<\/td>\n<td data-label=\"Loyer mensuel (TTC)\">750 \u20ac<\/td>\n<td data-label=\"Frais de dossier\">300 \u20ac<\/td>\n<td data-label=\"D\u00e9pot de garantie\">1000 \u20ac<\/td>\n<td><a href=\"https:\/\/www.lokora.fr\/reservation-lokora\/?res=2782&#038;apt=T1\">choisir ce logement<\/a><\/td>\n<\/tr>\n<tr>\n<td class=\"typelogement\" data-label=\"Type de logement\">Loft<\/td>\n<td data-label=\"Superficie\">25 m\u00b2<\/td>\n<td data-label=\"Disponibilit\u00e9\">Disponibilit\u00e9 non garantie<\/td>\n<td data-label=\"Loyer mensuel (TTC)\">830 \u20ac<\/td>\n<td data-label=\"Frais de dossier\">350 \u20ac<\/td>\n<td data-label=\"D\u00e9pot de garantie\">1000 \u20ac<\/td>\n<td><a href=\"https:\/\/www.lokora.fr\/reservation-lokora\/?res=2782&#038;apt=Loft\">choisir ce logement<\/a><\/td>\n<\/tr>\n<tr>\n<td class=\"typelogement\" data-label=\"Type de logement\">Loft +<\/td>\n<td data-label=\"Superficie\">27 m\u00b2<\/td>\n<td data-label=\"Disponibilit\u00e9\">Disponibilit\u00e9 non garantie<\/td>\n<td data-label=\"Loyer mensuel (TTC)\">850 \u20ac<\/td>\n<td data-label=\"Frais de dossier\">350 \u20ac<\/td>\n<td data-label=\"D\u00e9pot de garantie\">1000 \u20ac<\/td>\n<td><a href=\"https:\/\/www.lokora.fr\/reservation-lokora\/?res=2782&#038;apt=Loft +\">choisir ce logement<\/a><\/td>\n<\/tr>\n<\/tbody>\n<\/table><\/div>\n<\/p><\/div>\n<div class=\"deposer\"> Vous \u00eates int\u00e9ress\u00e9s par la r\u00e9sidence de <span style=\"text-transform:uppercase\">Ach\u00e8res<\/span>, sans pr\u00e9f\u00e9rence de logement ?<\/p>\n<div><a href=\"https:\/\/www.lokora.fr\/reservation-lokora\/?res=2782\" class=\"btn btn1\">D\u00e9poser mon dossier<\/a><\/div>\n<\/p><\/div>\n<div id=\"etre-rappele\">\n<h3>Faites vous recontacter par le gestionnaire de la r\u00e9sidence <\/h3>\n<div class=\"wpcf7 no-js\" id=\"wpcf7-f3600-o1\" lang=\"fr-FR\" dir=\"ltr\">\n<div class=\"screen-reader-response\">\n<p role=\"status\" aria-live=\"polite\" aria-atomic=\"true\">\n<ul><\/ul>\n<\/div>\n<form action=\"\/wp-admin\/post.php#wpcf7-f3600-o1\" method=\"post\" class=\"wpcf7-form init cf7mls-no-scroll cf7mls-auto-return-first-step cf7mls-no-moving-animation\" aria-label=\"Formulaire de contact\" novalidate=\"novalidate\" data-status=\"init\">\n<div style=\"display: none;\">\n<input type=\"hidden\" name=\"_wpcf7\" value=\"3600\" \/><br \/>\n<input type=\"hidden\" name=\"_wpcf7_version\" value=\"5.9.3\" \/><br \/>\n<input type=\"hidden\" name=\"_wpcf7_locale\" value=\"fr_FR\" \/><br \/>\n<input type=\"hidden\" name=\"_wpcf7_unit_tag\" value=\"wpcf7-f3600-o1\" \/><br \/>\n<input type=\"hidden\" name=\"_wpcf7_container_post\" value=\"0\" \/><br \/>\n<input type=\"hidden\" name=\"_wpcf7_posted_data_hash\" value=\"\" \/><br \/>\n<input type=\"hidden\" name=\"_wpcf7_recaptcha_response\" value=\"\" \/>\n<\/div>\n<p><span class=\"wpcf7-form-control-wrap hidres\" data-name=\"hidres\"><input type=\"hidden\" name=\"hidres\" id=\"\" class=\"wpcf7-form-control wpcf7-hidden wpcf7dtx wpcf7dtx-hidden\" aria-invalid=\"false\" value=\"\" \/><\/span><br \/>\n<span class=\"wpcf7-form-control-wrap hidresid\" data-name=\"hidresid\"><input type=\"hidden\" name=\"hidresid\" id=\"\" class=\"wpcf7-form-control wpcf7-hidden wpcf7dtx wpcf7dtx-hidden\" aria-invalid=\"false\" value=\"\" \/><\/span><\/p>\n<div class=\"row\">\n<div class=\"col-sm-6\">\n<p><span class=\"wpcf7-form-control-wrap\" data-name=\"Nom\"><input size=\"40\" class=\"wpcf7-form-control wpcf7-text wpcf7-validates-as-required\" aria-required=\"true\" aria-invalid=\"false\" placeholder=\"Nom *\" value=\"\" type=\"text\" name=\"Nom\" \/><\/span>\n\t\t<\/p>\n<\/p><\/div>\n<div class=\"col-sm-6\">\n<p><span class=\"wpcf7-form-control-wrap\" data-name=\"Prnom\"><input size=\"40\" class=\"wpcf7-form-control wpcf7-text wpcf7-validates-as-required\" aria-required=\"true\" aria-invalid=\"false\" placeholder=\"Pr\u00e9nom *\" value=\"\" type=\"text\" name=\"Prnom\" \/><\/span>\n\t\t<\/p>\n<\/p><\/div>\n<\/div>\n<div class=\"row\">\n<div class=\"col-sm-6\">\n<p><span class=\"wpcf7-form-control-wrap\" data-name=\"Email\"><input size=\"40\" class=\"wpcf7-form-control wpcf7-email wpcf7-validates-as-required wpcf7-text wpcf7-validates-as-email\" aria-required=\"true\" aria-invalid=\"false\" placeholder=\"Email *\" value=\"\" type=\"email\" name=\"Email\" \/><\/span>\n\t\t<\/p>\n<\/p><\/div>\n<div class=\"col-sm-6\">\n<p><span class=\"wpcf7-form-control-wrap intl_tel\"><input class=\"wpcf7-form-control wpcf7-intl_tel wpcf7-validates-as-required wpcf7-intl-tel\" aria-required=\"true\" aria-invalid=\"false\" placeholder=\"Num\u00e9ro de mobile *\" data-initialcountry=\"Fr\" data-preferredcountries=\"France\" value=\"\" type=\"tel\" name=\"intl_tel-cf7it-national\" \/><input name=\"intl_tel\" type=\"hidden\" class=\"wpcf7-intl-tel-full\" \/><input type=\"hidden\" name=\"intl_tel-cf7it-country-name\" class=\"wpcf7-intl-tel-country-name\" \/><input type=\"hidden\" name=\"intl_tel-cf7it-country-code\" class=\"wpcf7-intl-tel-country-code\" \/><input type=\"hidden\" name=\"intl_tel-cf7it-country-iso2\" class=\"wpcf7-intl-tel-country-iso2\" \/><\/span>\n\t\t<\/p>\n<\/p><\/div>\n<\/div>\n<p><input class=\"wpcf7-form-control wpcf7-submit has-spinner\" type=\"submit\" value=\"Envoyer\" \/>\n<\/p>\n<div class=\"wpcf7-response-output\" aria-hidden=\"true\"><\/div>\n<\/form>\n<\/div><\/div>\n<\/p><\/div>\n<\/p><\/div>\n<div id=\"logements-bottom\" class=\"wave\"><\/div>\n<div id=\"services\">\n<div class=\"container\">\n<h3>Services et \u00e9quipements de la r\u00e9sidence inclus<\/h3>\n<div id=\"services-inclus\">\n<div class=\"service\">\n<div class=\"service-circle service-accueil\"><\/div>\n<p>              <span>Service d&#8217;accueil<\/span><\/div>\n<div class=\"service\">\n<div class=\"service-circle service-videosurveillance\"><\/div>\n<p>              <span>Vid\u00e9o surveillance 24h\/24<\/span><\/div>\n<div class=\"service\">\n<div class=\"service-circle service-ascenseur\"><\/div>\n<p>              <span>Ascenseur<\/span><\/div>\n<div class=\"service\">\n<div class=\"service-circle service-wifi\"><\/div>\n<p>              <span>WIFI rapide<\/span><\/div>\n<div class=\"service\">\n<div class=\"service-circle service-sport\"><\/div>\n<p>              <span>Salle de sport<\/span><\/div>\n<div class=\"service\">\n<div class=\"service-circle service-detente\"><\/div>\n<p>              <span>Espace d\u00e9tente<\/span><\/div>\n<div class=\"service\">\n<div class=\"service-circle service-jardin\"><\/div>\n<p>              <span>Jardin commun<\/span><\/div>\n<div class=\"service\">\n<div class=\"service-circle service-velo\"><\/div>\n<p>              <span>Emplacement v\u00e9los<\/span><\/div>\n<\/p><\/div>\n<h3>Services en suppl\u00e9ment<\/h3>\n<div id=\"services-sup\">\n<div class=\"service\">\n<div class=\"service-circle service-laverie\"><\/div>\n<p>              <span>Laverie en libre service<\/span><\/div>\n<div class=\"service\">\n<div class=\"service-circle service-menage\"><\/div>\n<p>              <span>Service m\u00e9nage<\/span><\/div>\n<div class=\"service\">\n<div class=\"service-circle service-boisson\"><\/div>\n<p>              <span>Distributeur de boissons<\/span><\/div>\n<div class=\"service\">\n<div class=\"service-circle service-literie\"><\/div>\n<p>              <span>Kits literie ou toilette<\/span><\/div>\n<\/p><\/div>\n<\/p><\/div>\n<\/p><\/div>\n<div id=\"situation-top\" class=\"wave\"><\/div>\n<div id=\"situation\" class=\"full-section\">\n<div class=\"container\">\n<h2>Situer la r\u00e9sidence<\/h2>\n<div class=\"situation-text\">\n<p><strong>Au c\u0153ur d\u2019un quartier en plein essor.<\/strong><\/p>\n<p>La r\u00e9sidence profite de la proximit\u00e9 avec les universit\u00e9s, commerces, et de la gare RER.<br \/>\nBord\u00e9e par la Seine et l\u2019immense for\u00eat domaniale de Saint-Germain-en-Laye, Ach\u00e8res b\u00e9n\u00e9ficie d\u2019un cadre de vie privil\u00e9gi\u00e9.<br \/>\n\u200b<br \/>\nAvec pr\u00e8s de 20.000 habitants et une croissance d\u00e9mographique en hausse, la ville a conserv\u00e9 son esprit \u00ab village \u00bb \u00e0 seulement 10 min de Nanterre Pr\u00e9fecture, tout en d\u00e9veloppant des projets de grande ampleur et de nouvelles infrastructures pour r\u00e9pondre aux attentes de ses habitants.<br \/>\n\u200b<br \/>\n\u00c9quipements sportifs et culturels nombreux et vari\u00e9s, proximit\u00e9 imm\u00e9diate avec les espaces bois\u00e9s, vie associative riche\u2026 Ici, vous trouverez toutes les infrastructures et tous les commerces qui facilitent le quotidien.<br \/>\n\u200b<br \/>\nD\u00e9j\u00e0 bien desservie par les transports en commun (ligne A du RER, 5 lignes de bus, ligne L du transilien), la Tangentielle Ouest, projet de tram-train, permettra de relier Ach\u00e8res au RER E (Poissy) et au RER C (Saint-Cyr-l\u2019Ecole).<\/p>\n<\/p><\/div>\n<\/p><\/div>\n<\/p><\/div>\n<div id=\"map\" data-zoom=\"16\">\n<div class=\"marker\" data-lat=\"48.9726628\" data-lng=\"2.0804863\">\n<div class=\"gmappopup\">\n<div class=\"gmappopup_title\">R\u00e9sidence Ach\u00e8res<\/div>\n<div>\n<p> 1 avenue Jacques Chirac, 78260 ACHERES<br \/><a href=\"https:\/\/www.google.com\/maps\/dir\/?api=1&#038;destination=48.9726628,2.0804863\" target=\"_blank\" rel=\"noopener\">itin\u00e9raire<\/a><\/div>\n<\/div>\n<\/div><\/div>\n<div id=\"temoignages\">\n<div class=\"container\">\n<h2>Ils parlent de nous<\/h2>\n<h3>T\u00e9moignages<\/h3>\n<div class=\"flexslider temoignages-slider\">\n<ul class=\"slides\">\n<li>\n<div class=\"temoignages-item color1\">\n<div class=\"temoignages-img img-cercle\">\n<div class=\"img-cercle2\"> <img width=\"265\" height=\"265\" src=\"https:\/\/www.lokora.fr\/wp-content\/uploads\/2024\/03\/Sans-titre-1.jpg\" class=\"attachment-full size-full wp-post-image\" alt=\"\" decoding=\"async\" loading=\"lazy\" srcset=\"https:\/\/www.lokora.fr\/wp-content\/uploads\/2024\/03\/Sans-titre-1.jpg 265w, https:\/\/www.lokora.fr\/wp-content\/uploads\/2024\/03\/Sans-titre-1-150x150.jpg 150w\" sizes=\"auto, (max-width: 265px) 100vw, 265px\" \/> <\/div>\n<\/p><\/div>\n<div class=\"temoignage-stars\"><span>\u2605<\/span><span>\u2605<\/span><span>\u2605<\/span><span>\u2605<\/span><span>\u2605<\/span><\/div>\n<div class=\"temoignage-text\">La r\u00e9sidence est proche du RER A ce qui facilite l\u2019acc\u00e8s sur Paris. On dispose d\u2019une salle de sport qui est int\u00e9ressante chose qui n\u2019est pas pr\u00e9sente partout, et acc\u00e8s \u00e0 la laverie et \u00e0 la salle commune. Je recommande cette r\u00e9sidence, le gestionnaire, la secr\u00e9taire sont \u00e0 l\u2019\u00e9coute et l&#8217;environnement est tr\u00e8s calme.<\/div>\n<div class=\"temoignage-author\">Tiphaine C.<br \/><strong>Etudiante LOKORA ACHERES<\/strong><\/div>\n<\/p><\/div>\n<\/li>\n<li>\n<div class=\"temoignages-item color2\">\n<div class=\"temoignages-img img-cercle\">\n<div class=\"img-cercle2\"> <img width=\"1080\" height=\"1080\" src=\"https:\/\/www.lokora.fr\/wp-content\/uploads\/2024\/04\/TEMOIGNAGE-ETUDIANT-LOKORA.png\" class=\"attachment-full size-full wp-post-image\" alt=\"\" decoding=\"async\" loading=\"lazy\" srcset=\"https:\/\/www.lokora.fr\/wp-content\/uploads\/2024\/04\/TEMOIGNAGE-ETUDIANT-LOKORA.png 1080w, https:\/\/www.lokora.fr\/wp-content\/uploads\/2024\/04\/TEMOIGNAGE-ETUDIANT-LOKORA-300x300.png 300w, https:\/\/www.lokora.fr\/wp-content\/uploads\/2024\/04\/TEMOIGNAGE-ETUDIANT-LOKORA-1024x1024.png 1024w, https:\/\/www.lokora.fr\/wp-content\/uploads\/2024\/04\/TEMOIGNAGE-ETUDIANT-LOKORA-150x150.png 150w, https:\/\/www.lokora.fr\/wp-content\/uploads\/2024\/04\/TEMOIGNAGE-ETUDIANT-LOKORA-768x768.png 768w\" sizes=\"auto, (max-width: 1080px) 100vw, 1080px\" \/> <\/div>\n<\/p><\/div>\n<div class=\"temoignage-stars\"><span>\u2605<\/span><span>\u2605<\/span><span>\u2605<\/span><span>\u2605<\/span><span>\u2605<\/span><\/div>\n<div class=\"temoignage-text\">Je tiens \u00e0 souligner la disponibilit\u00e9, la gentillesse et l&#8217;efficacit\u00e9 exemplaires de Camille. Tr\u00e8s professionnelle !<\/div>\n<div class=\"temoignage-author\">Edaly Kare<br \/><strong>Etudiant LOKORA ACHERES<\/strong><\/div>\n<\/p><\/div>\n<\/li>\n<li>\n<div class=\"temoignages-item color0\">\n<div class=\"temoignages-img img-cercle\">\n<div class=\"img-cercle2\"> <img width=\"1080\" height=\"1080\" src=\"https:\/\/www.lokora.fr\/wp-content\/uploads\/2024\/04\/6.png\" class=\"attachment-full size-full wp-post-image\" alt=\"\" decoding=\"async\" loading=\"lazy\" srcset=\"https:\/\/www.lokora.fr\/wp-content\/uploads\/2024\/04\/6.png 1080w, https:\/\/www.lokora.fr\/wp-content\/uploads\/2024\/04\/6-300x300.png 300w, https:\/\/www.lokora.fr\/wp-content\/uploads\/2024\/04\/6-1024x1024.png 1024w, https:\/\/www.lokora.fr\/wp-content\/uploads\/2024\/04\/6-150x150.png 150w, https:\/\/www.lokora.fr\/wp-content\/uploads\/2024\/04\/6-768x768.png 768w\" sizes=\"auto, (max-width: 1080px) 100vw, 1080px\" \/> <\/div>\n<\/p><\/div>\n<div class=\"temoignage-stars\"><span>\u2605<\/span><span>\u2605<\/span><span>\u2605<\/span><span>\u2605<\/span><span>\u2605<\/span><\/div>\n<div class=\"temoignage-text\">Tr\u00e8s bon apparemment de haute gamme. Avec \u00e9quipements modernes \u2764\ufe0f<\/div>\n<div class=\"temoignage-author\">Same Cole<br \/><strong>Etudiante LOKORA ACHERES<\/strong><\/div>\n<\/p><\/div>\n<\/li>\n<\/ul><\/div>\n<\/p><\/div>\n<\/p><\/div>\n<div id=\"actualites-top\" class=\"wave\"><\/div>\n<div id=\"actualites\" class=\"full-section\">\n<div class=\"container\">\n<h2>Derni\u00e8res actualit\u00e9s<\/h2>\n<div class=\"actualites-items row\">\n<div class=\"actualites-item col-md-4\">\n<div> <a href=\"https:\/\/www.lokora.fr\/actualite\/demander-lapl-comment-faire-lokora-vous-guide-en-quelques-etapes\/\"><img width=\"1280\" height=\"853\" src=\"https:\/\/www.lokora.fr\/wp-content\/uploads\/2024\/02\/2f225d_cbdf19d013c84114a08c5e09d3cda774mv2.jpeg\" class=\"attachment-full size-full wp-post-image\" alt=\"\" decoding=\"async\" loading=\"lazy\" srcset=\"https:\/\/www.lokora.fr\/wp-content\/uploads\/2024\/02\/2f225d_cbdf19d013c84114a08c5e09d3cda774mv2.jpeg 1280w, https:\/\/www.lokora.fr\/wp-content\/uploads\/2024\/02\/2f225d_cbdf19d013c84114a08c5e09d3cda774mv2-300x200.jpeg 300w, https:\/\/www.lokora.fr\/wp-content\/uploads\/2024\/02\/2f225d_cbdf19d013c84114a08c5e09d3cda774mv2-768x512.jpeg 768w, https:\/\/www.lokora.fr\/wp-content\/uploads\/2024\/02\/2f225d_cbdf19d013c84114a08c5e09d3cda774mv2-1024x682.jpeg 1024w\" sizes=\"auto, (max-width: 1280px) 100vw, 1280px\" \/><\/a><br \/>\n                <a href=\"https:\/\/www.lokora.fr\/actualite\/demander-lapl-comment-faire-lokora-vous-guide-en-quelques-etapes\/\"><\/p>\n<h3>Demander l\u2019APL, comment faire ? Lokora vous guide en quelques \u00e9tapes<\/h3>\n<p><\/a><\/p>\n<p class=\"\">Excellente nouvelle pour les \u00e9tudiants ! Vous pouvez b\u00e9n\u00e9ficier de l\u2019Aide Personnelle au Logement (apr\u00e8s avoir examin\u00e9 les crit\u00e8res d&rsquo;\u00e9ligibilit\u00e9) d\u00e9livr\u00e9e par la Caisse d&rsquo;Allocation Familiales (CAF). Voici un tutoriel pour vous assister dans la proc\u00e9dure de demande. O\u00f9 faire sa demande d&rsquo;aide au logement en tant qu&rsquo;\u00e9tudiant ? Si vous voulez demander l&rsquo;APL, la premi\u00e8re \u00e9tape consiste \u00e0 identifier l&rsquo;organisme \u00e0 contacter pour d\u00e9poser votre demande d&rsquo;aide au logement.Si vous relevez du r\u00e9gime g\u00e9n\u00e9ral, rendez-vous sur le site web de la Caisse d&rsquo;Allocations Familiales\u00a0(CAF) pour effectuer votre demande en ligne. Assurez-vous d&rsquo;avoir \u00e0 une connexion Internet, ainsi qu&rsquo;un scanner [&hellip;]<\/p>\n<\/p><\/div>\n<\/p><\/div>\n<div class=\"actualites-item col-md-4\">\n<div> <a href=\"https:\/\/www.lokora.fr\/actualite\/als-etudiant-comment-savoir-si-vous-etes-eligible\/\"><img width=\"454\" height=\"341\" src=\"https:\/\/www.lokora.fr\/wp-content\/uploads\/2024\/03\/3c0884_cde5200c485d479aa60380b892adab77mv2-1.jpg\" class=\"attachment-full size-full wp-post-image\" alt=\"ALS \u00e9tudiant\" decoding=\"async\" loading=\"lazy\" srcset=\"https:\/\/www.lokora.fr\/wp-content\/uploads\/2024\/03\/3c0884_cde5200c485d479aa60380b892adab77mv2-1.jpg 454w, https:\/\/www.lokora.fr\/wp-content\/uploads\/2024\/03\/3c0884_cde5200c485d479aa60380b892adab77mv2-1-422x317.jpg 422w, https:\/\/www.lokora.fr\/wp-content\/uploads\/2024\/03\/3c0884_cde5200c485d479aa60380b892adab77mv2-1-300x225.jpg 300w\" sizes=\"auto, (max-width: 454px) 100vw, 454px\" \/><\/a><br \/>\n                <a href=\"https:\/\/www.lokora.fr\/actualite\/als-etudiant-comment-savoir-si-vous-etes-eligible\/\"><\/p>\n<h3>ALS \u00e9tudiant : Comment savoir si vous \u00eates \u00e9ligible ?<\/h3>\n<p><\/a><\/p>\n<p class=\"\">Lorsque vous sollicitez l&rsquo;Allocation de Logement Sociale (ALS), que ce soit aupr\u00e8s de la Caisse d&rsquo;Allocations Familiales (CAF) ou de la Mutualit\u00e9 Sociale Agricole (MSA), plusieurs crit\u00e8res sont pris en compte pour d\u00e9terminer votre \u00e9ligibilit\u00e9 et le montant attribu\u00e9. \u00a0 \u00a0 \u00a0 . Ces crit\u00e8res incluent : Votre lieu de domicile ;La nature de votre bail (que vous soyez locataire, sous-locataire, habitant un foyer ou une r\u00e9sidence \u00e9tudiante, etc.) ;Votre situation personnelle et la composition de votre m\u00e9nage (seul, en couple, avec des personnes \u00e0 charge&#8230;) ;Les revenus de vous-m\u00eame et, le cas \u00e9ch\u00e9ant, ceux des autres personnes du m\u00e9nage [&hellip;]<\/p>\n<\/p><\/div>\n<\/p><\/div>\n<div class=\"actualites-item col-md-4\">\n<div> <a href=\"https:\/\/www.lokora.fr\/actualite\/etudiants-les-aides-a-la-mobilite-et-au-demenagement\/\"><img width=\"2000\" height=\"1333\" src=\"https:\/\/www.lokora.fr\/wp-content\/uploads\/2024\/04\/aides-au-demenagement-scaled-e1712823244663.jpg\" class=\"attachment-full size-full wp-post-image\" alt=\"\" decoding=\"async\" loading=\"lazy\" \/><\/a><br \/>\n                <a href=\"https:\/\/www.lokora.fr\/actualite\/etudiants-les-aides-a-la-mobilite-et-au-demenagement\/\"><\/p>\n<h3>\u00c9tudiants : les aides \u00e0 la mobilit\u00e9 et au d\u00e9m\u00e9nagement<\/h3>\n<p><\/a><\/p>\n<p class=\"\">Si vous \u00eates un \u00e9tudiant planifiant de quitter votre logement actuel ou de vous installer dans un nouveau secteur pour vos \u00e9tudes, il est important de savoir que diverses subventions existent pour vous soutenir durant votre parcours acad\u00e9mique. Que ce soit par des aides au logement, des bourses d&rsquo;\u00e9tude, ou des soutiens pour le d\u00e9m\u00e9nagement, des ressources financi\u00e8res sont disponibles pour vous aider. Pour plus d&rsquo;information contactez les services LOKORA ! Nous serons ravis de vous aider Les conseils et strat\u00e9gies pour optimiser votre d\u00e9m\u00e9nagement et profiter des aides Lorsque vous pr\u00e9voyez de d\u00e9m\u00e9nager, une bonne organisation et pr\u00e9paration sont [&hellip;]<\/p>\n<\/p><\/div>\n<\/p><\/div>\n<\/p><\/div>\n<p>          <a href=\"https:\/\/www.lokora.fr\/actualites\/\" class=\"btn btn3\">Toutes les actualit\u00e9s<\/a> <\/div>\n<\/p><\/div>\n<div id=\"actualites-bottom\" class=\"wave\"><\/div>\n<p>      <!-- .entry-content --> <\/p>\n","protected":false},"featured_media":3529,"parent":0,"template":"","class_list":["post-4997","residence","type-residence","status-publish","has-post-thumbnail","hentry"],"acf":[],"yoast_head":"<!-- This site is optimized with the Yoast SEO plugin v25.2 - https:\/\/yoast.com\/wordpress\/plugins\/seo\/ -->\n<title>R\u00e9sidence \u00e9tudiante Ach\u00e8res - Lokora<\/title>\n<meta name=\"description\" content=\"Explorez notre r\u00e9sidence \u00e9tudiante \u00e0 Ach\u00e8res, id\u00e9alement situ\u00e9s pour tout style de vie. D\u00e9couvrez votre futur chez-vous d\u00e8s maintenant !\" \/>\n<meta name=\"robots\" content=\"index, follow, max-snippet:-1, max-image-preview:large, max-video-preview:-1\" \/>\n<link rel=\"canonical\" href=\"https:\/\/www.lokora.fr\/en\/residence\/acheres\/\" \/>\n<meta property=\"og:locale\" content=\"en_US\" \/>\n<meta property=\"og:type\" content=\"article\" \/>\n<meta property=\"og:title\" content=\"R\u00e9sidence \u00e9tudiante Ach\u00e8res - Lokora\" \/>\n<meta property=\"og:description\" content=\"Explorez notre r\u00e9sidence \u00e9tudiante \u00e0 Ach\u00e8res, id\u00e9alement situ\u00e9s pour tout style de vie. D\u00e9couvrez votre futur chez-vous d\u00e8s maintenant !\" \/>\n<meta property=\"og:url\" content=\"https:\/\/www.lokora.fr\/en\/residence\/acheres\/\" \/>\n<meta property=\"og:site_name\" content=\"Lokora\" \/>\n<meta property=\"article:publisher\" content=\"https:\/\/www.facebook.com\/people\/Lokora\/61552218247744\/\" \/>\n<meta property=\"article:modified_time\" content=\"2024-09-18T08:19:26+00:00\" \/>\n<meta property=\"og:image\" content=\"https:\/\/www.lokora.fr\/wp-content\/uploads\/2024\/02\/residence-etudiante-acheres-02.jpg\" \/>\n\t<meta property=\"og:image:width\" content=\"1333\" \/>\n\t<meta property=\"og:image:height\" content=\"1000\" \/>\n\t<meta property=\"og:image:type\" content=\"image\/jpeg\" \/>\n<meta name=\"twitter:card\" content=\"summary_large_image\" \/>\n<meta name=\"twitter:label1\" content=\"Est. reading time\" \/>\n\t<meta name=\"twitter:data1\" content=\"9 minutes\" \/>\n<script type=\"application\/ld+json\" class=\"yoast-schema-graph\">{\"@context\":\"https:\/\/schema.org\",\"@graph\":[{\"@type\":\"WebPage\",\"@id\":\"https:\/\/www.lokora.fr\/en\/residence\/acheres\/\",\"url\":\"https:\/\/www.lokora.fr\/en\/residence\/acheres\/\",\"name\":\"R\u00e9sidence \u00e9tudiante Ach\u00e8res - Lokora\",\"isPartOf\":{\"@id\":\"https:\/\/www.lokora.fr\/en\/#website\"},\"primaryImageOfPage\":{\"@id\":\"https:\/\/www.lokora.fr\/en\/residence\/acheres\/#primaryimage\"},\"image\":{\"@id\":\"https:\/\/www.lokora.fr\/en\/residence\/acheres\/#primaryimage\"},\"thumbnailUrl\":\"https:\/\/www.lokora.fr\/wp-content\/uploads\/2024\/02\/residence-etudiante-acheres-02.jpg\",\"datePublished\":\"2024-02-06T13:11:13+00:00\",\"dateModified\":\"2024-09-18T08:19:26+00:00\",\"description\":\"Explorez notre r\u00e9sidence \u00e9tudiante \u00e0 Ach\u00e8res, id\u00e9alement situ\u00e9s pour tout style de vie. D\u00e9couvrez votre futur chez-vous d\u00e8s maintenant !\",\"breadcrumb\":{\"@id\":\"https:\/\/www.lokora.fr\/en\/residence\/acheres\/#breadcrumb\"},\"inLanguage\":\"en-US\",\"potentialAction\":[{\"@type\":\"ReadAction\",\"target\":[\"https:\/\/www.lokora.fr\/en\/residence\/acheres\/\"]}]},{\"@type\":\"ImageObject\",\"inLanguage\":\"en-US\",\"@id\":\"https:\/\/www.lokora.fr\/en\/residence\/acheres\/#primaryimage\",\"url\":\"https:\/\/www.lokora.fr\/wp-content\/uploads\/2024\/02\/residence-etudiante-acheres-02.jpg\",\"contentUrl\":\"https:\/\/www.lokora.fr\/wp-content\/uploads\/2024\/02\/residence-etudiante-acheres-02.jpg\",\"width\":1333,\"height\":1000,\"caption\":\"R\u00e9sidence \u00e9tudiante Ach\u00e8res LOKORA\"},{\"@type\":\"BreadcrumbList\",\"@id\":\"https:\/\/www.lokora.fr\/en\/residence\/acheres\/#breadcrumb\",\"itemListElement\":[{\"@type\":\"ListItem\",\"position\":1,\"name\":\"Accueil\",\"item\":\"https:\/\/www.lokora.fr\/en\/\"},{\"@type\":\"ListItem\",\"position\":2,\"name\":\"R\u00e9sidences\",\"item\":\"https:\/\/www.lokora.fr\/en\/residences\/\"},{\"@type\":\"ListItem\",\"position\":3,\"name\":\"R\u00e9sidence Ach\u00e8res\"}]},{\"@type\":\"WebSite\",\"@id\":\"https:\/\/www.lokora.fr\/en\/#website\",\"url\":\"https:\/\/www.lokora.fr\/en\/\",\"name\":\"Lokora\",\"description\":\"Lokora, R\u00e9sidences \u00e9tudiantes en France\",\"publisher\":{\"@id\":\"https:\/\/www.lokora.fr\/en\/#organization\"},\"alternateName\":\"R\u00e9sidences \u00e9tudiantes en France\",\"potentialAction\":[{\"@type\":\"SearchAction\",\"target\":{\"@type\":\"EntryPoint\",\"urlTemplate\":\"https:\/\/www.lokora.fr\/en\/?s={search_term_string}\"},\"query-input\":{\"@type\":\"PropertyValueSpecification\",\"valueRequired\":true,\"valueName\":\"search_term_string\"}}],\"inLanguage\":\"en-US\"},{\"@type\":\"Organization\",\"@id\":\"https:\/\/www.lokora.fr\/en\/#organization\",\"name\":\"LOKORA , R\u00e9sidences \u00e9tudiantes en France\",\"alternateName\":\"LOKORA\",\"url\":\"https:\/\/www.lokora.fr\/en\/\",\"logo\":{\"@type\":\"ImageObject\",\"inLanguage\":\"en-US\",\"@id\":\"https:\/\/www.lokora.fr\/en\/#\/schema\/logo\/image\/\",\"url\":\"https:\/\/www.lokora.fr\/wp-content\/uploads\/2023\/12\/Logo-LOKORA-1.png\",\"contentUrl\":\"https:\/\/www.lokora.fr\/wp-content\/uploads\/2023\/12\/Logo-LOKORA-1.png\",\"width\":274,\"height\":108,\"caption\":\"LOKORA , R\u00e9sidences \u00e9tudiantes en France\"},\"image\":{\"@id\":\"https:\/\/www.lokora.fr\/en\/#\/schema\/logo\/image\/\"},\"sameAs\":[\"https:\/\/www.facebook.com\/people\/Lokora\/61552218247744\/\",\"https:\/\/www.instagram.com\/residences_lokora\/\",\"https:\/\/www.linkedin.com\/company\/lokora-r\u00e9sidences-\u00e9tudiantes?originalSubdomain=fr\"]}]}<\/script>\n<!-- \/ Yoast SEO plugin. -->","yoast_head_json":{"title":"R\u00e9sidence \u00e9tudiante Ach\u00e8res - Lokora","description":"Explorez notre r\u00e9sidence \u00e9tudiante \u00e0 Ach\u00e8res, id\u00e9alement situ\u00e9s pour tout style de vie. D\u00e9couvrez votre futur chez-vous d\u00e8s maintenant !","robots":{"index":"index","follow":"follow","max-snippet":"max-snippet:-1","max-image-preview":"max-image-preview:large","max-video-preview":"max-video-preview:-1"},"canonical":"https:\/\/www.lokora.fr\/en\/residence\/acheres\/","og_locale":"en_US","og_type":"article","og_title":"R\u00e9sidence \u00e9tudiante Ach\u00e8res - Lokora","og_description":"Explorez notre r\u00e9sidence \u00e9tudiante \u00e0 Ach\u00e8res, id\u00e9alement situ\u00e9s pour tout style de vie. D\u00e9couvrez votre futur chez-vous d\u00e8s maintenant !","og_url":"https:\/\/www.lokora.fr\/en\/residence\/acheres\/","og_site_name":"Lokora","article_publisher":"https:\/\/www.facebook.com\/people\/Lokora\/61552218247744\/","article_modified_time":"2024-09-18T08:19:26+00:00","og_image":[{"width":1333,"height":1000,"url":"https:\/\/www.lokora.fr\/wp-content\/uploads\/2024\/02\/residence-etudiante-acheres-02.jpg","type":"image\/jpeg"}],"twitter_card":"summary_large_image","twitter_misc":{"Est. reading time":"9 minutes"},"schema":{"@context":"https:\/\/schema.org","@graph":[{"@type":"WebPage","@id":"https:\/\/www.lokora.fr\/en\/residence\/acheres\/","url":"https:\/\/www.lokora.fr\/en\/residence\/acheres\/","name":"R\u00e9sidence \u00e9tudiante Ach\u00e8res - Lokora","isPartOf":{"@id":"https:\/\/www.lokora.fr\/en\/#website"},"primaryImageOfPage":{"@id":"https:\/\/www.lokora.fr\/en\/residence\/acheres\/#primaryimage"},"image":{"@id":"https:\/\/www.lokora.fr\/en\/residence\/acheres\/#primaryimage"},"thumbnailUrl":"https:\/\/www.lokora.fr\/wp-content\/uploads\/2024\/02\/residence-etudiante-acheres-02.jpg","datePublished":"2024-02-06T13:11:13+00:00","dateModified":"2024-09-18T08:19:26+00:00","description":"Explorez notre r\u00e9sidence \u00e9tudiante \u00e0 Ach\u00e8res, id\u00e9alement situ\u00e9s pour tout style de vie. D\u00e9couvrez votre futur chez-vous d\u00e8s maintenant !","breadcrumb":{"@id":"https:\/\/www.lokora.fr\/en\/residence\/acheres\/#breadcrumb"},"inLanguage":"en-US","potentialAction":[{"@type":"ReadAction","target":["https:\/\/www.lokora.fr\/en\/residence\/acheres\/"]}]},{"@type":"ImageObject","inLanguage":"en-US","@id":"https:\/\/www.lokora.fr\/en\/residence\/acheres\/#primaryimage","url":"https:\/\/www.lokora.fr\/wp-content\/uploads\/2024\/02\/residence-etudiante-acheres-02.jpg","contentUrl":"https:\/\/www.lokora.fr\/wp-content\/uploads\/2024\/02\/residence-etudiante-acheres-02.jpg","width":1333,"height":1000,"caption":"R\u00e9sidence \u00e9tudiante Ach\u00e8res LOKORA"},{"@type":"BreadcrumbList","@id":"https:\/\/www.lokora.fr\/en\/residence\/acheres\/#breadcrumb","itemListElement":[{"@type":"ListItem","position":1,"name":"Accueil","item":"https:\/\/www.lokora.fr\/en\/"},{"@type":"ListItem","position":2,"name":"R\u00e9sidences","item":"https:\/\/www.lokora.fr\/en\/residences\/"},{"@type":"ListItem","position":3,"name":"R\u00e9sidence Ach\u00e8res"}]},{"@type":"WebSite","@id":"https:\/\/www.lokora.fr\/en\/#website","url":"https:\/\/www.lokora.fr\/en\/","name":"Lokora","description":"Lokora, R\u00e9sidences \u00e9tudiantes en France","publisher":{"@id":"https:\/\/www.lokora.fr\/en\/#organization"},"alternateName":"R\u00e9sidences \u00e9tudiantes en France","potentialAction":[{"@type":"SearchAction","target":{"@type":"EntryPoint","urlTemplate":"https:\/\/www.lokora.fr\/en\/?s={search_term_string}"},"query-input":{"@type":"PropertyValueSpecification","valueRequired":true,"valueName":"search_term_string"}}],"inLanguage":"en-US"},{"@type":"Organization","@id":"https:\/\/www.lokora.fr\/en\/#organization","name":"LOKORA , R\u00e9sidences \u00e9tudiantes en France","alternateName":"LOKORA","url":"https:\/\/www.lokora.fr\/en\/","logo":{"@type":"ImageObject","inLanguage":"en-US","@id":"https:\/\/www.lokora.fr\/en\/#\/schema\/logo\/image\/","url":"https:\/\/www.lokora.fr\/wp-content\/uploads\/2023\/12\/Logo-LOKORA-1.png","contentUrl":"https:\/\/www.lokora.fr\/wp-content\/uploads\/2023\/12\/Logo-LOKORA-1.png","width":274,"height":108,"caption":"LOKORA , R\u00e9sidences \u00e9tudiantes en France"},"image":{"@id":"https:\/\/www.lokora.fr\/en\/#\/schema\/logo\/image\/"},"sameAs":["https:\/\/www.facebook.com\/people\/Lokora\/61552218247744\/","https:\/\/www.instagram.com\/residences_lokora\/","https:\/\/www.linkedin.com\/company\/lokora-r\u00e9sidences-\u00e9tudiantes?originalSubdomain=fr"]}]}},"_links":{"self":[{"href":"https:\/\/www.lokora.fr\/en\/wp-json\/wp\/v2\/residence\/4997","targetHints":{"allow":["GET"]}}],"collection":[{"href":"https:\/\/www.lokora.fr\/en\/wp-json\/wp\/v2\/residence"}],"about":[{"href":"https:\/\/www.lokora.fr\/en\/wp-json\/wp\/v2\/types\/residence"}],"version-history":[{"count":3,"href":"https:\/\/www.lokora.fr\/en\/wp-json\/wp\/v2\/residence\/4997\/revisions"}],"predecessor-version":[{"id":5005,"href":"https:\/\/www.lokora.fr\/en\/wp-json\/wp\/v2\/residence\/4997\/revisions\/5005"}],"wp:featuredmedia":[{"embeddable":true,"href":"https:\/\/www.lokora.fr\/en\/wp-json\/wp\/v2\/media\/3529"}],"wp:attachment":[{"href":"https:\/\/www.lokora.fr\/en\/wp-json\/wp\/v2\/media?parent=4997"}],"curies":[{"name":"wp","href":"https:\/\/api.w.org\/{rel}","templated":true}]}}